{"id":448,"date":"2019-10-11T10:27:14","date_gmt":"2019-10-11T08:27:14","guid":{"rendered":"http:\/\/a-ir.fr\/?page_id=448"},"modified":"2025-01-20T17:32:58","modified_gmt":"2025-01-20T16:32:58","slug":"lannuaire","status":"publish","type":"page","link":"https:\/\/a-ir.fr\/index.php\/lannuaire\/","title":{"rendered":"L&rsquo;annuaire"},"content":{"rendered":"\t\t<div data-elementor-type=\"wp-page\" data-elementor-id=\"448\" class=\"elementor elementor-448\">\n\t\t\t\t\t\t<div class=\"elementor-inner\">\n\t\t\t\t<div class=\"elementor-section-wrap\">\n\t\t\t\t\t\t\t\t\t<section class=\"elementor-section elementor-top-section elementor-element elementor-element-335082ca elementor-section-full_width elementor-section-height-default elementor-section-height-default\" data-id=\"335082ca\" data-element_type=\"section\" data-settings=\"{&quot;background_background&quot;:&quot;classic&quot;}\">\n\t\t\t\t\t\t<div class=\"elementor-container elementor-column-gap-default\">\n\t\t\t\t\t\t\t<div class=\"elementor-row\">\n\t\t\t\t\t<div class=\"elementor-column elementor-col-14 elementor-top-column elementor-element elementor-element-5e8b18f\" data-id=\"5e8b18f\" data-element_type=\"column\">\n\t\t\t<div class=\"elementor-column-wrap elementor-element-populated\">\n\t\t\t\t\t\t\t<div class=\"elementor-widget-wrap\">\n\t\t\t\t\t\t<div class=\"elementor-element elementor-element-425c5ce1 elementor-widget elementor-widget-image\" data-id=\"425c5ce1\" data-element_type=\"widget\" data-widget_type=\"image.default\">\n\t\t\t\t<div class=\"elementor-widget-container\">\n\t\t\t\t\t\t\t\t<div class=\"elementor-image\">\n\t\t\t\t\t\t\t\t\t\t\t\t<img loading=\"lazy\" decoding=\"async\" width=\"800\" height=\"236\" src=\"https:\/\/a-ir.fr\/wp-content\/uploads\/2019\/06\/LOGO-AIR-PNG-e1571231117112.png\" class=\"attachment-large size-large\" alt=\"\" srcset=\"https:\/\/a-ir.fr\/wp-content\/uploads\/2019\/06\/LOGO-AIR-PNG-e1571231117112.png 800w, https:\/\/a-ir.fr\/wp-content\/uploads\/2019\/06\/LOGO-AIR-PNG-e1571231117112-300x89.png 300w, https:\/\/a-ir.fr\/wp-content\/uploads\/2019\/06\/LOGO-AIR-PNG-e1571231117112-768x227.png 768w\" sizes=\"auto, (max-width: 800px) 100vw, 800px\" \/>\t\t\t\t\t\t\t\t\t\t\t\t\t\t<\/div>\n\t\t\t\t\t\t<\/div>\n\t\t\t\t<\/div>\n\t\t\t\t\t\t<\/div>\n\t\t\t\t\t<\/div>\n\t\t<\/div>\n\t\t\t\t<div class=\"elementor-column elementor-col-14 elementor-top-column elementor-element elementor-element-1f5396a4\" data-id=\"1f5396a4\" data-element_type=\"column\">\n\t\t\t<div class=\"elementor-column-wrap elementor-element-populated\">\n\t\t\t\t\t\t\t<div class=\"elementor-widget-wrap\">\n\t\t\t\t\t\t<div class=\"elementor-element elementor-element-6963cb9b elementor-align-center elementor-widget elementor-widget-button\" data-id=\"6963cb9b\" data-element_type=\"widget\" data-widget_type=\"button.default\">\n\t\t\t\t<div class=\"elementor-widget-container\">\n\t\t\t\t\t<div class=\"elementor-button-wrapper\">\n\t\t\t<a href=\"http:\/\/a-ir.fr\/\" class=\"elementor-button-link elementor-button elementor-size-sm\" role=\"button\">\n\t\t\t\t\t\t<span class=\"elementor-button-content-wrapper\">\n\t\t\t\t\t\t<span class=\"elementor-button-text\">Accueil<\/span>\n\t\t<\/span>\n\t\t\t\t\t<\/a>\n\t\t<\/div>\n\t\t\t\t<\/div>\n\t\t\t\t<\/div>\n\t\t\t\t\t\t<\/div>\n\t\t\t\t\t<\/div>\n\t\t<\/div>\n\t\t\t\t<div class=\"elementor-column elementor-col-14 elementor-top-column elementor-element elementor-element-21e09bf\" data-id=\"21e09bf\" data-element_type=\"column\">\n\t\t\t<div class=\"elementor-column-wrap elementor-element-populated\">\n\t\t\t\t\t\t\t<div class=\"elementor-widget-wrap\">\n\t\t\t\t\t\t<div class=\"elementor-element elementor-element-2b14ea79 elementor-align-center elementor-widget elementor-widget-button\" data-id=\"2b14ea79\" data-element_type=\"widget\" data-widget_type=\"button.default\">\n\t\t\t\t<div class=\"elementor-widget-container\">\n\t\t\t\t\t<div class=\"elementor-button-wrapper\">\n\t\t\t<a href=\"http:\/\/a-ir.fr\/index.php\/la-charte\/\" class=\"elementor-button-link elementor-button elementor-size-sm\" role=\"button\">\n\t\t\t\t\t\t<span class=\"elementor-button-content-wrapper\">\n\t\t\t\t\t\t<span class=\"elementor-button-text\">La Charte<\/span>\n\t\t<\/span>\n\t\t\t\t\t<\/a>\n\t\t<\/div>\n\t\t\t\t<\/div>\n\t\t\t\t<\/div>\n\t\t\t\t\t\t<\/div>\n\t\t\t\t\t<\/div>\n\t\t<\/div>\n\t\t\t\t<div class=\"elementor-column elementor-col-14 elementor-top-column elementor-element elementor-element-5ebc10cd\" data-id=\"5ebc10cd\" data-element_type=\"column\">\n\t\t\t<div class=\"elementor-column-wrap elementor-element-populated\">\n\t\t\t\t\t\t\t<div class=\"elementor-widget-wrap\">\n\t\t\t\t\t\t<div class=\"elementor-element elementor-element-5dae10c9 elementor-align-center elementor-widget elementor-widget-button\" data-id=\"5dae10c9\" data-element_type=\"widget\" data-widget_type=\"button.default\">\n\t\t\t\t<div class=\"elementor-widget-container\">\n\t\t\t\t\t<div class=\"elementor-button-wrapper\">\n\t\t\t<a href=\"http:\/\/a-ir.fr\/index.php\/marche-du-retournement\/\" class=\"elementor-button-link elementor-button elementor-size-sm\" role=\"button\">\n\t\t\t\t\t\t<span class=\"elementor-button-content-wrapper\">\n\t\t\t\t\t\t<span class=\"elementor-button-text\">Le march\u00e9 du retournement<\/span>\n\t\t<\/span>\n\t\t\t\t\t<\/a>\n\t\t<\/div>\n\t\t\t\t<\/div>\n\t\t\t\t<\/div>\n\t\t\t\t\t\t<\/div>\n\t\t\t\t\t<\/div>\n\t\t<\/div>\n\t\t\t\t<div class=\"elementor-column elementor-col-14 elementor-top-column elementor-element elementor-element-42f8fdc0\" data-id=\"42f8fdc0\" data-element_type=\"column\">\n\t\t\t<div class=\"elementor-column-wrap elementor-element-populated\">\n\t\t\t\t\t\t\t<div class=\"elementor-widget-wrap\">\n\t\t\t\t\t\t<div class=\"elementor-element elementor-element-311ff73f elementor-align-center elementor-widget elementor-widget-button\" data-id=\"311ff73f\" data-element_type=\"widget\" data-widget_type=\"button.default\">\n\t\t\t\t<div class=\"elementor-widget-container\">\n\t\t\t\t\t<div class=\"elementor-button-wrapper\">\n\t\t\t<a href=\"http:\/\/a-ir.fr\/index.php\/lobservatoire-du-carve-out-2\/\" class=\"elementor-button-link elementor-button elementor-size-sm\" role=\"button\">\n\t\t\t\t\t\t<span class=\"elementor-button-content-wrapper\">\n\t\t\t\t\t\t<span class=\"elementor-button-text\">L'observatoire du carve-out<\/span>\n\t\t<\/span>\n\t\t\t\t\t<\/a>\n\t\t<\/div>\n\t\t\t\t<\/div>\n\t\t\t\t<\/div>\n\t\t\t\t\t\t<\/div>\n\t\t\t\t\t<\/div>\n\t\t<\/div>\n\t\t\t\t<div class=\"elementor-column elementor-col-14 elementor-top-column elementor-element elementor-element-d93c06d\" data-id=\"d93c06d\" data-element_type=\"column\">\n\t\t\t<div class=\"elementor-column-wrap elementor-element-populated\">\n\t\t\t\t\t\t\t<div class=\"elementor-widget-wrap\">\n\t\t\t\t\t\t<div class=\"elementor-element elementor-element-2643ff2b elementor-align-center elementor-widget elementor-widget-button\" data-id=\"2643ff2b\" data-element_type=\"widget\" data-widget_type=\"button.default\">\n\t\t\t\t<div class=\"elementor-widget-container\">\n\t\t\t\t\t<div class=\"elementor-button-wrapper\">\n\t\t\t<a href=\"http:\/\/a-ir.fr\/index.php\/sommetdesdirigeants\/\" class=\"elementor-button-link elementor-button elementor-size-sm\" role=\"button\">\n\t\t\t\t\t\t<span class=\"elementor-button-content-wrapper\">\n\t\t\t\t\t\t<span class=\"elementor-button-text\"><span style=\"text-decoration-style: initial; text-decoration-color: initial;\">Le sommet Restructuration et Transformation<\/span><span style=\"text-decoration-style: initial; text-decoration-color: initial;\"><\/span><\/span>\n\t\t<\/span>\n\t\t\t\t\t<\/a>\n\t\t<\/div>\n\t\t\t\t<\/div>\n\t\t\t\t<\/div>\n\t\t\t\t\t\t<\/div>\n\t\t\t\t\t<\/div>\n\t\t<\/div>\n\t\t\t\t<div class=\"elementor-column elementor-col-14 elementor-top-column elementor-element elementor-element-7c5efa7c\" data-id=\"7c5efa7c\" data-element_type=\"column\">\n\t\t\t<div class=\"elementor-column-wrap elementor-element-populated\">\n\t\t\t\t\t\t\t<div class=\"elementor-widget-wrap\">\n\t\t\t\t\t\t<div class=\"elementor-element elementor-element-3c15af86 elementor-align-center elementor-widget elementor-widget-button\" data-id=\"3c15af86\" data-element_type=\"widget\" data-widget_type=\"button.default\">\n\t\t\t\t<div class=\"elementor-widget-container\">\n\t\t\t\t\t<div class=\"elementor-button-wrapper\">\n\t\t\t<a href=\"http:\/\/a-ir.fr\/index.php\/lannuaire\/\" class=\"elementor-button-link elementor-button elementor-size-sm\" role=\"button\">\n\t\t\t\t\t\t<span class=\"elementor-button-content-wrapper\">\n\t\t\t\t\t\t<span class=\"elementor-button-text\">L'annuaire<\/span>\n\t\t<\/span>\n\t\t\t\t\t<\/a>\n\t\t<\/div>\n\t\t\t\t<\/div>\n\t\t\t\t<\/div>\n\t\t\t\t\t\t<\/div>\n\t\t\t\t\t<\/div>\n\t\t<\/div>\n\t\t\t\t\t\t\t\t<\/div>\n\t\t\t\t\t<\/div>\n\t\t<\/section>\n\t\t\t\t<section class=\"elementor-section elementor-top-section elementor-element elementor-element-465015ce elementor-section-height-min-height elementor-section-boxed elementor-section-height-default elementor-section-items-middle\" data-id=\"465015ce\" data-element_type=\"section\" data-settings=\"{&quot;background_background&quot;:&quot;classic&quot;,&quot;shape_divider_bottom&quot;:&quot;curve&quot;,&quot;shape_divider_bottom_negative&quot;:&quot;yes&quot;}\">\n\t\t\t\t\t\t\t<div class=\"elementor-background-overlay\"><\/div>\n\t\t\t\t\t\t<div class=\"elementor-shape elementor-shape-bottom\" data-negative=\"true\">\n\t\t\t<svg xmlns=\"http:\/\/www.w3.org\/2000\/svg\" viewBox=\"0 0 1000 100\" preserveAspectRatio=\"none\">\n\t<path class=\"elementor-shape-fill\" d=\"M500,97C126.7,96.3,0.8,19.8,0,0v100l1000,0V1C1000,19.4,873.3,97.8,500,97z\"\/>\n<\/svg>\t\t<\/div>\n\t\t\t\t\t<div class=\"elementor-container elementor-column-gap-wider\">\n\t\t\t\t\t\t\t<div class=\"elementor-row\">\n\t\t\t\t\t<div class=\"elementor-column elementor-col-100 elementor-top-column elementor-element elementor-element-642c9630\" data-id=\"642c9630\" data-element_type=\"column\" data-settings=\"{&quot;background_background&quot;:&quot;classic&quot;}\">\n\t\t\t<div class=\"elementor-column-wrap elementor-element-populated\">\n\t\t\t\t\t\t\t<div class=\"elementor-widget-wrap\">\n\t\t\t\t\t\t<div class=\"elementor-element elementor-element-a4089a9 elementor-invisible elementor-widget elementor-widget-heading\" data-id=\"a4089a9\" data-element_type=\"widget\" data-settings=\"{&quot;_animation&quot;:&quot;fadeInDown&quot;}\" data-widget_type=\"heading.default\">\n\t\t\t\t<div class=\"elementor-widget-container\">\n\t\t\t<h1 class=\"elementor-heading-title elementor-size-default\">L'ANNUAIRE<\/h1>\t\t<\/div>\n\t\t\t\t<\/div>\n\t\t\t\t<div class=\"elementor-element elementor-element-148a5734 elementor-align-center elementor-widget elementor-widget-button\" data-id=\"148a5734\" data-element_type=\"widget\" data-widget_type=\"button.default\">\n\t\t\t\t<div class=\"elementor-widget-container\">\n\t\t\t\t\t<div class=\"elementor-button-wrapper\">\n\t\t\t<a href=\"#\" class=\"elementor-button-link elementor-button elementor-size-md elementor-animation-float\" role=\"button\">\n\t\t\t\t\t\t<span class=\"elementor-button-content-wrapper\">\n\t\t\t\t\t\t\t<span class=\"elementor-button-icon elementor-align-icon-right\">\n\t\t\t\t<i aria-hidden=\"true\" class=\"far fa-arrow-alt-circle-right\"><\/i>\t\t\t<\/span>\n\t\t\t\t\t\t<span class=\"elementor-button-text\">DECOUVRIR LES MEMBRES<\/span>\n\t\t<\/span>\n\t\t\t\t\t<\/a>\n\t\t<\/div>\n\t\t\t\t<\/div>\n\t\t\t\t<\/div>\n\t\t\t\t\t\t<\/div>\n\t\t\t\t\t<\/div>\n\t\t<\/div>\n\t\t\t\t\t\t\t\t<\/div>\n\t\t\t\t\t<\/div>\n\t\t<\/section>\n\t\t\t\t<section class=\"elementor-section elementor-top-section elementor-element elementor-element-351b1ac elementor-section-boxed elementor-section-height-default elementor-section-height-default\" data-id=\"351b1ac\" data-element_type=\"section\">\n\t\t\t\t\t\t<div class=\"elementor-container elementor-column-gap-default\">\n\t\t\t\t\t\t\t<div class=\"elementor-row\">\n\t\t\t\t\t<div class=\"elementor-column elementor-col-100 elementor-top-column elementor-element elementor-element-63e8140\" data-id=\"63e8140\" data-element_type=\"column\">\n\t\t\t<div class=\"elementor-column-wrap elementor-element-populated\">\n\t\t\t\t\t\t\t<div class=\"elementor-widget-wrap\">\n\t\t\t\t\t\t<div class=\"elementor-element elementor-element-b18cdfc elementor-widget elementor-widget-spacer\" data-id=\"b18cdfc\" data-element_type=\"widget\" data-widget_type=\"spacer.default\">\n\t\t\t\t<div class=\"elementor-widget-container\">\n\t\t\t\t\t<div class=\"elementor-spacer\">\n\t\t\t<div class=\"elementor-spacer-inner\"><\/div>\n\t\t<\/div>\n\t\t\t\t<\/div>\n\t\t\t\t<\/div>\n\t\t\t\t\t\t<\/div>\n\t\t\t\t\t<\/div>\n\t\t<\/div>\n\t\t\t\t\t\t\t\t<\/div>\n\t\t\t\t\t<\/div>\n\t\t<\/section>\n\t\t\t\t<section class=\"elementor-section elementor-top-section elementor-element elementor-element-e1843be elementor-section-boxed elementor-section-height-default elementor-section-height-default\" data-id=\"e1843be\" data-element_type=\"section\" data-settings=\"{&quot;background_background&quot;:&quot;classic&quot;}\">\n\t\t\t\t\t\t\t<div class=\"elementor-background-overlay\"><\/div>\n\t\t\t\t\t\t\t<div class=\"elementor-container elementor-column-gap-default\">\n\t\t\t\t\t\t\t<div class=\"elementor-row\">\n\t\t\t\t\t<div class=\"elementor-column elementor-col-100 elementor-top-column elementor-element elementor-element-8830a2d\" data-id=\"8830a2d\" data-element_type=\"column\">\n\t\t\t<div class=\"elementor-column-wrap elementor-element-populated\">\n\t\t\t\t\t\t\t<div class=\"elementor-widget-wrap\">\n\t\t\t\t\t\t<section class=\"elementor-section elementor-inner-section elementor-element elementor-element-3a339ca elementor-section-boxed elementor-section-height-default elementor-section-height-default\" data-id=\"3a339ca\" data-element_type=\"section\">\n\t\t\t\t\t\t<div class=\"elementor-container elementor-column-gap-wider\">\n\t\t\t\t\t\t\t<div class=\"elementor-row\">\n\t\t\t\t\t<div class=\"elementor-column elementor-col-100 elementor-inner-column elementor-element elementor-element-e86792b\" data-id=\"e86792b\" data-element_type=\"column\">\n\t\t\t<div class=\"elementor-column-wrap elementor-element-populated\">\n\t\t\t\t\t\t\t<div class=\"elementor-widget-wrap\">\n\t\t\t\t\t\t<div class=\"elementor-element elementor-element-5557110 elementor-widget elementor-widget-heading\" data-id=\"5557110\" data-element_type=\"widget\" data-widget_type=\"heading.default\">\n\t\t\t\t<div class=\"elementor-widget-container\">\n\t\t\t<h2 class=\"elementor-heading-title elementor-size-default\">Membres<\/h2>\t\t<\/div>\n\t\t\t\t<\/div>\n\t\t\t\t<div class=\"elementor-element elementor-element-0dfce2e elementor-widget elementor-widget-text-editor\" data-id=\"0dfce2e\" data-element_type=\"widget\" data-widget_type=\"text-editor.default\">\n\t\t\t\t<div class=\"elementor-widget-container\">\n\t\t\t\t\t\t\t\t<div class=\"elementor-text-editor elementor-clearfix\">\n\t\t\t\t<p>L\u2019AIR a constitu\u00e9 un cercle d\u2019\u00e9change et de partage d\u2019exp\u00e9riences regroupant <strong>des investisseurs \u00ab membres \u00bb<\/strong>. Ces membres sont tous des <strong>dirigeants ou des d\u00e9cideurs exp\u00e9riment\u00e9s<\/strong><b> \u00e0 la t\u00eate de v\u00e9hicules d\u2019investissement<\/b> dans des op\u00e9rations de retournement<\/p>\t\t\t\t\t<\/div>\n\t\t\t\t\t\t<\/div>\n\t\t\t\t<\/div>\n\t\t\t\t\t\t<\/div>\n\t\t\t\t\t<\/div>\n\t\t<\/div>\n\t\t\t\t\t\t\t\t<\/div>\n\t\t\t\t\t<\/div>\n\t\t<\/section>\n\t\t\t\t<section class=\"elementor-section elementor-inner-section elementor-element elementor-element-0ee7e7e elementor-section-boxed elementor-section-height-default elementor-section-height-default\" data-id=\"0ee7e7e\" data-element_type=\"section\" data-settings=\"{&quot;background_background&quot;:&quot;classic&quot;}\">\n\t\t\t\t\t\t<div class=\"elementor-container elementor-column-gap-default\">\n\t\t\t\t\t\t\t<div class=\"elementor-row\">\n\t\t\t\t\t<div class=\"elementor-column elementor-col-33 elementor-inner-column elementor-element elementor-element-99df182\" data-id=\"99df182\" data-element_type=\"column\" data-settings=\"{&quot;background_background&quot;:&quot;classic&quot;}\">\n\t\t\t<div class=\"elementor-column-wrap elementor-element-populated\">\n\t\t\t\t\t\t\t<div class=\"elementor-widget-wrap\">\n\t\t\t\t\t\t<div class=\"elementor-element elementor-element-2fb7b49 elementor-widget elementor-widget-image\" data-id=\"2fb7b49\" data-element_type=\"widget\" data-widget_type=\"image.default\">\n\t\t\t\t<div class=\"elementor-widget-container\">\n\t\t\t\t\t\t\t\t<div class=\"elementor-image\">\n\t\t\t\t\t\t\t\t\t\t\t\t<img loading=\"lazy\" decoding=\"async\" width=\"1895\" height=\"1895\" src=\"https:\/\/a-ir.fr\/wp-content\/uploads\/2019\/11\/delphine.jpg\" class=\"attachment-full size-full\" alt=\"\" srcset=\"https:\/\/a-ir.fr\/wp-content\/uploads\/2019\/11\/delphine.jpg 1895w, https:\/\/a-ir.fr\/wp-content\/uploads\/2019\/11\/delphine-300x300.jpg 300w, https:\/\/a-ir.fr\/wp-content\/uploads\/2019\/11\/delphine-1024x1024.jpg 1024w, https:\/\/a-ir.fr\/wp-content\/uploads\/2019\/11\/delphine-150x150.jpg 150w, https:\/\/a-ir.fr\/wp-content\/uploads\/2019\/11\/delphine-768x768.jpg 768w, https:\/\/a-ir.fr\/wp-content\/uploads\/2019\/11\/delphine-1536x1536.jpg 1536w\" sizes=\"auto, (max-width: 1895px) 100vw, 1895px\" \/>\t\t\t\t\t\t\t\t\t\t\t\t\t\t<\/div>\n\t\t\t\t\t\t<\/div>\n\t\t\t\t<\/div>\n\t\t\t\t<div class=\"elementor-element elementor-element-b8c9fa1 elementor-widget elementor-widget-heading\" data-id=\"b8c9fa1\" data-element_type=\"widget\" data-widget_type=\"heading.default\">\n\t\t\t\t<div class=\"elementor-widget-container\">\n\t\t\t<h2 class=\"elementor-heading-title elementor-size-default\"><br>Delphine Inesta<\/h2>\t\t<\/div>\n\t\t\t\t<\/div>\n\t\t\t\t<div class=\"elementor-element elementor-element-9597be0 elementor-widget elementor-widget-heading\" data-id=\"9597be0\" data-element_type=\"widget\" data-widget_type=\"heading.default\">\n\t\t\t\t<div class=\"elementor-widget-container\">\n\t\t\t<h2 class=\"elementor-heading-title elementor-size-default\"><b>Secr\u00e9taire G\u00e9n\u00e9rale - AIR<\/b><\/h2>\t\t<\/div>\n\t\t\t\t<\/div>\n\t\t\t\t<div class=\"elementor-element elementor-element-91f9039 elementor-widget elementor-widget-heading\" data-id=\"91f9039\" data-element_type=\"widget\" data-widget_type=\"heading.default\">\n\t\t\t\t<div class=\"elementor-widget-container\">\n\t\t\t<h2 class=\"elementor-heading-title elementor-size-default\">Directrice G\u00e9n\u00e9rale - Arcole Industries<\/h2>\t\t<\/div>\n\t\t\t\t<\/div>\n\t\t\t\t<div class=\"elementor-element elementor-element-70db0b5 elementor-widget elementor-widget-image\" data-id=\"70db0b5\" data-element_type=\"widget\" data-widget_type=\"image.default\">\n\t\t\t\t<div class=\"elementor-widget-container\">\n\t\t\t\t\t\t\t\t<div class=\"elementor-image\">\n\t\t\t\t\t\t\t\t\t\t\t\t\t<a href=\"https:\/\/www.arcole-industries.com\/\">\n\t\t\t\t\t\t\t<img loading=\"lazy\" decoding=\"async\" width=\"228\" height=\"173\" src=\"https:\/\/a-ir.fr\/wp-content\/uploads\/2019\/10\/Logo-Neopar-4.png\" class=\"attachment-full size-full\" alt=\"\" \/>\t\t\t\t\t\t\t\t<\/a>\n\t\t\t\t\t\t\t\t\t\t\t\t\t\t<\/div>\n\t\t\t\t\t\t<\/div>\n\t\t\t\t<\/div>\n\t\t\t\t<div class=\"elementor-element elementor-element-d5286ad elementor-widget elementor-widget-eael-adv-accordion\" data-id=\"d5286ad\" data-element_type=\"widget\" data-widget_type=\"eael-adv-accordion.default\">\n\t\t\t\t<div class=\"elementor-widget-container\">\n\t\t\t        <div class=\"eael-adv-accordion\" id=\"eael-adv-accordion-d5286ad\" data-accordion-id=\"d5286ad\" data-accordion-type=\"accordion\" data-toogle-speed=\"300\">\n    <div class=\"eael-accordion-list\">\n                <div id=\"en-savoir-plus\" class=\"elementor-tab-title eael-accordion-header\" tabindex=\"2231\" data-tab=\"1\" role=\"tab\" aria-controls=\"elementor-tab-content-2231\"><span class=\"eael-advanced-accordion-icon-closed\"><\/span><span class=\"eael-advanced-accordion-icon-opened\"><i aria-hidden=\"true\" class=\"fa-accordion-icon fas fa-minus\"><\/i><\/span><span class=\"eael-accordion-tab-title\">En savoir plus<\/span><i aria-hidden=\"true\" class=\"fa-toggle fas fa-arrow-alt-circle-right\"><\/i><\/div><div id=\"elementor-tab-content-2231\" class=\"eael-accordion-content clearfix\" data-tab=\"1\" role=\"tabpanel\" aria-labelledby=\"en-savoir-plus\"><p><div class=\"elementor-element elementor-element-ic2zcpm arcole-paragraph-dark elementor-widget elementor-widget-text-editor\" data-id=\"ic2zcpm\" data-element_type=\"widget\" data-widget_type=\"text-editor.default\"><div class=\"elementor-widget-container\"><div class=\"elementor-text-editor elementor-clearfix\"><p>Holding industriel sp\u00e9cialis\u00e9 dans la reprise et le redressement d\u2019affaires en difficult\u00e9, Arcole Industries apporte, sur le long terme, les moyens humains et financiers n\u00e9cessaires au redressement de ses filiales, \u00e0 l\u2019am\u00e9lioration de leurs performances, puis \u00e0 la reprise d\u2019un d\u00e9veloppement solide. Arcole Industries a \u00e9t\u00e9 fond\u00e9e en 2007 par Pierre-Andr\u00e9 Martel et Andr\u00e9 Lebrun, deux entrepreneurs associ\u00e9s dans la reprise et le redressement de soci\u00e9t\u00e9s industrielles et de services depuis 1995. L\u2019\u00e9quipe, aujourd\u2019hui dirig\u00e9e par Andr\u00e9 Lebrun, dispose d\u2019une exp\u00e9rience unique en France. Les plus grands groupes lui ont fait confiance pour remettre leurs filiales d\u00e9ficitaires sur la voie du succ\u00e8s. L\u2019\u00e9quipe a \u00e9galement conduit des reprises de soci\u00e9t\u00e9s sous mandat ad hoc ou en redressement judiciaire. Arcole Industries n\u2019est pas un fonds d\u2019investissement. C\u2019est une soci\u00e9t\u00e9 anonyme, d\u00e9tenue majoritairement par son \u00e9quipe de direction. Elle investit ses fonds propres, sans recours \u00e0 la dette, et sans contrainte de cession dans un horizon de temps d\u00e9termin\u00e9. Arcole Industries recherche pour ses filiales la croissance et la rentabilit\u00e9, en se fondant sur un projet industriel, qui se d\u00e9ploie dans la dur\u00e9e. C\u2019est le projet industriel qui prime dans les d\u00e9cisions d\u2019investissement et de cession. Arcole Industries reste investie tant qu\u2019elle est le bon actionnaire pour porter un projet conjointement avec l\u2019\u00e9quipe de direction. Arcole Industries prend le contr\u00f4le des filiales reprises (investissement majoritaire). Arcole Industries s\u2019int\u00e9resse aux soci\u00e9t\u00e9s pr\u00e9sentes essentiellement dans le secteur du B-to-B, dans l\u2019industries et les services. Les soci\u00e9t\u00e9s r\u00e9alisent en r\u00e8gle g\u00e9n\u00e9rale un chiffre d\u2019affaires compris entre 50 M\u20ac et 300 M\u20ac.<\/p><\/div><\/div><\/div><\/p><\/div>\n                <\/div><\/div>\t\t<\/div>\n\t\t\t\t<\/div>\n\t\t\t\t\t\t<\/div>\n\t\t\t\t\t<\/div>\n\t\t<\/div>\n\t\t\t\t<div class=\"elementor-column elementor-col-33 elementor-inner-column elementor-element elementor-element-d252c5a\" data-id=\"d252c5a\" data-element_type=\"column\" data-settings=\"{&quot;background_background&quot;:&quot;classic&quot;}\">\n\t\t\t<div class=\"elementor-column-wrap elementor-element-populated\">\n\t\t\t\t\t\t\t<div class=\"elementor-widget-wrap\">\n\t\t\t\t\t\t<div class=\"elementor-element elementor-element-9c5bc00 elementor-widget elementor-widget-image\" data-id=\"9c5bc00\" data-element_type=\"widget\" data-widget_type=\"image.default\">\n\t\t\t\t<div class=\"elementor-widget-container\">\n\t\t\t\t\t\t\t\t<div class=\"elementor-image\">\n\t\t\t\t\t\t\t\t\t\t\t\t<img loading=\"lazy\" decoding=\"async\" width=\"349\" height=\"349\" src=\"https:\/\/a-ir.fr\/wp-content\/uploads\/2019\/11\/Nicolas2.png\" class=\"attachment-full size-full\" alt=\"\" srcset=\"https:\/\/a-ir.fr\/wp-content\/uploads\/2019\/11\/Nicolas2.png 349w, https:\/\/a-ir.fr\/wp-content\/uploads\/2019\/11\/Nicolas2-300x300.png 300w, https:\/\/a-ir.fr\/wp-content\/uploads\/2019\/11\/Nicolas2-150x150.png 150w\" sizes=\"auto, (max-width: 349px) 100vw, 349px\" \/>\t\t\t\t\t\t\t\t\t\t\t\t\t\t<\/div>\n\t\t\t\t\t\t<\/div>\n\t\t\t\t<\/div>\n\t\t\t\t<div class=\"elementor-element elementor-element-c9aee10 elementor-widget elementor-widget-heading\" data-id=\"c9aee10\" data-element_type=\"widget\" data-widget_type=\"heading.default\">\n\t\t\t\t<div class=\"elementor-widget-container\">\n\t\t\t<h2 class=\"elementor-heading-title elementor-size-default\"><br>Nicolas de Germay<\/h2>\t\t<\/div>\n\t\t\t\t<\/div>\n\t\t\t\t<div class=\"elementor-element elementor-element-77e9244 elementor-widget elementor-widget-heading\" data-id=\"77e9244\" data-element_type=\"widget\" data-widget_type=\"heading.default\">\n\t\t\t\t<div class=\"elementor-widget-container\">\n\t\t\t<h2 class=\"elementor-heading-title elementor-size-default\"><b>Pr\u00e9sident - AIR<\/b><\/h2>\t\t<\/div>\n\t\t\t\t<\/div>\n\t\t\t\t<div class=\"elementor-element elementor-element-69e94fa elementor-widget elementor-widget-heading\" data-id=\"69e94fa\" data-element_type=\"widget\" data-widget_type=\"heading.default\">\n\t\t\t\t<div class=\"elementor-widget-container\">\n\t\t\t<h2 class=\"elementor-heading-title elementor-size-default\">Pr\u00e9sident - Alandia Industries<\/h2>\t\t<\/div>\n\t\t\t\t<\/div>\n\t\t\t\t<div class=\"elementor-element elementor-element-96454b1 elementor-widget elementor-widget-image\" data-id=\"96454b1\" data-element_type=\"widget\" data-widget_type=\"image.default\">\n\t\t\t\t<div class=\"elementor-widget-container\">\n\t\t\t\t\t\t\t\t<div class=\"elementor-image\">\n\t\t\t\t\t\t\t\t\t\t\t\t\t<a href=\"https:\/\/www.alandia.fr\/\" restructuring=\"\">\n\t\t\t\t\t\t\t<img loading=\"lazy\" decoding=\"async\" width=\"800\" height=\"573\" src=\"https:\/\/a-ir.fr\/wp-content\/uploads\/2019\/10\/LOGO-1024x733.png\" class=\"attachment-large size-large\" alt=\"fonds de retournement\" srcset=\"https:\/\/a-ir.fr\/wp-content\/uploads\/2019\/10\/LOGO.png 1024w, https:\/\/a-ir.fr\/wp-content\/uploads\/2019\/10\/LOGO-300x215.png 300w, https:\/\/a-ir.fr\/wp-content\/uploads\/2019\/10\/LOGO-768x550.png 768w\" sizes=\"auto, (max-width: 800px) 100vw, 800px\" \/>\t\t\t\t\t\t\t\t<\/a>\n\t\t\t\t\t\t\t\t\t\t\t\t\t\t<\/div>\n\t\t\t\t\t\t<\/div>\n\t\t\t\t<\/div>\n\t\t\t\t<div class=\"elementor-element elementor-element-443227a elementor-widget elementor-widget-eael-adv-accordion\" data-id=\"443227a\" data-element_type=\"widget\" data-widget_type=\"eael-adv-accordion.default\">\n\t\t\t\t<div class=\"elementor-widget-container\">\n\t\t\t        <div class=\"eael-adv-accordion\" id=\"eael-adv-accordion-443227a\" data-accordion-id=\"443227a\" data-accordion-type=\"accordion\" data-toogle-speed=\"300\">\n    <div class=\"eael-accordion-list\">\n                <div id=\"en-savoir-plus\" class=\"elementor-tab-title eael-accordion-header\" tabindex=\"7151\" data-tab=\"1\" role=\"tab\" aria-controls=\"elementor-tab-content-7151\"><span class=\"eael-advanced-accordion-icon-closed\"><\/span><span class=\"eael-advanced-accordion-icon-opened\"><i aria-hidden=\"true\" class=\"fa-accordion-icon fas fa-minus\"><\/i><\/span><span class=\"eael-accordion-tab-title\">En savoir plus<\/span><i aria-hidden=\"true\" class=\"fa-toggle fas fa-arrow-alt-circle-right\"><\/i><\/div><div id=\"elementor-tab-content-7151\" class=\"eael-accordion-content clearfix\" data-tab=\"1\" role=\"tabpanel\" aria-labelledby=\"en-savoir-plus\"><p><p>Fond\u00e9e en 2010 par de grandes familles fran\u00e7aises d\u2019entrepreneurs, Alandia est un investisseur industriel reprenant des soci\u00e9t\u00e9s traversant des difficult\u00e9s momentan\u00e9es. Son mod\u00e8le flexible lui permet de r\u00e9aliser des investissements aux c\u00f4t\u00e9s de cr\u00e9anciers et d\u2019industriels, en d\u00e9ployant des strat\u00e9gies innovantes s\u2019inscrivant dans la dur\u00e9e et respectant les parties prenantes. Alandia privil\u00e9gie l\u2019investissement dans des entreprises de plus de 50 salari\u00e9s disposant de vrais savoir-faire et d\u2019actifs industriels.<\/p><\/p><\/div>\n                <\/div><\/div>\t\t<\/div>\n\t\t\t\t<\/div>\n\t\t\t\t\t\t<\/div>\n\t\t\t\t\t<\/div>\n\t\t<\/div>\n\t\t\t\t<div class=\"elementor-column elementor-col-33 elementor-inner-column elementor-element elementor-element-4e37bce\" data-id=\"4e37bce\" data-element_type=\"column\" data-settings=\"{&quot;background_background&quot;:&quot;classic&quot;}\">\n\t\t\t<div class=\"elementor-column-wrap elementor-element-populated\">\n\t\t\t\t\t\t\t<div class=\"elementor-widget-wrap\">\n\t\t\t\t\t\t<div class=\"elementor-element elementor-element-9ac5dc7 elementor-widget elementor-widget-image\" data-id=\"9ac5dc7\" data-element_type=\"widget\" data-widget_type=\"image.default\">\n\t\t\t\t<div class=\"elementor-widget-container\">\n\t\t\t\t\t\t\t\t<div class=\"elementor-image\">\n\t\t\t\t\t\t\t\t\t\t\t\t<img loading=\"lazy\" decoding=\"async\" width=\"924\" height=\"924\" src=\"https:\/\/a-ir.fr\/wp-content\/uploads\/2019\/11\/FD-poitrinal.jpg\" class=\"attachment-full size-full\" alt=\"\" srcset=\"https:\/\/a-ir.fr\/wp-content\/uploads\/2019\/11\/FD-poitrinal.jpg 924w, https:\/\/a-ir.fr\/wp-content\/uploads\/2019\/11\/FD-poitrinal-300x300.jpg 300w, https:\/\/a-ir.fr\/wp-content\/uploads\/2019\/11\/FD-poitrinal-150x150.jpg 150w, https:\/\/a-ir.fr\/wp-content\/uploads\/2019\/11\/FD-poitrinal-768x768.jpg 768w\" sizes=\"auto, (max-width: 924px) 100vw, 924px\" \/>\t\t\t\t\t\t\t\t\t\t\t\t\t\t<\/div>\n\t\t\t\t\t\t<\/div>\n\t\t\t\t<\/div>\n\t\t\t\t<div class=\"elementor-element elementor-element-552aa70 elementor-widget elementor-widget-heading\" data-id=\"552aa70\" data-element_type=\"widget\" data-widget_type=\"heading.default\">\n\t\t\t\t<div class=\"elementor-widget-container\">\n\t\t\t<h2 class=\"elementor-heading-title elementor-size-default\"><br>Fran\u00e7ois-Denis Poitrinal<\/h2>\t\t<\/div>\n\t\t\t\t<\/div>\n\t\t\t\t<div class=\"elementor-element elementor-element-60da6f5 elementor-widget elementor-widget-heading\" data-id=\"60da6f5\" data-element_type=\"widget\" data-widget_type=\"heading.default\">\n\t\t\t\t<div class=\"elementor-widget-container\">\n\t\t\t<h2 class=\"elementor-heading-title elementor-size-default\"><b>Tr\u00e9sorier - AIR<\/b><\/h2>\t\t<\/div>\n\t\t\t\t<\/div>\n\t\t\t\t<div class=\"elementor-element elementor-element-f273c08 elementor-widget elementor-widget-heading\" data-id=\"f273c08\" data-element_type=\"widget\" data-widget_type=\"heading.default\">\n\t\t\t\t<div class=\"elementor-widget-container\">\n\t\t\t<h2 class=\"elementor-heading-title elementor-size-default\">Directeur G\u00e9n\u00e9ral - N\u00e9opar<\/h2>\t\t<\/div>\n\t\t\t\t<\/div>\n\t\t\t\t<div class=\"elementor-element elementor-element-779b194 elementor-widget elementor-widget-image\" data-id=\"779b194\" data-element_type=\"widget\" data-widget_type=\"image.default\">\n\t\t\t\t<div class=\"elementor-widget-container\">\n\t\t\t\t\t\t\t\t<div class=\"elementor-image\">\n\t\t\t\t\t\t\t\t\t\t\t\t\t<a href=\"http:\/\/www.neopar.com\/\">\n\t\t\t\t\t\t\t<img loading=\"lazy\" decoding=\"async\" width=\"228\" height=\"173\" src=\"https:\/\/a-ir.fr\/wp-content\/uploads\/2019\/10\/Logo-Neopar-1.png\" class=\"attachment-medium size-medium\" alt=\"\" \/>\t\t\t\t\t\t\t\t<\/a>\n\t\t\t\t\t\t\t\t\t\t\t\t\t\t<\/div>\n\t\t\t\t\t\t<\/div>\n\t\t\t\t<\/div>\n\t\t\t\t<div class=\"elementor-element elementor-element-e1aefb7 elementor-widget elementor-widget-eael-adv-accordion\" data-id=\"e1aefb7\" data-element_type=\"widget\" data-widget_type=\"eael-adv-accordion.default\">\n\t\t\t\t<div class=\"elementor-widget-container\">\n\t\t\t        <div class=\"eael-adv-accordion\" id=\"eael-adv-accordion-e1aefb7\" data-accordion-id=\"e1aefb7\" data-accordion-type=\"accordion\" data-toogle-speed=\"300\">\n    <div class=\"eael-accordion-list\">\n                <div id=\"en-savoir-plus\" class=\"elementor-tab-title eael-accordion-header\" tabindex=\"2361\" data-tab=\"1\" role=\"tab\" aria-controls=\"elementor-tab-content-2361\"><span class=\"eael-advanced-accordion-icon-closed\"><\/span><span class=\"eael-advanced-accordion-icon-opened\"><i aria-hidden=\"true\" class=\"fa-accordion-icon fas fa-minus\"><\/i><\/span><span class=\"eael-accordion-tab-title\">En savoir plus<\/span><i aria-hidden=\"true\" class=\"fa-toggle fas fa-arrow-alt-circle-right\"><\/i><\/div><div id=\"elementor-tab-content-2361\" class=\"eael-accordion-content clearfix\" data-tab=\"1\" role=\"tabpanel\" aria-labelledby=\"en-savoir-plus\"><p><p>Neopar est un investisseur sp\u00e9cialis\u00e9 dans les entreprises en difficult\u00e9. Il investit au c\u00f4t\u00e9 du management afin de donner \u00e0 ces entreprises les moyens de leur retournement et d\u2019assurer leur p\u00e9rennit\u00e9. Neopar est n\u00e9 en 2014 de la volont\u00e9 de deux entrepreneurs d\u2019offrir une solution de \u00ab sortie par le haut \u00bb aux \u00e9quipes de directions d\u2019entreprises en difficult\u00e9. \u00a0Le domaine d\u2019intervention de Neopar couvre les entreprises de toute taille et tous les secteurs d\u2019activit\u00e9. N\u00e9opar porte une attention particuli\u00e8re \u00e0 la qualit\u00e9 du management en particulier sa lucidit\u00e9 et sa capacit\u00e9 de rebond. Neopar investit jusqu\u2019\u00e0 2 M\u20ac par dossier en fonction des besoins de l\u2019entreprise.<\/p><\/p><\/div>\n                <\/div><\/div>\t\t<\/div>\n\t\t\t\t<\/div>\n\t\t\t\t\t\t<\/div>\n\t\t\t\t\t<\/div>\n\t\t<\/div>\n\t\t\t\t\t\t\t\t<\/div>\n\t\t\t\t\t<\/div>\n\t\t<\/section>\n\t\t\t\t<section class=\"elementor-section elementor-inner-section elementor-element elementor-element-0fc97f5 elementor-section-boxed elementor-section-height-default elementor-section-height-default\" data-id=\"0fc97f5\" data-element_type=\"section\" data-settings=\"{&quot;background_background&quot;:&quot;classic&quot;}\">\n\t\t\t\t\t\t<div class=\"elementor-container elementor-column-gap-default\">\n\t\t\t\t\t\t\t<div class=\"elementor-row\">\n\t\t\t\t\t<div class=\"elementor-column elementor-col-25 elementor-inner-column elementor-element elementor-element-6cf2f27\" data-id=\"6cf2f27\" data-element_type=\"column\" data-settings=\"{&quot;background_background&quot;:&quot;classic&quot;}\">\n\t\t\t<div class=\"elementor-column-wrap elementor-element-populated\">\n\t\t\t\t\t\t\t<div class=\"elementor-widget-wrap\">\n\t\t\t\t\t\t<div class=\"elementor-element elementor-element-c9bcbc9 elementor-widget elementor-widget-image\" data-id=\"c9bcbc9\" data-element_type=\"widget\" data-widget_type=\"image.default\">\n\t\t\t\t<div class=\"elementor-widget-container\">\n\t\t\t\t\t\t\t\t<div class=\"elementor-image\">\n\t\t\t\t\t\t\t\t\t\t\t\t<img loading=\"lazy\" decoding=\"async\" width=\"1500\" height=\"1500\" src=\"https:\/\/a-ir.fr\/wp-content\/uploads\/2022\/10\/Photo-Emmanuel-Atlan.jpg\" class=\"attachment-full size-full\" alt=\"\" srcset=\"https:\/\/a-ir.fr\/wp-content\/uploads\/2022\/10\/Photo-Emmanuel-Atlan.jpg 1500w, https:\/\/a-ir.fr\/wp-content\/uploads\/2022\/10\/Photo-Emmanuel-Atlan-300x300.jpg 300w, https:\/\/a-ir.fr\/wp-content\/uploads\/2022\/10\/Photo-Emmanuel-Atlan-1024x1024.jpg 1024w, https:\/\/a-ir.fr\/wp-content\/uploads\/2022\/10\/Photo-Emmanuel-Atlan-150x150.jpg 150w, https:\/\/a-ir.fr\/wp-content\/uploads\/2022\/10\/Photo-Emmanuel-Atlan-768x768.jpg 768w\" sizes=\"auto, (max-width: 1500px) 100vw, 1500px\" \/>\t\t\t\t\t\t\t\t\t\t\t\t\t\t<\/div>\n\t\t\t\t\t\t<\/div>\n\t\t\t\t<\/div>\n\t\t\t\t<div class=\"elementor-element elementor-element-4b3379d elementor-widget elementor-widget-heading\" data-id=\"4b3379d\" data-element_type=\"widget\" data-widget_type=\"heading.default\">\n\t\t\t\t<div class=\"elementor-widget-container\">\n\t\t\t<h2 class=\"elementor-heading-title elementor-size-default\"><br>Emmanuel Atlan<\/h2>\t\t<\/div>\n\t\t\t\t<\/div>\n\t\t\t\t<div class=\"elementor-element elementor-element-201b754 elementor-widget elementor-widget-heading\" data-id=\"201b754\" data-element_type=\"widget\" data-widget_type=\"heading.default\">\n\t\t\t\t<div class=\"elementor-widget-container\">\n\t\t\t<h2 class=\"elementor-heading-title elementor-size-default\">Director- Sandton Capital Partners<\/h2>\t\t<\/div>\n\t\t\t\t<\/div>\n\t\t\t\t<div class=\"elementor-element elementor-element-6b92d60 elementor-widget elementor-widget-image\" data-id=\"6b92d60\" data-element_type=\"widget\" data-widget_type=\"image.default\">\n\t\t\t\t<div class=\"elementor-widget-container\">\n\t\t\t\t\t\t\t\t<div class=\"elementor-image\">\n\t\t\t\t\t\t\t\t\t\t\t\t\t<a href=\"https:\/\/www.sandtoncapital.com\/\">\n\t\t\t\t\t\t\t<img loading=\"lazy\" decoding=\"async\" width=\"300\" height=\"62\" src=\"https:\/\/a-ir.fr\/wp-content\/uploads\/2022\/10\/sandton-logo-small-300x62.jpg\" class=\"attachment-medium size-medium\" alt=\"Sandton\" srcset=\"https:\/\/a-ir.fr\/wp-content\/uploads\/2022\/10\/sandton-logo-small-300x62.jpg 300w, https:\/\/a-ir.fr\/wp-content\/uploads\/2022\/10\/sandton-logo-small-1024x210.jpg 1024w, https:\/\/a-ir.fr\/wp-content\/uploads\/2022\/10\/sandton-logo-small-768x157.jpg 768w, https:\/\/a-ir.fr\/wp-content\/uploads\/2022\/10\/sandton-logo-small.jpg 1200w\" sizes=\"auto, (max-width: 300px) 100vw, 300px\" \/>\t\t\t\t\t\t\t\t<\/a>\n\t\t\t\t\t\t\t\t\t\t\t\t\t\t<\/div>\n\t\t\t\t\t\t<\/div>\n\t\t\t\t<\/div>\n\t\t\t\t<div class=\"elementor-element elementor-element-b14064e elementor-widget elementor-widget-eael-adv-accordion\" data-id=\"b14064e\" data-element_type=\"widget\" data-widget_type=\"eael-adv-accordion.default\">\n\t\t\t\t<div class=\"elementor-widget-container\">\n\t\t\t        <div class=\"eael-adv-accordion\" id=\"eael-adv-accordion-b14064e\" data-accordion-id=\"b14064e\" data-accordion-type=\"accordion\" data-toogle-speed=\"300\">\n    <div class=\"eael-accordion-list\">\n                <div id=\"en-savoir-plus\" class=\"elementor-tab-title eael-accordion-header\" tabindex=\"1851\" data-tab=\"1\" role=\"tab\" aria-controls=\"elementor-tab-content-1851\"><span class=\"eael-accordion-tab-title\">En savoir plus<\/span><i aria-hidden=\"true\" class=\"fa-toggle fas fa-arrow-alt-circle-right\"><\/i><\/div><div id=\"elementor-tab-content-1851\" class=\"eael-accordion-content clearfix\" data-tab=\"1\" role=\"tabpanel\" aria-labelledby=\"en-savoir-plus\"><p><p>Sandton Capital Partners est un fonds d\u2019investissement d\u00e9di\u00e9 aux PME confront\u00e9es \u00e0 de fortes tensions financi\u00e8res et op\u00e9rationnelles.<\/p><p>Nous investissons en dettes et\/ou fonds propres selon les circonstances, avec une approche partenariale, consensuelle et pragmatique.<\/p><p>Depuis notre cr\u00e9ation en 2009, nous avons r\u00e9alis\u00e9 plus d\u20191.5 milliards d\u2019euros d\u2019investissement en Am\u00e9rique du Nord et en Europe, dont 60 millions en France.<\/p><\/p><\/div>\n                <\/div><\/div>\t\t<\/div>\n\t\t\t\t<\/div>\n\t\t\t\t\t\t<\/div>\n\t\t\t\t\t<\/div>\n\t\t<\/div>\n\t\t\t\t<div class=\"elementor-column elementor-col-25 elementor-inner-column elementor-element elementor-element-f5f6d9e\" data-id=\"f5f6d9e\" data-element_type=\"column\" data-settings=\"{&quot;background_background&quot;:&quot;classic&quot;}\">\n\t\t\t<div class=\"elementor-column-wrap elementor-element-populated\">\n\t\t\t\t\t\t\t<div class=\"elementor-widget-wrap\">\n\t\t\t\t\t\t<div class=\"elementor-element elementor-element-01126f2 elementor-widget elementor-widget-image\" data-id=\"01126f2\" data-element_type=\"widget\" data-widget_type=\"image.default\">\n\t\t\t\t<div class=\"elementor-widget-container\">\n\t\t\t\t\t\t\t\t<div class=\"elementor-image\">\n\t\t\t\t\t\t\t\t\t\t\t\t<img loading=\"lazy\" decoding=\"async\" width=\"370\" height=\"370\" src=\"https:\/\/a-ir.fr\/wp-content\/uploads\/2019\/10\/a13.jpg\" class=\"attachment-full size-full\" alt=\"\" srcset=\"https:\/\/a-ir.fr\/wp-content\/uploads\/2019\/10\/a13.jpg 370w, https:\/\/a-ir.fr\/wp-content\/uploads\/2019\/10\/a13-150x150.jpg 150w, https:\/\/a-ir.fr\/wp-content\/uploads\/2019\/10\/a13-300x300.jpg 300w\" sizes=\"auto, (max-width: 370px) 100vw, 370px\" \/>\t\t\t\t\t\t\t\t\t\t\t\t\t\t<\/div>\n\t\t\t\t\t\t<\/div>\n\t\t\t\t<\/div>\n\t\t\t\t<div class=\"elementor-element elementor-element-ab03dab elementor-widget elementor-widget-heading\" data-id=\"ab03dab\" data-element_type=\"widget\" data-widget_type=\"heading.default\">\n\t\t\t\t<div class=\"elementor-widget-container\">\n\t\t\t<h2 class=\"elementor-heading-title elementor-size-default\"><br>S\u00e9bastien Cailliau<\/h2>\t\t<\/div>\n\t\t\t\t<\/div>\n\t\t\t\t<div class=\"elementor-element elementor-element-7180fd1 elementor-widget elementor-widget-heading\" data-id=\"7180fd1\" data-element_type=\"widget\" data-widget_type=\"heading.default\">\n\t\t\t\t<div class=\"elementor-widget-container\">\n\t\t\t<h2 class=\"elementor-heading-title elementor-size-default\">Partner - Omnes Capital<\/h2>\t\t<\/div>\n\t\t\t\t<\/div>\n\t\t\t\t<div class=\"elementor-element elementor-element-04f6de5 elementor-widget elementor-widget-image\" data-id=\"04f6de5\" data-element_type=\"widget\" data-widget_type=\"image.default\">\n\t\t\t\t<div class=\"elementor-widget-container\">\n\t\t\t\t\t\t\t\t<div class=\"elementor-image\">\n\t\t\t\t\t\t\t\t\t\t\t\t\t<a href=\"https:\/\/www.omnescapital.com\/\">\n\t\t\t\t\t\t\t<img loading=\"lazy\" decoding=\"async\" width=\"300\" height=\"106\" src=\"https:\/\/a-ir.fr\/wp-content\/uploads\/2021\/01\/Omnes-300x106.jpg\" class=\"attachment-medium size-medium\" alt=\"\" srcset=\"https:\/\/a-ir.fr\/wp-content\/uploads\/2021\/01\/Omnes-300x106.jpg 300w, https:\/\/a-ir.fr\/wp-content\/uploads\/2021\/01\/Omnes.jpg 344w\" sizes=\"auto, (max-width: 300px) 100vw, 300px\" \/>\t\t\t\t\t\t\t\t<\/a>\n\t\t\t\t\t\t\t\t\t\t\t\t\t\t<\/div>\n\t\t\t\t\t\t<\/div>\n\t\t\t\t<\/div>\n\t\t\t\t<div class=\"elementor-element elementor-element-824ae2b elementor-widget elementor-widget-eael-adv-accordion\" data-id=\"824ae2b\" data-element_type=\"widget\" data-widget_type=\"eael-adv-accordion.default\">\n\t\t\t\t<div class=\"elementor-widget-container\">\n\t\t\t        <div class=\"eael-adv-accordion\" id=\"eael-adv-accordion-824ae2b\" data-accordion-id=\"824ae2b\" data-accordion-type=\"accordion\" data-toogle-speed=\"300\">\n    <div class=\"eael-accordion-list\">\n                <div id=\"en-savoir-plus\" class=\"elementor-tab-title eael-accordion-header\" tabindex=\"1361\" data-tab=\"1\" role=\"tab\" aria-controls=\"elementor-tab-content-1361\"><span class=\"eael-accordion-tab-title\">En savoir plus<\/span><i aria-hidden=\"true\" class=\"fa-toggle fas fa-arrow-alt-circle-right\"><\/i><\/div><div id=\"elementor-tab-content-1361\" class=\"eael-accordion-content clearfix\" data-tab=\"1\" role=\"tabpanel\" aria-labelledby=\"en-savoir-plus\"><p><p>Omnes est un acteur majeur du private equity et de l\u2019infrastructure, avec 4 milliards d\u2019euros d\u2019actifs sous gestion. Omnes apporte aux entreprises les fonds propres n\u00e9cessaires \u00e0 leur d\u00e9veloppement \u00e0 travers ses trois m\u00e9tiers de r\u00e9f\u00e9rence : Capital Risque, Capital D\u00e9veloppement &amp; Transmission et Infrastructure.<br \/><br \/><\/p><p>Omnes s\u2019engage sur les enjeux ESG. La soci\u00e9t\u00e9 a cr\u00e9\u00e9 la Fondation Omnes en faveur de l\u2019enfance et de la jeunesse. Elle est signataire des Principes pour l\u2019Investissement Responsable des Nations Unies (PRI).<\/p><\/p><\/div>\n                <\/div><\/div>\t\t<\/div>\n\t\t\t\t<\/div>\n\t\t\t\t\t\t<\/div>\n\t\t\t\t\t<\/div>\n\t\t<\/div>\n\t\t\t\t<div class=\"elementor-column elementor-col-25 elementor-inner-column elementor-element elementor-element-49433e2\" data-id=\"49433e2\" data-element_type=\"column\" data-settings=\"{&quot;background_background&quot;:&quot;classic&quot;}\">\n\t\t\t<div class=\"elementor-column-wrap elementor-element-populated\">\n\t\t\t\t\t\t\t<div class=\"elementor-widget-wrap\">\n\t\t\t\t\t\t<div class=\"elementor-element elementor-element-79c02b2 elementor-widget elementor-widget-image\" data-id=\"79c02b2\" data-element_type=\"widget\" data-widget_type=\"image.default\">\n\t\t\t\t<div class=\"elementor-widget-container\">\n\t\t\t\t\t\t\t\t<div class=\"elementor-image\">\n\t\t\t\t\t\t\t\t\t\t\t\t<img loading=\"lazy\" decoding=\"async\" width=\"700\" height=\"700\" src=\"https:\/\/a-ir.fr\/wp-content\/uploads\/2019\/11\/Photo-JC.png\" class=\"attachment-full size-full\" alt=\"\" srcset=\"https:\/\/a-ir.fr\/wp-content\/uploads\/2019\/11\/Photo-JC.png 700w, https:\/\/a-ir.fr\/wp-content\/uploads\/2019\/11\/Photo-JC-300x300.png 300w, https:\/\/a-ir.fr\/wp-content\/uploads\/2019\/11\/Photo-JC-150x150.png 150w\" sizes=\"auto, (max-width: 700px) 100vw, 700px\" \/>\t\t\t\t\t\t\t\t\t\t\t\t\t\t<\/div>\n\t\t\t\t\t\t<\/div>\n\t\t\t\t<\/div>\n\t\t\t\t<div class=\"elementor-element elementor-element-210b762 elementor-widget elementor-widget-heading\" data-id=\"210b762\" data-element_type=\"widget\" data-widget_type=\"heading.default\">\n\t\t\t\t<div class=\"elementor-widget-container\">\n\t\t\t<h2 class=\"elementor-heading-title elementor-size-default\"><br>Julien Carsantier<\/h2>\t\t<\/div>\n\t\t\t\t<\/div>\n\t\t\t\t<div class=\"elementor-element elementor-element-7e6cbc4 elementor-widget elementor-widget-heading\" data-id=\"7e6cbc4\" data-element_type=\"widget\" data-widget_type=\"heading.default\">\n\t\t\t\t<div class=\"elementor-widget-container\">\n\t\t\t<h2 class=\"elementor-heading-title elementor-size-default\">Directeur G\u00e9n\u00e9ral - Aryes Group<\/h2>\t\t<\/div>\n\t\t\t\t<\/div>\n\t\t\t\t<div class=\"elementor-element elementor-element-5af3ec0 elementor-widget elementor-widget-image\" data-id=\"5af3ec0\" data-element_type=\"widget\" data-widget_type=\"image.default\">\n\t\t\t\t<div class=\"elementor-widget-container\">\n\t\t\t\t\t\t\t\t<div class=\"elementor-image\">\n\t\t\t\t\t\t\t\t\t\t\t\t\t<a href=\"https:\/\/aryesgroup.fr\/\">\n\t\t\t\t\t\t\t<img loading=\"lazy\" decoding=\"async\" width=\"228\" height=\"148\" src=\"https:\/\/a-ir.fr\/wp-content\/uploads\/2019\/10\/Logo-Neopar-11-e1575308293687.png\" class=\"attachment-medium size-medium\" alt=\"\" \/>\t\t\t\t\t\t\t\t<\/a>\n\t\t\t\t\t\t\t\t\t\t\t\t\t\t<\/div>\n\t\t\t\t\t\t<\/div>\n\t\t\t\t<\/div>\n\t\t\t\t<div class=\"elementor-element elementor-element-c23d5d6 elementor-widget elementor-widget-eael-adv-accordion\" data-id=\"c23d5d6\" data-element_type=\"widget\" data-widget_type=\"eael-adv-accordion.default\">\n\t\t\t\t<div class=\"elementor-widget-container\">\n\t\t\t        <div class=\"eael-adv-accordion\" id=\"eael-adv-accordion-c23d5d6\" data-accordion-id=\"c23d5d6\" data-accordion-type=\"accordion\" data-toogle-speed=\"300\">\n    <div class=\"eael-accordion-list\">\n                <div id=\"en-savoir-plus\" class=\"elementor-tab-title eael-accordion-header\" tabindex=\"2031\" data-tab=\"1\" role=\"tab\" aria-controls=\"elementor-tab-content-2031\"><span class=\"eael-accordion-tab-title\">En savoir plus<\/span><i aria-hidden=\"true\" class=\"fa-toggle fas fa-arrow-alt-circle-right\"><\/i><\/div><div id=\"elementor-tab-content-2031\" class=\"eael-accordion-content clearfix\" data-tab=\"1\" role=\"tabpanel\" aria-labelledby=\"en-savoir-plus\"><p><p>Forts de leur exp\u00e9rience acquise en mati\u00e8re de retournement, les dirigeants actionnaires des Groupes ABCIA et PHOENIX r\u00e9unissent en 2014 leurs activit\u00e9s au sein du Groupe ARYES, avec la volont\u00e9 soutenue de continuer \u00e0 accompagner les entreprises dans leur red\u00e9ploiement ou leur d\u00e9veloppement durable. ARYES dispose d\u2019une exp\u00e9rience unique en France en mati\u00e8re de retournement. Avec plus de 20 affaires en difficult\u00e9 reprises, sous l\u2019\u00e9gide des Groupes ABCIA et PHOENIX, et autant de succ\u00e8s, les dirigeants d\u2019ARYES ont acquis une solide exp\u00e9rience en mati\u00e8re d\u2019entreprises en difficult\u00e9 et ont su faire la preuve de leurs comp\u00e9tences industrielles et strat\u00e9giques. ARYES investit sur fonds propres, sans n\u00e9cessit\u00e9 de recours \u00e0 l\u2019endettement, sans obligation de cession, et a la capacit\u00e9 de lever rapidement des capitaux suppl\u00e9mentaires aupr\u00e8s de ses actionnaires. ARYES, dot\u00e9e de pr\u00e8s de 100 millions d\u2019euros de fonds propres et d\u2019une tr\u00e9sorerie de plus de 75 millions d\u2019euros, dispose des moyens financiers n\u00e9cessaires au d\u00e9veloppement de ses activit\u00e9s.<\/p><\/p><\/div>\n                <\/div><\/div>\t\t<\/div>\n\t\t\t\t<\/div>\n\t\t\t\t\t\t<\/div>\n\t\t\t\t\t<\/div>\n\t\t<\/div>\n\t\t\t\t<div class=\"elementor-column elementor-col-25 elementor-inner-column elementor-element elementor-element-bb59836\" data-id=\"bb59836\" data-element_type=\"column\" data-settings=\"{&quot;background_background&quot;:&quot;classic&quot;}\">\n\t\t\t<div class=\"elementor-column-wrap elementor-element-populated\">\n\t\t\t\t\t\t\t<div class=\"elementor-widget-wrap\">\n\t\t\t\t\t\t<div class=\"elementor-element elementor-element-fa5ed7b elementor-widget elementor-widget-image\" data-id=\"fa5ed7b\" data-element_type=\"widget\" data-widget_type=\"image.default\">\n\t\t\t\t<div class=\"elementor-widget-container\">\n\t\t\t\t\t\t\t\t<div class=\"elementor-image\">\n\t\t\t\t\t\t\t\t\t\t\t\t<img loading=\"lazy\" decoding=\"async\" width=\"370\" height=\"370\" src=\"https:\/\/a-ir.fr\/wp-content\/uploads\/2019\/10\/a15.jpg\" class=\"attachment-full size-full\" alt=\"\" srcset=\"https:\/\/a-ir.fr\/wp-content\/uploads\/2019\/10\/a15.jpg 370w, https:\/\/a-ir.fr\/wp-content\/uploads\/2019\/10\/a15-150x150.jpg 150w, https:\/\/a-ir.fr\/wp-content\/uploads\/2019\/10\/a15-300x300.jpg 300w\" sizes=\"auto, (max-width: 370px) 100vw, 370px\" \/>\t\t\t\t\t\t\t\t\t\t\t\t\t\t<\/div>\n\t\t\t\t\t\t<\/div>\n\t\t\t\t<\/div>\n\t\t\t\t<div class=\"elementor-element elementor-element-691e8e5 elementor-widget elementor-widget-heading\" data-id=\"691e8e5\" data-element_type=\"widget\" data-widget_type=\"heading.default\">\n\t\t\t\t<div class=\"elementor-widget-container\">\n\t\t\t<h2 class=\"elementor-heading-title elementor-size-default\"><br>Jean-Louis Detry<\/h2>\t\t<\/div>\n\t\t\t\t<\/div>\n\t\t\t\t<div class=\"elementor-element elementor-element-015add2 elementor-widget elementor-widget-heading\" data-id=\"015add2\" data-element_type=\"widget\" data-widget_type=\"heading.default\">\n\t\t\t\t<div class=\"elementor-widget-container\">\n\t\t\t<h2 class=\"elementor-heading-title elementor-size-default\">Pr\u00e9sident - Vermeer Capital <\/h2>\t\t<\/div>\n\t\t\t\t<\/div>\n\t\t\t\t<div class=\"elementor-element elementor-element-7c989e2 elementor-widget elementor-widget-image\" data-id=\"7c989e2\" data-element_type=\"widget\" data-widget_type=\"image.default\">\n\t\t\t\t<div class=\"elementor-widget-container\">\n\t\t\t\t\t\t\t\t<div class=\"elementor-image\">\n\t\t\t\t\t\t\t\t\t\t\t\t<img loading=\"lazy\" decoding=\"async\" width=\"228\" height=\"173\" src=\"https:\/\/a-ir.fr\/wp-content\/uploads\/2019\/10\/Logo-Neopar-10.png\" class=\"attachment-medium size-medium\" alt=\"\" \/>\t\t\t\t\t\t\t\t\t\t\t\t\t\t<\/div>\n\t\t\t\t\t\t<\/div>\n\t\t\t\t<\/div>\n\t\t\t\t<div class=\"elementor-element elementor-element-321e886 elementor-widget elementor-widget-eael-adv-accordion\" data-id=\"321e886\" data-element_type=\"widget\" data-widget_type=\"eael-adv-accordion.default\">\n\t\t\t\t<div class=\"elementor-widget-container\">\n\t\t\t        <div class=\"eael-adv-accordion\" id=\"eael-adv-accordion-321e886\" data-accordion-id=\"321e886\" data-accordion-type=\"accordion\" data-toogle-speed=\"300\">\n    <div class=\"eael-accordion-list\">\n                <div id=\"en-savoir-plus\" class=\"elementor-tab-title eael-accordion-header\" tabindex=\"5251\" data-tab=\"1\" role=\"tab\" aria-controls=\"elementor-tab-content-5251\"><span class=\"eael-accordion-tab-title\">En savoir plus<\/span><i aria-hidden=\"true\" class=\"fa-toggle fas fa-arrow-alt-circle-right\"><\/i><\/div><div id=\"elementor-tab-content-5251\" class=\"eael-accordion-content clearfix\" data-tab=\"1\" role=\"tabpanel\" aria-labelledby=\"en-savoir-plus\"><p><p>Vermeer Capital est une soci\u00e9t\u00e9 d\u2019investissement qui renforce les fonds propres des entreprises et finance celles qui sont en d\u00e9veloppement et qui r\u00e9alisent un chiffre d\u2019affaires compris entre 25 et 500 millions d\u2019euros. <br \/>La d\u00e9marche de Vermeer Capital est centr\u00e9e sur le projet \u00e0 long terme de l\u2019entreprise. <br \/>Vermeer Capital a \u00e9t\u00e9 fond\u00e9e par Jean-Louis Detry, qui a repris et d\u00e9velopp\u00e9 avec succ\u00e8s de nombreuses entreprises, dont notamment la cha\u00eene de restaurants L\u00e9on de Bruxelles.<br \/>Agr\u00e9\u00e9e par l\u2019AMF, Vermeer Capital r\u00e9unit des investisseurs institutionnels fran\u00e7ais de premier plan.<\/p><\/p><\/div>\n                <\/div><\/div>\t\t<\/div>\n\t\t\t\t<\/div>\n\t\t\t\t\t\t<\/div>\n\t\t\t\t\t<\/div>\n\t\t<\/div>\n\t\t\t\t\t\t\t\t<\/div>\n\t\t\t\t\t<\/div>\n\t\t<\/section>\n\t\t\t\t<section class=\"elementor-section elementor-inner-section elementor-element elementor-element-ede0339 elementor-section-boxed elementor-section-height-default elementor-section-height-default\" data-id=\"ede0339\" data-element_type=\"section\" data-settings=\"{&quot;background_background&quot;:&quot;classic&quot;}\">\n\t\t\t\t\t\t<div class=\"elementor-container elementor-column-gap-default\">\n\t\t\t\t\t\t\t<div class=\"elementor-row\">\n\t\t\t\t\t<div class=\"elementor-column elementor-col-25 elementor-inner-column elementor-element elementor-element-7e74422\" data-id=\"7e74422\" data-element_type=\"column\" data-settings=\"{&quot;background_background&quot;:&quot;classic&quot;}\">\n\t\t\t<div class=\"elementor-column-wrap elementor-element-populated\">\n\t\t\t\t\t\t\t<div class=\"elementor-widget-wrap\">\n\t\t\t\t\t\t<div class=\"elementor-element elementor-element-96784b9 elementor-widget elementor-widget-image\" data-id=\"96784b9\" data-element_type=\"widget\" data-widget_type=\"image.default\">\n\t\t\t\t<div class=\"elementor-widget-container\">\n\t\t\t\t\t\t\t\t<div class=\"elementor-image\">\n\t\t\t\t\t\t\t\t\t\t\t\t<img loading=\"lazy\" decoding=\"async\" width=\"383\" height=\"383\" src=\"https:\/\/a-ir.fr\/wp-content\/uploads\/2022\/06\/Reginald-de-Guillebon.png\" class=\"attachment-full size-full\" alt=\"\" srcset=\"https:\/\/a-ir.fr\/wp-content\/uploads\/2022\/06\/Reginald-de-Guillebon.png 383w, https:\/\/a-ir.fr\/wp-content\/uploads\/2022\/06\/Reginald-de-Guillebon-300x300.png 300w, https:\/\/a-ir.fr\/wp-content\/uploads\/2022\/06\/Reginald-de-Guillebon-150x150.png 150w\" sizes=\"auto, (max-width: 383px) 100vw, 383px\" \/>\t\t\t\t\t\t\t\t\t\t\t\t\t\t<\/div>\n\t\t\t\t\t\t<\/div>\n\t\t\t\t<\/div>\n\t\t\t\t<div class=\"elementor-element elementor-element-c72bba5 elementor-widget elementor-widget-heading\" data-id=\"c72bba5\" data-element_type=\"widget\" data-widget_type=\"heading.default\">\n\t\t\t\t<div class=\"elementor-widget-container\">\n\t\t\t<h2 class=\"elementor-heading-title elementor-size-default\"><br>R\u00e9ginald de Guillebon<\/h2>\t\t<\/div>\n\t\t\t\t<\/div>\n\t\t\t\t<div class=\"elementor-element elementor-element-9f12ef9 elementor-widget elementor-widget-heading\" data-id=\"9f12ef9\" data-element_type=\"widget\" data-widget_type=\"heading.default\">\n\t\t\t\t<div class=\"elementor-widget-container\">\n\t\t\t<h2 class=\"elementor-heading-title elementor-size-default\">Pr\u00e9sident - Hildegarde<\/h2>\t\t<\/div>\n\t\t\t\t<\/div>\n\t\t\t\t<div class=\"elementor-element elementor-element-1aad1dd elementor-widget elementor-widget-image\" data-id=\"1aad1dd\" data-element_type=\"widget\" data-widget_type=\"image.default\">\n\t\t\t\t<div class=\"elementor-widget-container\">\n\t\t\t\t\t\t\t\t<div class=\"elementor-image\">\n\t\t\t\t\t\t\t\t\t\t\t\t\t<a href=\"http:\/\/hildegarde.com\/\">\n\t\t\t\t\t\t\t<img loading=\"lazy\" decoding=\"async\" width=\"300\" height=\"44\" src=\"https:\/\/a-ir.fr\/wp-content\/uploads\/2022\/06\/Hildegarde-logo-300x44.png\" class=\"attachment-medium size-medium\" alt=\"\" srcset=\"https:\/\/a-ir.fr\/wp-content\/uploads\/2022\/06\/Hildegarde-logo-300x44.png 300w, https:\/\/a-ir.fr\/wp-content\/uploads\/2022\/06\/Hildegarde-logo.png 739w\" sizes=\"auto, (max-width: 300px) 100vw, 300px\" \/>\t\t\t\t\t\t\t\t<\/a>\n\t\t\t\t\t\t\t\t\t\t\t\t\t\t<\/div>\n\t\t\t\t\t\t<\/div>\n\t\t\t\t<\/div>\n\t\t\t\t<div class=\"elementor-element elementor-element-8459a00 elementor-widget elementor-widget-eael-adv-accordion\" data-id=\"8459a00\" data-element_type=\"widget\" data-widget_type=\"eael-adv-accordion.default\">\n\t\t\t\t<div class=\"elementor-widget-container\">\n\t\t\t        <div class=\"eael-adv-accordion\" id=\"eael-adv-accordion-8459a00\" data-accordion-id=\"8459a00\" data-accordion-type=\"accordion\" data-toogle-speed=\"300\">\n    <div class=\"eael-accordion-list\">\n                <div id=\"en-savoir-plus\" class=\"elementor-tab-title eael-accordion-header\" tabindex=\"1381\" data-tab=\"1\" role=\"tab\" aria-controls=\"elementor-tab-content-1381\"><span class=\"eael-accordion-tab-title\">En savoir plus<\/span><i aria-hidden=\"true\" class=\"fa-toggle fas fa-arrow-alt-circle-right\"><\/i><\/div><div id=\"elementor-tab-content-1381\" class=\"eael-accordion-content clearfix\" data-tab=\"1\" role=\"tabpanel\" aria-labelledby=\"en-savoir-plus\"><p><p>Reginald de Guillebon est entrepreneur depuis plus de 20 ans et pr\u00e9sident du groupe HILDEGARDE. Ancien \u00e9l\u00e8ve de l\u2019Universit\u00e9 de l\u2019Iowa, de Sciences Po Paris, de l\u2019EM Lyon et des Gobelins, il a commenc\u00e9 sa carri\u00e8re en tant que capital-investisseur chez SIPAREX \u00e0 Lyon et a r\u00e9alis\u00e9 plus de 50 op\u00e9rations d\u2019introduction en bourse en tant que banquier d\u2019affaires, avant de devenir Secr\u00e9taire G\u00e9n\u00e9ral de GECI International, entreprise cot\u00e9e. HILDEGARDE est une holding familiale d\u2019investissement, sp\u00e9cialis\u00e9e dans la reprise de soci\u00e9t\u00e9s en situation sp\u00e9ciale ou en difficult\u00e9 temporaire. Le groupe concentre ses investissements sur les industries cr\u00e9atives et culturelles, et l\u2019\u00e9conomie du savoir et de la connaissance, avec une app\u00e9tence pour les entreprises fran\u00e7aises, leaders sur des marques fortes et au savoir-faire reconnu.<\/p><\/p><\/div>\n                <\/div><\/div>\t\t<\/div>\n\t\t\t\t<\/div>\n\t\t\t\t\t\t<\/div>\n\t\t\t\t\t<\/div>\n\t\t<\/div>\n\t\t\t\t<div class=\"elementor-column elementor-col-25 elementor-inner-column elementor-element elementor-element-be57e8b\" data-id=\"be57e8b\" data-element_type=\"column\" data-settings=\"{&quot;background_background&quot;:&quot;classic&quot;}\">\n\t\t\t<div class=\"elementor-column-wrap elementor-element-populated\">\n\t\t\t\t\t\t\t<div class=\"elementor-widget-wrap\">\n\t\t\t\t\t\t<div class=\"elementor-element elementor-element-b2bb48c elementor-widget elementor-widget-image\" data-id=\"b2bb48c\" data-element_type=\"widget\" data-widget_type=\"image.default\">\n\t\t\t\t<div class=\"elementor-widget-container\">\n\t\t\t\t\t\t\t\t<div class=\"elementor-image\">\n\t\t\t\t\t\t\t\t\t\t\t\t<img loading=\"lazy\" decoding=\"async\" width=\"383\" height=\"383\" src=\"https:\/\/a-ir.fr\/wp-content\/uploads\/2019\/11\/Jerome-Girszyn-Platina-Partners-ART-PPL-2019_large.jpg\" class=\"attachment-full size-full\" alt=\"\" srcset=\"https:\/\/a-ir.fr\/wp-content\/uploads\/2019\/11\/Jerome-Girszyn-Platina-Partners-ART-PPL-2019_large.jpg 383w, https:\/\/a-ir.fr\/wp-content\/uploads\/2019\/11\/Jerome-Girszyn-Platina-Partners-ART-PPL-2019_large-300x300.jpg 300w, https:\/\/a-ir.fr\/wp-content\/uploads\/2019\/11\/Jerome-Girszyn-Platina-Partners-ART-PPL-2019_large-150x150.jpg 150w\" sizes=\"auto, (max-width: 383px) 100vw, 383px\" \/>\t\t\t\t\t\t\t\t\t\t\t\t\t\t<\/div>\n\t\t\t\t\t\t<\/div>\n\t\t\t\t<\/div>\n\t\t\t\t<div class=\"elementor-element elementor-element-f86cfde elementor-widget elementor-widget-heading\" data-id=\"f86cfde\" data-element_type=\"widget\" data-widget_type=\"heading.default\">\n\t\t\t\t<div class=\"elementor-widget-container\">\n\t\t\t<h2 class=\"elementor-heading-title elementor-size-default\"><br>J\u00e9r\u00f4me Girszyn<\/h2>\t\t<\/div>\n\t\t\t\t<\/div>\n\t\t\t\t<div class=\"elementor-element elementor-element-4a689e0 elementor-widget elementor-widget-heading\" data-id=\"4a689e0\" data-element_type=\"widget\" data-widget_type=\"heading.default\">\n\t\t\t\t<div class=\"elementor-widget-container\">\n\t\t\t<h2 class=\"elementor-heading-title elementor-size-default\">Fondateur - Girszyn &amp; co<\/h2>\t\t<\/div>\n\t\t\t\t<\/div>\n\t\t\t\t<div class=\"elementor-element elementor-element-e98bc2b elementor-widget elementor-widget-image\" data-id=\"e98bc2b\" data-element_type=\"widget\" data-widget_type=\"image.default\">\n\t\t\t\t<div class=\"elementor-widget-container\">\n\t\t\t\t\t\t\t\t<div class=\"elementor-image\">\n\t\t\t\t\t\t\t\t\t\t\t\t\t<a href=\"http:\/\/girszynassocies.com\/\">\n\t\t\t\t\t\t\t<img loading=\"lazy\" decoding=\"async\" width=\"300\" height=\"85\" src=\"https:\/\/a-ir.fr\/wp-content\/uploads\/2021\/01\/GIRSZYN-Co-LOGO-300x85.jpg\" class=\"attachment-medium size-medium\" alt=\"\" srcset=\"https:\/\/a-ir.fr\/wp-content\/uploads\/2021\/01\/GIRSZYN-Co-LOGO-300x85.jpg 300w, https:\/\/a-ir.fr\/wp-content\/uploads\/2021\/01\/GIRSZYN-Co-LOGO-1024x291.jpg 1024w, https:\/\/a-ir.fr\/wp-content\/uploads\/2021\/01\/GIRSZYN-Co-LOGO-768x218.jpg 768w, https:\/\/a-ir.fr\/wp-content\/uploads\/2021\/01\/GIRSZYN-Co-LOGO.jpg 1119w\" sizes=\"auto, (max-width: 300px) 100vw, 300px\" \/>\t\t\t\t\t\t\t\t<\/a>\n\t\t\t\t\t\t\t\t\t\t\t\t\t\t<\/div>\n\t\t\t\t\t\t<\/div>\n\t\t\t\t<\/div>\n\t\t\t\t<div class=\"elementor-element elementor-element-9abc1c7 elementor-widget elementor-widget-eael-adv-accordion\" data-id=\"9abc1c7\" data-element_type=\"widget\" data-widget_type=\"eael-adv-accordion.default\">\n\t\t\t\t<div class=\"elementor-widget-container\">\n\t\t\t        <div class=\"eael-adv-accordion\" id=\"eael-adv-accordion-9abc1c7\" data-accordion-id=\"9abc1c7\" data-accordion-type=\"accordion\" data-toogle-speed=\"300\">\n    <div class=\"eael-accordion-list\">\n                <div id=\"en-savoir-plus\" class=\"elementor-tab-title eael-accordion-header\" tabindex=\"1621\" data-tab=\"1\" role=\"tab\" aria-controls=\"elementor-tab-content-1621\"><span class=\"eael-accordion-tab-title\">En savoir plus<\/span><i aria-hidden=\"true\" class=\"fa-toggle fas fa-arrow-alt-circle-right\"><\/i><\/div><div id=\"elementor-tab-content-1621\" class=\"eael-accordion-content clearfix\" data-tab=\"1\" role=\"tabpanel\" aria-labelledby=\"en-savoir-plus\"><p><p>J\u00e9r\u00f4me Girszyn investit depuis 25 ans dans des soci\u00e9t\u00e9s en situation sp\u00e9ciale (retournement et op\u00e9rations complexes). Apr\u00e8s quelques ann\u00e9es chez Arthur Andersen Restructuring, J\u00e9r\u00f4me a pass\u00e9 12 ans chez 3i Private Equity dont il fut associ\u00e9, en charge des situations de sous-performance, de restructuration financi\u00e8re et de transformation de la gouvernance des entreprises. Il fonde Girszyn &amp; Co en 2009, soci\u00e9t\u00e9 d\u00e9di\u00e9e \u00e0 l\u2019investissement dans des PME non cot\u00e9es pour compte de family offices europ\u00e9ens, dont Platina Equity Solutions. Sur le segment des situations sp\u00e9ciales, il s\u2019associe en 2019 au fonds d\u2019investissement CAPZA TRANSITION, dont il int\u00e8gre le comit\u00e9 d\u2019investissement.<br \/>Qualification\u2009: Dipl\u00f4m\u00e9 d\u2019HEC<\/p><\/p><\/div>\n                <\/div><\/div>\t\t<\/div>\n\t\t\t\t<\/div>\n\t\t\t\t\t\t<\/div>\n\t\t\t\t\t<\/div>\n\t\t<\/div>\n\t\t\t\t<div class=\"elementor-column elementor-col-25 elementor-inner-column elementor-element elementor-element-e8e2fc0\" data-id=\"e8e2fc0\" data-element_type=\"column\" data-settings=\"{&quot;background_background&quot;:&quot;classic&quot;}\">\n\t\t\t<div class=\"elementor-column-wrap elementor-element-populated\">\n\t\t\t\t\t\t\t<div class=\"elementor-widget-wrap\">\n\t\t\t\t\t\t<div class=\"elementor-element elementor-element-ef97a0c elementor-widget elementor-widget-image\" data-id=\"ef97a0c\" data-element_type=\"widget\" data-widget_type=\"image.default\">\n\t\t\t\t<div class=\"elementor-widget-container\">\n\t\t\t\t\t\t\t\t<div class=\"elementor-image\">\n\t\t\t\t\t\t\t\t\t\t\t\t<img loading=\"lazy\" decoding=\"async\" width=\"1500\" height=\"1500\" src=\"https:\/\/a-ir.fr\/wp-content\/uploads\/2022\/10\/Eric-Lefranc-V2.jpg\" class=\"attachment-full size-full\" alt=\"\" srcset=\"https:\/\/a-ir.fr\/wp-content\/uploads\/2022\/10\/Eric-Lefranc-V2.jpg 1500w, https:\/\/a-ir.fr\/wp-content\/uploads\/2022\/10\/Eric-Lefranc-V2-300x300.jpg 300w, https:\/\/a-ir.fr\/wp-content\/uploads\/2022\/10\/Eric-Lefranc-V2-1024x1024.jpg 1024w, https:\/\/a-ir.fr\/wp-content\/uploads\/2022\/10\/Eric-Lefranc-V2-150x150.jpg 150w, https:\/\/a-ir.fr\/wp-content\/uploads\/2022\/10\/Eric-Lefranc-V2-768x768.jpg 768w\" sizes=\"auto, (max-width: 1500px) 100vw, 1500px\" \/>\t\t\t\t\t\t\t\t\t\t\t\t\t\t<\/div>\n\t\t\t\t\t\t<\/div>\n\t\t\t\t<\/div>\n\t\t\t\t<div class=\"elementor-element elementor-element-9c3c113 elementor-widget elementor-widget-heading\" data-id=\"9c3c113\" data-element_type=\"widget\" data-widget_type=\"heading.default\">\n\t\t\t\t<div class=\"elementor-widget-container\">\n\t\t\t<h2 class=\"elementor-heading-title elementor-size-default\"><br>Eric Lefranc<\/h2>\t\t<\/div>\n\t\t\t\t<\/div>\n\t\t\t\t<div class=\"elementor-element elementor-element-9f65b5d elementor-widget elementor-widget-heading\" data-id=\"9f65b5d\" data-element_type=\"widget\" data-widget_type=\"heading.default\">\n\t\t\t\t<div class=\"elementor-widget-container\">\n\t\t\t<h2 class=\"elementor-heading-title elementor-size-default\">Pr\u00e9sident - Groupe Renaissancer<\/h2>\t\t<\/div>\n\t\t\t\t<\/div>\n\t\t\t\t<div class=\"elementor-element elementor-element-c54ee43 elementor-widget elementor-widget-image\" data-id=\"c54ee43\" data-element_type=\"widget\" data-widget_type=\"image.default\">\n\t\t\t\t<div class=\"elementor-widget-container\">\n\t\t\t\t\t\t\t\t<div class=\"elementor-image\">\n\t\t\t\t\t\t\t\t\t\t\t\t\t<a href=\"http:\/\/www.renaissance.fr\/\">\n\t\t\t\t\t\t\t<img loading=\"lazy\" decoding=\"async\" width=\"300\" height=\"212\" src=\"https:\/\/a-ir.fr\/wp-content\/uploads\/2022\/10\/RENAISSANCE-LOGO_SEUL-300x212.png\" class=\"attachment-medium size-medium\" alt=\"\" srcset=\"https:\/\/a-ir.fr\/wp-content\/uploads\/2022\/10\/RENAISSANCE-LOGO_SEUL-300x212.png 300w, https:\/\/a-ir.fr\/wp-content\/uploads\/2022\/10\/RENAISSANCE-LOGO_SEUL-1024x724.png 1024w, https:\/\/a-ir.fr\/wp-content\/uploads\/2022\/10\/RENAISSANCE-LOGO_SEUL-768x543.png 768w, https:\/\/a-ir.fr\/wp-content\/uploads\/2022\/10\/RENAISSANCE-LOGO_SEUL-1536x1086.png 1536w, https:\/\/a-ir.fr\/wp-content\/uploads\/2022\/10\/RENAISSANCE-LOGO_SEUL-2048x1448.png 2048w\" sizes=\"auto, (max-width: 300px) 100vw, 300px\" \/>\t\t\t\t\t\t\t\t<\/a>\n\t\t\t\t\t\t\t\t\t\t\t\t\t\t<\/div>\n\t\t\t\t\t\t<\/div>\n\t\t\t\t<\/div>\n\t\t\t\t<div class=\"elementor-element elementor-element-f0fd198 elementor-widget elementor-widget-eael-adv-accordion\" data-id=\"f0fd198\" data-element_type=\"widget\" data-widget_type=\"eael-adv-accordion.default\">\n\t\t\t\t<div class=\"elementor-widget-container\">\n\t\t\t        <div class=\"eael-adv-accordion\" id=\"eael-adv-accordion-f0fd198\" data-accordion-id=\"f0fd198\" data-accordion-type=\"accordion\" data-toogle-speed=\"300\">\n    <div class=\"eael-accordion-list\">\n                <div id=\"en-savoir-plus\" class=\"elementor-tab-title eael-accordion-header\" tabindex=\"2521\" data-tab=\"1\" role=\"tab\" aria-controls=\"elementor-tab-content-2521\"><span class=\"eael-accordion-tab-title\">En savoir plus<\/span><i aria-hidden=\"true\" class=\"fa-toggle fas fa-arrow-alt-circle-right\"><\/i><\/div><div id=\"elementor-tab-content-2521\" class=\"eael-accordion-content clearfix\" data-tab=\"1\" role=\"tabpanel\" aria-labelledby=\"en-savoir-plus\"><p><p>Le groupe Renaissance emploie de l\u2019ordre de 1200 salari\u00e9s, dont plus de 800 en France et a pour ambition de contribuer \u00e0 la revitalisation du tissu industriel fran\u00e7ais en entreprenant et en r\u00e9ussissant le red\u00e9ploiement de belles entreprises fran\u00e7aises traversant des difficult\u00e9s.<\/p><p>Ing\u00e9nieur de formation et titulaire d\u2019un MBA de la Harvard Business School, Eric d\u00e9bute sa carri\u00e8re dans des postes op\u00e9rationnels chez Motorola \u00e0 Chicago et \u00e0 Londres, puis chez Honeywell \u00e0 Paris. En 2001, \u00c9ric rejoint Caravelle o\u00f9 il d\u00e9veloppe un savoir-faire consid\u00e9rable dans la reprise d\u2019affaires d\u00e9ficitaires et la conduite de plans de redressement notamment comme DG de XP France (TNT) et de Marrel. En 2013, Eric fonde Renaissance et pilote les reprises sur fonds propres et les retournements r\u00e9ussis de GL Altesse, SMV, Texier, Agatha et Fontaas.<\/p><\/p><\/div>\n                <\/div><\/div>\t\t<\/div>\n\t\t\t\t<\/div>\n\t\t\t\t\t\t<\/div>\n\t\t\t\t\t<\/div>\n\t\t<\/div>\n\t\t\t\t<div class=\"elementor-column elementor-col-25 elementor-inner-column elementor-element elementor-element-b1b1d51\" data-id=\"b1b1d51\" data-element_type=\"column\" data-settings=\"{&quot;background_background&quot;:&quot;classic&quot;}\">\n\t\t\t<div class=\"elementor-column-wrap elementor-element-populated\">\n\t\t\t\t\t\t\t<div class=\"elementor-widget-wrap\">\n\t\t\t\t\t\t<div class=\"elementor-element elementor-element-2576196 elementor-widget elementor-widget-image\" data-id=\"2576196\" data-element_type=\"widget\" data-widget_type=\"image.default\">\n\t\t\t\t<div class=\"elementor-widget-container\">\n\t\t\t\t\t\t\t\t<div class=\"elementor-image\">\n\t\t\t\t\t\t\t\t\t\t\t\t<img loading=\"lazy\" decoding=\"async\" width=\"2394\" height=\"2394\" src=\"https:\/\/a-ir.fr\/wp-content\/uploads\/2019\/11\/laurent-parquet-2016-couleur-6.jpg\" class=\"attachment-full size-full\" alt=\"\" srcset=\"https:\/\/a-ir.fr\/wp-content\/uploads\/2019\/11\/laurent-parquet-2016-couleur-6.jpg 2394w, https:\/\/a-ir.fr\/wp-content\/uploads\/2019\/11\/laurent-parquet-2016-couleur-6-300x300.jpg 300w, https:\/\/a-ir.fr\/wp-content\/uploads\/2019\/11\/laurent-parquet-2016-couleur-6-1024x1024.jpg 1024w, https:\/\/a-ir.fr\/wp-content\/uploads\/2019\/11\/laurent-parquet-2016-couleur-6-150x150.jpg 150w, https:\/\/a-ir.fr\/wp-content\/uploads\/2019\/11\/laurent-parquet-2016-couleur-6-768x768.jpg 768w, https:\/\/a-ir.fr\/wp-content\/uploads\/2019\/11\/laurent-parquet-2016-couleur-6-1536x1536.jpg 1536w, https:\/\/a-ir.fr\/wp-content\/uploads\/2019\/11\/laurent-parquet-2016-couleur-6-2048x2048.jpg 2048w\" sizes=\"auto, (max-width: 2394px) 100vw, 2394px\" \/>\t\t\t\t\t\t\t\t\t\t\t\t\t\t<\/div>\n\t\t\t\t\t\t<\/div>\n\t\t\t\t<\/div>\n\t\t\t\t<div class=\"elementor-element elementor-element-11b78d0 elementor-widget elementor-widget-heading\" data-id=\"11b78d0\" data-element_type=\"widget\" data-widget_type=\"heading.default\">\n\t\t\t\t<div class=\"elementor-widget-container\">\n\t\t\t<h2 class=\"elementor-heading-title elementor-size-default\"><br>Laurent Parquet<\/h2>\t\t<\/div>\n\t\t\t\t<\/div>\n\t\t\t\t<div class=\"elementor-element elementor-element-d69c01c elementor-widget elementor-widget-heading\" data-id=\"d69c01c\" data-element_type=\"widget\" data-widget_type=\"heading.default\">\n\t\t\t\t<div class=\"elementor-widget-container\">\n\t\t\t<h2 class=\"elementor-heading-title elementor-size-default\">Associ\u00e9 - Butler Capital Partners<\/h2>\t\t<\/div>\n\t\t\t\t<\/div>\n\t\t\t\t<div class=\"elementor-element elementor-element-c6c3300 elementor-widget elementor-widget-image\" data-id=\"c6c3300\" data-element_type=\"widget\" data-widget_type=\"image.default\">\n\t\t\t\t<div class=\"elementor-widget-container\">\n\t\t\t\t\t\t\t\t<div class=\"elementor-image\">\n\t\t\t\t\t\t\t\t\t\t\t\t\t<a href=\"https:\/\/butlerindustries.com\/\">\n\t\t\t\t\t\t\t<img loading=\"lazy\" decoding=\"async\" width=\"300\" height=\"126\" src=\"https:\/\/a-ir.fr\/wp-content\/uploads\/2019\/10\/Logo-Butler-Industries-300x126.png\" class=\"attachment-medium size-medium\" alt=\"\" srcset=\"https:\/\/a-ir.fr\/wp-content\/uploads\/2019\/10\/Logo-Butler-Industries-300x126.png 300w, https:\/\/a-ir.fr\/wp-content\/uploads\/2019\/10\/Logo-Butler-Industries.png 560w\" sizes=\"auto, (max-width: 300px) 100vw, 300px\" \/>\t\t\t\t\t\t\t\t<\/a>\n\t\t\t\t\t\t\t\t\t\t\t\t\t\t<\/div>\n\t\t\t\t\t\t<\/div>\n\t\t\t\t<\/div>\n\t\t\t\t<div class=\"elementor-element elementor-element-8411b92 elementor-widget elementor-widget-eael-adv-accordion\" data-id=\"8411b92\" data-element_type=\"widget\" data-widget_type=\"eael-adv-accordion.default\">\n\t\t\t\t<div class=\"elementor-widget-container\">\n\t\t\t        <div class=\"eael-adv-accordion\" id=\"eael-adv-accordion-8411b92\" data-accordion-id=\"8411b92\" data-accordion-type=\"accordion\" data-toogle-speed=\"300\">\n    <div class=\"eael-accordion-list\">\n                <div id=\"en-savoir-plus\" class=\"elementor-tab-title eael-accordion-header\" tabindex=\"1381\" data-tab=\"1\" role=\"tab\" aria-controls=\"elementor-tab-content-1381\"><span class=\"eael-accordion-tab-title\">En savoir plus<\/span><i aria-hidden=\"true\" class=\"fa-toggle fas fa-arrow-alt-circle-right\"><\/i><\/div><div id=\"elementor-tab-content-1381\" class=\"eael-accordion-content clearfix\" data-tab=\"1\" role=\"tabpanel\" aria-labelledby=\"en-savoir-plus\"><p><p>Cr\u00e9\u00e9 en 1991, Butler Industries est un investisseur industriel global bas\u00e9 \u00e0 Paris, Shanghai, Londres et S\u00e3o Paulo. Nous sommes pr\u00e9sents dans toutes les phases de la vie d\u2019une entreprise, de sa naissance \u00e0 sa renaissance, en passant par son red\u00e9ploiement et son internationalisation. Butler Industries est la soci\u00e9t\u00e9 m\u00e8re de Butler Capital Partners et Butler Investment Managers.<\/p><p>\u00a0<\/p><p>Types d\u2019op\u00e9rations :<br \/>- Butler Capital Partners : prises de participations<br \/>majoritaires ou de r\u00e9f\u00e9rences dans des<br \/>entreprises en difficult\u00e9, des entreprises en<br \/>croissance ayant besoin de liquidit\u00e9s, ou plus<br \/>g\u00e9n\u00e9ralement des entreprises devant faire face<br \/>\u00e0 un environnement op\u00e9rationnel, financier ou<br \/>actionnarial complexe.<br \/>- Butler Industries : prises de participations dans<br \/>des soci\u00e9t\u00e9s, fran\u00e7aises ou \u00e9trang\u00e8res, portant<br \/>des projets industriels de transformation,<br \/>et des projets de croissance externe, \u00e0 moyen<br \/>et long terme.<\/p><p>\u00a0<\/p><p>\u2022 Approche :<br \/>- Une approche souple et amicale, adapt\u00e9e \u00e0<br \/>l\u2019entreprise, \u00e0 sa culture et \u00e0 ses besoins.<br \/>- La volont\u00e9 de comprendre en profondeur les<br \/>m\u00e9tiers de l\u2019entreprise pour analyser ses d\u00e9fis,<br \/>identifier ses leviers de redressement et\/ou de<br \/>d\u00e9veloppement et \u00e9laborer un plan de croissance<br \/>et d\u2019am\u00e9lioration de la performance partag\u00e9<br \/>par tous.<br \/>- Un actionnaire actif aux c\u00f4t\u00e9s des \u00e9quipes de<br \/>management.<\/p><\/p><\/div>\n                <\/div><\/div>\t\t<\/div>\n\t\t\t\t<\/div>\n\t\t\t\t\t\t<\/div>\n\t\t\t\t\t<\/div>\n\t\t<\/div>\n\t\t\t\t\t\t\t\t<\/div>\n\t\t\t\t\t<\/div>\n\t\t<\/section>\n\t\t\t\t<section class=\"elementor-section elementor-inner-section elementor-element elementor-element-82b8102 elementor-section-boxed elementor-section-height-default elementor-section-height-default\" data-id=\"82b8102\" data-element_type=\"section\" data-settings=\"{&quot;background_background&quot;:&quot;classic&quot;}\">\n\t\t\t\t\t\t<div class=\"elementor-container elementor-column-gap-default\">\n\t\t\t\t\t\t\t<div class=\"elementor-row\">\n\t\t\t\t\t<div class=\"elementor-column elementor-col-25 elementor-inner-column elementor-element elementor-element-a9a259e\" data-id=\"a9a259e\" data-element_type=\"column\" data-settings=\"{&quot;background_background&quot;:&quot;classic&quot;}\">\n\t\t\t<div class=\"elementor-column-wrap elementor-element-populated\">\n\t\t\t\t\t\t\t<div class=\"elementor-widget-wrap\">\n\t\t\t\t\t\t<div class=\"elementor-element elementor-element-406e220 elementor-widget elementor-widget-image\" data-id=\"406e220\" data-element_type=\"widget\" data-widget_type=\"image.default\">\n\t\t\t\t<div class=\"elementor-widget-container\">\n\t\t\t\t\t\t\t\t<div class=\"elementor-image\">\n\t\t\t\t\t\t\t\t\t\t\t\t<img loading=\"lazy\" decoding=\"async\" width=\"1500\" height=\"1500\" src=\"https:\/\/a-ir.fr\/wp-content\/uploads\/2019\/11\/38967_Bertrand_Talabartrenard-payen-marc-fippar-avec-talabart-bertrand-_mpp0720-modifier-06.jpg\" class=\"attachment-full size-full\" alt=\"\" srcset=\"https:\/\/a-ir.fr\/wp-content\/uploads\/2019\/11\/38967_Bertrand_Talabartrenard-payen-marc-fippar-avec-talabart-bertrand-_mpp0720-modifier-06.jpg 1500w, https:\/\/a-ir.fr\/wp-content\/uploads\/2019\/11\/38967_Bertrand_Talabartrenard-payen-marc-fippar-avec-talabart-bertrand-_mpp0720-modifier-06-300x300.jpg 300w, https:\/\/a-ir.fr\/wp-content\/uploads\/2019\/11\/38967_Bertrand_Talabartrenard-payen-marc-fippar-avec-talabart-bertrand-_mpp0720-modifier-06-1024x1024.jpg 1024w, https:\/\/a-ir.fr\/wp-content\/uploads\/2019\/11\/38967_Bertrand_Talabartrenard-payen-marc-fippar-avec-talabart-bertrand-_mpp0720-modifier-06-150x150.jpg 150w, https:\/\/a-ir.fr\/wp-content\/uploads\/2019\/11\/38967_Bertrand_Talabartrenard-payen-marc-fippar-avec-talabart-bertrand-_mpp0720-modifier-06-768x768.jpg 768w\" sizes=\"auto, (max-width: 1500px) 100vw, 1500px\" \/>\t\t\t\t\t\t\t\t\t\t\t\t\t\t<\/div>\n\t\t\t\t\t\t<\/div>\n\t\t\t\t<\/div>\n\t\t\t\t<div class=\"elementor-element elementor-element-309d27b elementor-widget elementor-widget-heading\" data-id=\"309d27b\" data-element_type=\"widget\" data-widget_type=\"heading.default\">\n\t\t\t\t<div class=\"elementor-widget-container\">\n\t\t\t<h2 class=\"elementor-heading-title elementor-size-default\"><br>Marc Renard-Payen<\/h2>\t\t<\/div>\n\t\t\t\t<\/div>\n\t\t\t\t<div class=\"elementor-element elementor-element-aa4b69b elementor-widget elementor-widget-heading\" data-id=\"aa4b69b\" data-element_type=\"widget\" data-widget_type=\"heading.default\">\n\t\t\t\t<div class=\"elementor-widget-container\">\n\t\t\t<h2 class=\"elementor-heading-title elementor-size-default\">Managing Director Europe - AIAC<\/h2>\t\t<\/div>\n\t\t\t\t<\/div>\n\t\t\t\t<div class=\"elementor-element elementor-element-8e9d6ee elementor-widget elementor-widget-image\" data-id=\"8e9d6ee\" data-element_type=\"widget\" data-widget_type=\"image.default\">\n\t\t\t\t<div class=\"elementor-widget-container\">\n\t\t\t\t\t\t\t\t<div class=\"elementor-image\">\n\t\t\t\t\t\t\t\t\t\t\t\t\t<a href=\"https:\/\/aiac.com\/\">\n\t\t\t\t\t\t\t<img loading=\"lazy\" decoding=\"async\" width=\"228\" height=\"75\" src=\"https:\/\/a-ir.fr\/wp-content\/uploads\/2019\/10\/Logo-Neopar-12-e1575308229101.png\" class=\"attachment-medium size-medium\" alt=\"\" \/>\t\t\t\t\t\t\t\t<\/a>\n\t\t\t\t\t\t\t\t\t\t\t\t\t\t<\/div>\n\t\t\t\t\t\t<\/div>\n\t\t\t\t<\/div>\n\t\t\t\t<div class=\"elementor-element elementor-element-7fad282 elementor-widget elementor-widget-eael-adv-accordion\" data-id=\"7fad282\" data-element_type=\"widget\" data-widget_type=\"eael-adv-accordion.default\">\n\t\t\t\t<div class=\"elementor-widget-container\">\n\t\t\t        <div class=\"eael-adv-accordion\" id=\"eael-adv-accordion-7fad282\" data-accordion-id=\"7fad282\" data-accordion-type=\"accordion\" data-toogle-speed=\"300\">\n    <div class=\"eael-accordion-list\">\n                <div id=\"en-savoir-plus\" class=\"elementor-tab-title eael-accordion-header\" tabindex=\"1331\" data-tab=\"1\" role=\"tab\" aria-controls=\"elementor-tab-content-1331\"><span class=\"eael-accordion-tab-title\">En savoir plus<\/span><i aria-hidden=\"true\" class=\"fa-toggle fas fa-arrow-alt-circle-right\"><\/i><\/div><div id=\"elementor-tab-content-1331\" class=\"eael-accordion-content clearfix\" data-tab=\"1\" role=\"tabpanel\" aria-labelledby=\"en-savoir-plus\"><p><p>American Industrial Acquisition Corporation est un portefeuille d'investissements industriels priv\u00e9 dont la mission \u00e0 long terme est de b\u00e2tir des entreprises durables. Cr\u00e9\u00e9 en 1996, notre portefeuille comprend 78 sites de fabrication et de distribution avec plus de 8 500 employ\u00e9s dans 24 pays en Am\u00e9rique du Nord, en Europe et en Asie. AIAC a achet\u00e9 et exploit\u00e9 des unit\u00e9s de production d'Ahlstrom, Allegion, Boeing, Constellium, Jabil Circuit, Johnson Controls, Kodak, Lockheed Martin, Moog, Northrop Grumman, Novelis, Raytheon, Groupe Rexel, \u00a0Sandvik, Siemens, SSC, Suez, Tolko, United Technologies et autres grandes multinationales.<\/p><\/p><\/div>\n                <\/div><\/div>\t\t<\/div>\n\t\t\t\t<\/div>\n\t\t\t\t\t\t<\/div>\n\t\t\t\t\t<\/div>\n\t\t<\/div>\n\t\t\t\t<div class=\"elementor-column elementor-col-25 elementor-inner-column elementor-element elementor-element-81c6a10\" data-id=\"81c6a10\" data-element_type=\"column\" data-settings=\"{&quot;background_background&quot;:&quot;classic&quot;}\">\n\t\t\t<div class=\"elementor-column-wrap elementor-element-populated\">\n\t\t\t\t\t\t\t<div class=\"elementor-widget-wrap\">\n\t\t\t\t\t\t<div class=\"elementor-element elementor-element-3873056 elementor-widget elementor-widget-image\" data-id=\"3873056\" data-element_type=\"widget\" data-widget_type=\"image.default\">\n\t\t\t\t<div class=\"elementor-widget-container\">\n\t\t\t\t\t\t\t\t<div class=\"elementor-image\">\n\t\t\t\t\t\t\t\t\t\t\t\t<img loading=\"lazy\" decoding=\"async\" width=\"634\" height=\"634\" src=\"https:\/\/a-ir.fr\/wp-content\/uploads\/2019\/11\/gilles-roland.jpg\" class=\"attachment-full size-full\" alt=\"\" srcset=\"https:\/\/a-ir.fr\/wp-content\/uploads\/2019\/11\/gilles-roland.jpg 634w, https:\/\/a-ir.fr\/wp-content\/uploads\/2019\/11\/gilles-roland-300x300.jpg 300w, https:\/\/a-ir.fr\/wp-content\/uploads\/2019\/11\/gilles-roland-150x150.jpg 150w\" sizes=\"auto, (max-width: 634px) 100vw, 634px\" \/>\t\t\t\t\t\t\t\t\t\t\t\t\t\t<\/div>\n\t\t\t\t\t\t<\/div>\n\t\t\t\t<\/div>\n\t\t\t\t<div class=\"elementor-element elementor-element-a255b23 elementor-widget elementor-widget-heading\" data-id=\"a255b23\" data-element_type=\"widget\" data-widget_type=\"heading.default\">\n\t\t\t\t<div class=\"elementor-widget-container\">\n\t\t\t<h2 class=\"elementor-heading-title elementor-size-default\"><br>Gilles Roland<\/h2>\t\t<\/div>\n\t\t\t\t<\/div>\n\t\t\t\t<div class=\"elementor-element elementor-element-dc2c028 elementor-widget elementor-widget-heading\" data-id=\"dc2c028\" data-element_type=\"widget\" data-widget_type=\"heading.default\">\n\t\t\t\t<div class=\"elementor-widget-container\">\n\t\t\t<h2 class=\"elementor-heading-title elementor-size-default\">PDG - Active'Invest<\/h2>\t\t<\/div>\n\t\t\t\t<\/div>\n\t\t\t\t<div class=\"elementor-element elementor-element-32d06fe elementor-widget elementor-widget-image\" data-id=\"32d06fe\" data-element_type=\"widget\" data-widget_type=\"image.default\">\n\t\t\t\t<div class=\"elementor-widget-container\">\n\t\t\t\t\t\t\t\t<div class=\"elementor-image\">\n\t\t\t\t\t\t\t\t\t\t\t\t\t<a href=\"https:\/\/www.active-invest.fr\/\">\n\t\t\t\t\t\t\t<img loading=\"lazy\" decoding=\"async\" width=\"228\" height=\"173\" src=\"https:\/\/a-ir.fr\/wp-content\/uploads\/2019\/10\/Logo-Neopar-5.png\" class=\"attachment-medium size-medium\" alt=\"\" \/>\t\t\t\t\t\t\t\t<\/a>\n\t\t\t\t\t\t\t\t\t\t\t\t\t\t<\/div>\n\t\t\t\t\t\t<\/div>\n\t\t\t\t<\/div>\n\t\t\t\t<div class=\"elementor-element elementor-element-6ab39e7 elementor-widget elementor-widget-eael-adv-accordion\" data-id=\"6ab39e7\" data-element_type=\"widget\" data-widget_type=\"eael-adv-accordion.default\">\n\t\t\t\t<div class=\"elementor-widget-container\">\n\t\t\t        <div class=\"eael-adv-accordion\" id=\"eael-adv-accordion-6ab39e7\" data-accordion-id=\"6ab39e7\" data-accordion-type=\"accordion\" data-toogle-speed=\"300\">\n    <div class=\"eael-accordion-list\">\n                <div id=\"en-savoir-plus\" class=\"elementor-tab-title eael-accordion-header\" tabindex=\"1111\" data-tab=\"1\" role=\"tab\" aria-controls=\"elementor-tab-content-1111\"><span class=\"eael-accordion-tab-title\">En savoir plus<\/span><i aria-hidden=\"true\" class=\"fa-toggle fas fa-arrow-alt-circle-right\"><\/i><\/div><div id=\"elementor-tab-content-1111\" class=\"eael-accordion-content clearfix\" data-tab=\"1\" role=\"tabpanel\" aria-labelledby=\"en-savoir-plus\"><p><p>Active\u2019Invest\u00a0est la holding animatrice d'un groupe industriel qui r\u00e9alise 97 M\u20ac de chiffre d\u2019affaires.<\/p><p>Nous concevons les \u00e9quipements de la nouvelle \u00e9conomie, et plus particuli\u00e8rement pour les secteurs de l\u2019Environnement, l\u2019Energie et les T\u00e9l\u00e9com. Nos 650 collaborateurs contribuent au rayonnement de l\u2019industrie fran\u00e7aise, en d\u00e9ployant de par le monde des solutions industrielles innovantes dans les \u00e9quipements de r\u00e9seaux, le stockage d\u2019\u00e9nergie, les bornes de recharge pour v\u00e9hicules \u00e9lectriques et la smart City.<\/p><p>Notre groupe est organis\u00e9 autour de 3 filiales :<\/p><p>- <a href=\"https:\/\/www.grolleau.fr\/\">Grolleau<\/a> - baies d\u2019\u00e9nergie : bas\u00e9e \u00e0 Montilliers, pr\u00e8s d\u2019Angers, cette soci\u00e9t\u00e9 emploie 190 personnes et r\u00e9alise 36 M\u20ac de CA.<\/p><p>- <a href=\"https:\/\/www.arts-energy.com\/\">Arts-Energy<\/a> - batteries : bas\u00e9e \u00e0 Nersac, pr\u00e8s d\u2019Angoul\u00e8me, cette soci\u00e9t\u00e9 emploie 270 personnes et r\u00e9alise 34 M\u20ac de CA.<\/p><p>- <a href=\"https:\/\/www.europhane.com\/\">Europhane<\/a> - luminaires : bas\u00e9e aux Andelys, pr\u00e8s d'Evreux, cette soci\u00e9t\u00e9 emploie 180 personnes et r\u00e9alise 27 M\u20ac de CA<\/p><\/p><\/div>\n                <\/div><\/div>\t\t<\/div>\n\t\t\t\t<\/div>\n\t\t\t\t\t\t<\/div>\n\t\t\t\t\t<\/div>\n\t\t<\/div>\n\t\t\t\t<div class=\"elementor-column elementor-col-25 elementor-inner-column elementor-element elementor-element-bf7f518\" data-id=\"bf7f518\" data-element_type=\"column\" data-settings=\"{&quot;background_background&quot;:&quot;classic&quot;}\">\n\t\t\t<div class=\"elementor-column-wrap elementor-element-populated\">\n\t\t\t\t\t\t\t<div class=\"elementor-widget-wrap\">\n\t\t\t\t\t\t<div class=\"elementor-element elementor-element-5efb4c7 elementor-widget elementor-widget-image\" data-id=\"5efb4c7\" data-element_type=\"widget\" data-widget_type=\"image.default\">\n\t\t\t\t<div class=\"elementor-widget-container\">\n\t\t\t\t\t\t\t\t<div class=\"elementor-image\">\n\t\t\t\t\t\t\t\t\t\t\t\t<img loading=\"lazy\" decoding=\"async\" width=\"427\" height=\"427\" src=\"https:\/\/a-ir.fr\/wp-content\/uploads\/2019\/11\/CHRossignol.jpg\" class=\"attachment-full size-full\" alt=\"\" srcset=\"https:\/\/a-ir.fr\/wp-content\/uploads\/2019\/11\/CHRossignol.jpg 427w, https:\/\/a-ir.fr\/wp-content\/uploads\/2019\/11\/CHRossignol-300x300.jpg 300w, https:\/\/a-ir.fr\/wp-content\/uploads\/2019\/11\/CHRossignol-150x150.jpg 150w\" sizes=\"auto, (max-width: 427px) 100vw, 427px\" \/>\t\t\t\t\t\t\t\t\t\t\t\t\t\t<\/div>\n\t\t\t\t\t\t<\/div>\n\t\t\t\t<\/div>\n\t\t\t\t<div class=\"elementor-element elementor-element-4a767f5 elementor-widget elementor-widget-heading\" data-id=\"4a767f5\" data-element_type=\"widget\" data-widget_type=\"heading.default\">\n\t\t\t\t<div class=\"elementor-widget-container\">\n\t\t\t<h2 class=\"elementor-heading-title elementor-size-default\"><br>Charles-Henri Rossignol<\/h2>\t\t<\/div>\n\t\t\t\t<\/div>\n\t\t\t\t<div class=\"elementor-element elementor-element-0f09143 elementor-widget elementor-widget-heading\" data-id=\"0f09143\" data-element_type=\"widget\" data-widget_type=\"heading.default\">\n\t\t\t\t<div class=\"elementor-widget-container\">\n\t\t\t<h2 class=\"elementor-heading-title elementor-size-default\">Associ\u00e9-g\u00e9rant - Equinox Industries<\/h2>\t\t<\/div>\n\t\t\t\t<\/div>\n\t\t\t\t<div class=\"elementor-element elementor-element-b2be857 elementor-widget elementor-widget-image\" data-id=\"b2be857\" data-element_type=\"widget\" data-widget_type=\"image.default\">\n\t\t\t\t<div class=\"elementor-widget-container\">\n\t\t\t\t\t\t\t\t<div class=\"elementor-image\">\n\t\t\t\t\t\t\t\t\t\t\t\t\t<a href=\"https:\/\/www.equinoxindustries.com\/\">\n\t\t\t\t\t\t\t<img loading=\"lazy\" decoding=\"async\" width=\"228\" height=\"173\" src=\"https:\/\/a-ir.fr\/wp-content\/uploads\/2019\/10\/Logo-Neopar-6.png\" class=\"attachment-medium size-medium\" alt=\"\" \/>\t\t\t\t\t\t\t\t<\/a>\n\t\t\t\t\t\t\t\t\t\t\t\t\t\t<\/div>\n\t\t\t\t\t\t<\/div>\n\t\t\t\t<\/div>\n\t\t\t\t<div class=\"elementor-element elementor-element-efc5232 elementor-widget elementor-widget-eael-adv-accordion\" data-id=\"efc5232\" data-element_type=\"widget\" data-widget_type=\"eael-adv-accordion.default\">\n\t\t\t\t<div class=\"elementor-widget-container\">\n\t\t\t        <div class=\"eael-adv-accordion\" id=\"eael-adv-accordion-efc5232\" data-accordion-id=\"efc5232\" data-accordion-type=\"accordion\" data-toogle-speed=\"300\">\n    <div class=\"eael-accordion-list\">\n                <div id=\"en-savoir-plus\" class=\"elementor-tab-title eael-accordion-header\" tabindex=\"2511\" data-tab=\"1\" role=\"tab\" aria-controls=\"elementor-tab-content-2511\"><span class=\"eael-accordion-tab-title\">En savoir plus<\/span><i aria-hidden=\"true\" class=\"fa-toggle fas fa-arrow-alt-circle-right\"><\/i><\/div><div id=\"elementor-tab-content-2511\" class=\"eael-accordion-content clearfix\" data-tab=\"1\" role=\"tabpanel\" aria-labelledby=\"en-savoir-plus\"><p><p>Equinox Industries est une holding industrielle, cr\u00e9\u00e9e en 1999, qui investit de fa\u00e7on amicale et consensuelle, en fonds propres, de fa\u00e7on majoritaire, dans des soci\u00e9t\u00e9s en phase de retournement, de restructuration ou de transmission. Nos capitaux servent \u00e0 financer une restructuration (plan social, ren\u00e9gociation bilancielle), un red\u00e9ploiement (investissements, besoins en fonds de roulement), ou bien une transmission.<\/p><p>Equinox Industries investit, hors proc\u00e9dure judiciaire, entre 1 M\u20ac et 10 M\u20ac dans des soci\u00e9t\u00e9s in bonis small to midcap (entre 20 M\u20ac et 500 M\u20ac de chiffre d\u2019affaires) \u00e9tablies sur des march\u00e9s porteurs dans des secteurs industriels ou des niches rentables. Nous investissons principalement dans le domaine des entreprises \u00ab business to business \u00bb avec une sp\u00e9cialisation dans les op\u00e9rations de carve-out et les filiales de grands groupes.<\/p><\/p><\/div>\n                <\/div><\/div>\t\t<\/div>\n\t\t\t\t<\/div>\n\t\t\t\t\t\t<\/div>\n\t\t\t\t\t<\/div>\n\t\t<\/div>\n\t\t\t\t<div class=\"elementor-column elementor-col-25 elementor-inner-column elementor-element elementor-element-597eb35\" data-id=\"597eb35\" data-element_type=\"column\" data-settings=\"{&quot;background_background&quot;:&quot;classic&quot;}\">\n\t\t\t<div class=\"elementor-column-wrap elementor-element-populated\">\n\t\t\t\t\t\t\t<div class=\"elementor-widget-wrap\">\n\t\t\t\t\t\t<div class=\"elementor-element elementor-element-6f2f3be elementor-widget elementor-widget-image\" data-id=\"6f2f3be\" data-element_type=\"widget\" data-widget_type=\"image.default\">\n\t\t\t\t<div class=\"elementor-widget-container\">\n\t\t\t\t\t\t\t\t<div class=\"elementor-image\">\n\t\t\t\t\t\t\t\t\t\t\t\t<img loading=\"lazy\" decoding=\"async\" width=\"2560\" height=\"2560\" src=\"https:\/\/a-ir.fr\/wp-content\/uploads\/2019\/11\/IMG_6992-2-scaled.jpg\" class=\"attachment-full size-full\" alt=\"\" srcset=\"https:\/\/a-ir.fr\/wp-content\/uploads\/2019\/11\/IMG_6992-2-scaled.jpg 2560w, https:\/\/a-ir.fr\/wp-content\/uploads\/2019\/11\/IMG_6992-2-300x300.jpg 300w, https:\/\/a-ir.fr\/wp-content\/uploads\/2019\/11\/IMG_6992-2-1024x1024.jpg 1024w, https:\/\/a-ir.fr\/wp-content\/uploads\/2019\/11\/IMG_6992-2-150x150.jpg 150w, https:\/\/a-ir.fr\/wp-content\/uploads\/2019\/11\/IMG_6992-2-768x768.jpg 768w, https:\/\/a-ir.fr\/wp-content\/uploads\/2019\/11\/IMG_6992-2-1536x1536.jpg 1536w, https:\/\/a-ir.fr\/wp-content\/uploads\/2019\/11\/IMG_6992-2-2048x2048.jpg 2048w\" sizes=\"auto, (max-width: 2560px) 100vw, 2560px\" \/>\t\t\t\t\t\t\t\t\t\t\t\t\t\t<\/div>\n\t\t\t\t\t\t<\/div>\n\t\t\t\t<\/div>\n\t\t\t\t<div class=\"elementor-element elementor-element-6d0994b elementor-widget elementor-widget-heading\" data-id=\"6d0994b\" data-element_type=\"widget\" data-widget_type=\"heading.default\">\n\t\t\t\t<div class=\"elementor-widget-container\">\n\t\t\t<h2 class=\"elementor-heading-title elementor-size-default\"><br>S\u00e9bastien Wolff<\/h2>\t\t<\/div>\n\t\t\t\t<\/div>\n\t\t\t\t<div class=\"elementor-element elementor-element-882f7d1 elementor-widget elementor-widget-heading\" data-id=\"882f7d1\" data-element_type=\"widget\" data-widget_type=\"heading.default\">\n\t\t\t\t<div class=\"elementor-widget-container\">\n\t\t\t<h2 class=\"elementor-heading-title elementor-size-default\">Directeur G\u00e9n\u00e9ral - ExcelRise<\/h2>\t\t<\/div>\n\t\t\t\t<\/div>\n\t\t\t\t<div class=\"elementor-element elementor-element-fbe5a43 elementor-widget elementor-widget-image\" data-id=\"fbe5a43\" data-element_type=\"widget\" data-widget_type=\"image.default\">\n\t\t\t\t<div class=\"elementor-widget-container\">\n\t\t\t\t\t\t\t\t<div class=\"elementor-image\">\n\t\t\t\t\t\t\t\t\t\t\t\t\t<a href=\"http:\/\/www.excelrise.com\/\">\n\t\t\t\t\t\t\t<img loading=\"lazy\" decoding=\"async\" width=\"228\" height=\"173\" src=\"https:\/\/a-ir.fr\/wp-content\/uploads\/2019\/10\/Logo-Neopar-7.png\" class=\"attachment-medium size-medium\" alt=\"\" \/>\t\t\t\t\t\t\t\t<\/a>\n\t\t\t\t\t\t\t\t\t\t\t\t\t\t<\/div>\n\t\t\t\t\t\t<\/div>\n\t\t\t\t<\/div>\n\t\t\t\t<div class=\"elementor-element elementor-element-3bb5c49 elementor-widget elementor-widget-eael-adv-accordion\" data-id=\"3bb5c49\" data-element_type=\"widget\" data-widget_type=\"eael-adv-accordion.default\">\n\t\t\t\t<div class=\"elementor-widget-container\">\n\t\t\t        <div class=\"eael-adv-accordion\" id=\"eael-adv-accordion-3bb5c49\" data-accordion-id=\"3bb5c49\" data-accordion-type=\"accordion\" data-toogle-speed=\"300\">\n    <div class=\"eael-accordion-list\">\n                <div id=\"en-savoir-plus\" class=\"elementor-tab-title eael-accordion-header\" tabindex=\"6261\" data-tab=\"1\" role=\"tab\" aria-controls=\"elementor-tab-content-6261\"><span class=\"eael-accordion-tab-title\">En savoir plus<\/span><i aria-hidden=\"true\" class=\"fa-toggle fas fa-arrow-alt-circle-right\"><\/i><\/div><div id=\"elementor-tab-content-6261\" class=\"eael-accordion-content clearfix\" data-tab=\"1\" role=\"tabpanel\" aria-labelledby=\"en-savoir-plus\"><p><p>ExcelRise est une holding sp\u00e9cialis\u00e9e dans la reprise et le redressement d\u2019entreprises depuis 2003. Dot\u00e9e d\u2019une structure financi\u00e8re stable et solide, Excelrise apporte aux entreprises des ressources financi\u00e8res et humaines dans la dur\u00e9e, sans contrainte de liquidit\u00e9.<\/p><p>Excelrise d\u00e9tient actuellement un groupe industriel europ\u00e9en de soci\u00e9t\u00e9s actives dans 3 m\u00e9tiers principaux :<\/p><ul><li>L\u2019Emballage : <a href=\"http:\/\/www.ceisa-semo.com\">Ceisa Packaging<\/a> et Semo Packaging<\/li><li>Le Recyclage: <a href=\"http:\/\/www.xlrecycling.com\">XL Recycling <\/a>\u00a0<a href=\"http:\/\/www.reborn-plastics.com\">Reborn<\/a>\u00a0<\/li><li>La photogravure et le graphique : <a href=\"http:\/\/www.antares-graphics.com\">Antares Graphics<\/a>\u00a0<\/li><\/ul><p>Excelrise compte pr\u00e8s de 400 collaborateurs en France, en Pologne, en Russie et au Maroc, pour un chiffre d'affaire de 120 millions d'euros. Le groupe exporte ses produits dans 60 pays et compte \u00e0 ce jour plus de 300 clients dans le monde.<\/p><p>L\u2019\u00e9quipe, principalement constitu\u00e9e d\u2019entrepreneurs, cible des reprises de soci\u00e9t\u00e9s en situation sp\u00e9ciale, transmission ou transformation, filiales de groupes ou PME, de 5 \u00e0 500 M\u20ac de chiffres d\u2019affaires.\u00a0<\/p><\/p><\/div>\n                <\/div><\/div>\t\t<\/div>\n\t\t\t\t<\/div>\n\t\t\t\t\t\t<\/div>\n\t\t\t\t\t<\/div>\n\t\t<\/div>\n\t\t\t\t\t\t\t\t<\/div>\n\t\t\t\t\t<\/div>\n\t\t<\/section>\n\t\t\t\t<section class=\"elementor-section elementor-inner-section elementor-element elementor-element-8033465 elementor-section-boxed elementor-section-height-default elementor-section-height-default\" data-id=\"8033465\" data-element_type=\"section\" data-settings=\"{&quot;background_background&quot;:&quot;classic&quot;}\">\n\t\t\t\t\t\t<div class=\"elementor-container elementor-column-gap-default\">\n\t\t\t\t\t\t\t<div class=\"elementor-row\">\n\t\t\t\t\t<div class=\"elementor-column elementor-col-33 elementor-inner-column elementor-element elementor-element-ce9ca08\" data-id=\"ce9ca08\" data-element_type=\"column\" data-settings=\"{&quot;background_background&quot;:&quot;classic&quot;}\">\n\t\t\t<div class=\"elementor-column-wrap\">\n\t\t\t\t\t\t\t<div class=\"elementor-widget-wrap\">\n\t\t\t\t\t\t\t\t<\/div>\n\t\t\t\t\t<\/div>\n\t\t<\/div>\n\t\t\t\t<div class=\"elementor-column elementor-col-33 elementor-inner-column elementor-element elementor-element-a3ed5a0\" data-id=\"a3ed5a0\" data-element_type=\"column\" data-settings=\"{&quot;background_background&quot;:&quot;classic&quot;}\">\n\t\t\t<div class=\"elementor-column-wrap\">\n\t\t\t\t\t\t\t<div class=\"elementor-widget-wrap\">\n\t\t\t\t\t\t\t\t<\/div>\n\t\t\t\t\t<\/div>\n\t\t<\/div>\n\t\t\t\t<div class=\"elementor-column elementor-col-33 elementor-inner-column elementor-element elementor-element-7f6de06\" data-id=\"7f6de06\" data-element_type=\"column\" data-settings=\"{&quot;background_background&quot;:&quot;classic&quot;}\">\n\t\t\t<div class=\"elementor-column-wrap\">\n\t\t\t\t\t\t\t<div class=\"elementor-widget-wrap\">\n\t\t\t\t\t\t\t\t<\/div>\n\t\t\t\t\t<\/div>\n\t\t<\/div>\n\t\t\t\t\t\t\t\t<\/div>\n\t\t\t\t\t<\/div>\n\t\t<\/section>\n\t\t\t\t<div class=\"elementor-element elementor-element-4164a8e elementor-widget elementor-widget-spacer\" data-id=\"4164a8e\" data-element_type=\"widget\" data-widget_type=\"spacer.default\">\n\t\t\t\t<div class=\"elementor-widget-container\">\n\t\t\t\t\t<div class=\"elementor-spacer\">\n\t\t\t<div class=\"elementor-spacer-inner\"><\/div>\n\t\t<\/div>\n\t\t\t\t<\/div>\n\t\t\t\t<\/div>\n\t\t\t\t\t\t<\/div>\n\t\t\t\t\t<\/div>\n\t\t<\/div>\n\t\t\t\t\t\t\t\t<\/div>\n\t\t\t\t\t<\/div>\n\t\t<\/section>\n\t\t\t\t<section class=\"elementor-section elementor-top-section elementor-element elementor-element-f952622 elementor-section-boxed elementor-section-height-default elementor-section-height-default\" data-id=\"f952622\" data-element_type=\"section\" data-settings=\"{&quot;background_background&quot;:&quot;classic&quot;}\">\n\t\t\t\t\t\t\t<div class=\"elementor-background-overlay\"><\/div>\n\t\t\t\t\t\t\t<div class=\"elementor-container elementor-column-gap-default\">\n\t\t\t\t\t\t\t<div class=\"elementor-row\">\n\t\t\t\t\t<div class=\"elementor-column elementor-col-100 elementor-top-column elementor-element elementor-element-7271055\" data-id=\"7271055\" data-element_type=\"column\">\n\t\t\t<div class=\"elementor-column-wrap elementor-element-populated\">\n\t\t\t\t\t\t\t<div class=\"elementor-widget-wrap\">\n\t\t\t\t\t\t<section class=\"elementor-section elementor-inner-section elementor-element elementor-element-4904d1b elementor-section-boxed elementor-section-height-default elementor-section-height-default\" data-id=\"4904d1b\" data-element_type=\"section\">\n\t\t\t\t\t\t<div class=\"elementor-container elementor-column-gap-wider\">\n\t\t\t\t\t\t\t<div class=\"elementor-row\">\n\t\t\t\t\t<div class=\"elementor-column elementor-col-100 elementor-inner-column elementor-element elementor-element-1b3320c\" data-id=\"1b3320c\" data-element_type=\"column\">\n\t\t\t<div class=\"elementor-column-wrap elementor-element-populated\">\n\t\t\t\t\t\t\t<div class=\"elementor-widget-wrap\">\n\t\t\t\t\t\t<div class=\"elementor-element elementor-element-41582a2 elementor-widget elementor-widget-heading\" data-id=\"41582a2\" data-element_type=\"widget\" data-widget_type=\"heading.default\">\n\t\t\t\t<div class=\"elementor-widget-container\">\n\t\t\t<h2 class=\"elementor-heading-title elementor-size-default\">Le cercle du retournement<\/h2>\t\t<\/div>\n\t\t\t\t<\/div>\n\t\t\t\t<div class=\"elementor-element elementor-element-0e22ac1 elementor-widget elementor-widget-text-editor\" data-id=\"0e22ac1\" data-element_type=\"widget\" data-widget_type=\"text-editor.default\">\n\t\t\t\t<div class=\"elementor-widget-container\">\n\t\t\t\t\t\t\t\t<div class=\"elementor-text-editor elementor-clearfix\">\n\t\t\t\t<p>L\u2019AIR a constitu\u00e9 un cercle d\u2019\u00e9change regroupant des<strong> membres investisseurs<\/strong> et des <strong>membres associ\u00e9s<\/strong> issus de tous les m\u00e9tiers qui accompagnent et conseillent les reprises d\u2019entreprises en difficult\u00e9s.<\/p><p>Le <strong>Cercle du Retournement<\/strong> compte \u2013 outre les membres investisseurs \u00a0\u2013<br \/>\u00a0les <strong>membres associ\u00e9s<\/strong> suivants :<\/p>\t\t\t\t\t<\/div>\n\t\t\t\t\t\t<\/div>\n\t\t\t\t<\/div>\n\t\t\t\t\t\t<\/div>\n\t\t\t\t\t<\/div>\n\t\t<\/div>\n\t\t\t\t\t\t\t\t<\/div>\n\t\t\t\t\t<\/div>\n\t\t<\/section>\n\t\t\t\t<section class=\"elementor-section elementor-inner-section elementor-element elementor-element-a2f37ab elementor-section-boxed elementor-section-height-default elementor-section-height-default\" data-id=\"a2f37ab\" data-element_type=\"section\" data-settings=\"{&quot;background_background&quot;:&quot;classic&quot;}\">\n\t\t\t\t\t\t<div class=\"elementor-container elementor-column-gap-default\">\n\t\t\t\t\t\t\t<div class=\"elementor-row\">\n\t\t\t\t\t<div class=\"elementor-column elementor-col-25 elementor-inner-column elementor-element elementor-element-fdef951\" data-id=\"fdef951\" data-element_type=\"column\" data-settings=\"{&quot;background_background&quot;:&quot;classic&quot;}\">\n\t\t\t<div class=\"elementor-column-wrap elementor-element-populated\">\n\t\t\t\t\t\t\t<div class=\"elementor-widget-wrap\">\n\t\t\t\t\t\t<div class=\"elementor-element elementor-element-e1affc6 elementor-widget elementor-widget-image\" data-id=\"e1affc6\" data-element_type=\"widget\" data-widget_type=\"image.default\">\n\t\t\t\t<div class=\"elementor-widget-container\">\n\t\t\t\t\t\t\t\t<div class=\"elementor-image\">\n\t\t\t\t\t\t\t\t\t\t\t\t<img loading=\"lazy\" decoding=\"async\" width=\"403\" height=\"403\" src=\"https:\/\/a-ir.fr\/wp-content\/uploads\/2020\/02\/Xavier-BAilly-Clean.jpg\" class=\"attachment-full size-full\" alt=\"\" srcset=\"https:\/\/a-ir.fr\/wp-content\/uploads\/2020\/02\/Xavier-BAilly-Clean.jpg 403w, https:\/\/a-ir.fr\/wp-content\/uploads\/2020\/02\/Xavier-BAilly-Clean-300x300.jpg 300w, https:\/\/a-ir.fr\/wp-content\/uploads\/2020\/02\/Xavier-BAilly-Clean-150x150.jpg 150w\" sizes=\"auto, (max-width: 403px) 100vw, 403px\" \/>\t\t\t\t\t\t\t\t\t\t\t\t\t\t<\/div>\n\t\t\t\t\t\t<\/div>\n\t\t\t\t<\/div>\n\t\t\t\t<div class=\"elementor-element elementor-element-6ae13ae elementor-widget elementor-widget-heading\" data-id=\"6ae13ae\" data-element_type=\"widget\" data-widget_type=\"heading.default\">\n\t\t\t\t<div class=\"elementor-widget-container\">\n\t\t\t<h2 class=\"elementor-heading-title elementor-size-default\"><br>Xavier Bailly<\/h2>\t\t<\/div>\n\t\t\t\t<\/div>\n\t\t\t\t<div class=\"elementor-element elementor-element-7209abf elementor-widget elementor-widget-heading\" data-id=\"7209abf\" data-element_type=\"widget\" data-widget_type=\"heading.default\">\n\t\t\t\t<div class=\"elementor-widget-container\">\n\t\t\t<h2 class=\"elementor-heading-title elementor-size-default\">Associ\u00e9 Eight Advisory<\/h2>\t\t<\/div>\n\t\t\t\t<\/div>\n\t\t\t\t<div class=\"elementor-element elementor-element-01d2a56 elementor-widget elementor-widget-image\" data-id=\"01d2a56\" data-element_type=\"widget\" data-widget_type=\"image.default\">\n\t\t\t\t<div class=\"elementor-widget-container\">\n\t\t\t\t\t\t\t\t<div class=\"elementor-image\">\n\t\t\t\t\t\t\t\t\t\t\t\t\t<a href=\"https:\/\/www.8advisory.com\/\">\n\t\t\t\t\t\t\t<img loading=\"lazy\" decoding=\"async\" width=\"240\" height=\"70\" src=\"https:\/\/a-ir.fr\/wp-content\/uploads\/2020\/02\/eight-advisory-en.png\" class=\"attachment-medium size-medium\" alt=\"\" \/>\t\t\t\t\t\t\t\t<\/a>\n\t\t\t\t\t\t\t\t\t\t\t\t\t\t<\/div>\n\t\t\t\t\t\t<\/div>\n\t\t\t\t<\/div>\n\t\t\t\t<div class=\"elementor-element elementor-element-3ba78f1 elementor-widget elementor-widget-eael-adv-accordion\" data-id=\"3ba78f1\" data-element_type=\"widget\" data-widget_type=\"eael-adv-accordion.default\">\n\t\t\t\t<div class=\"elementor-widget-container\">\n\t\t\t        <div class=\"eael-adv-accordion\" id=\"eael-adv-accordion-3ba78f1\" data-accordion-id=\"3ba78f1\" data-accordion-type=\"accordion\" data-toogle-speed=\"300\">\n    <div class=\"eael-accordion-list\">\n                <div id=\"en-savoir-plus\" class=\"elementor-tab-title eael-accordion-header\" tabindex=\"6251\" data-tab=\"1\" role=\"tab\" aria-controls=\"elementor-tab-content-6251\"><span class=\"eael-accordion-tab-title\">En savoir plus<\/span><i aria-hidden=\"true\" class=\"fa-toggle fas fa-arrow-alt-circle-right\"><\/i><\/div><div id=\"elementor-tab-content-6251\" class=\"eael-accordion-content clearfix\" data-tab=\"1\" role=\"tabpanel\" aria-labelledby=\"en-savoir-plus\"><p><p>Associ\u00e9 au sein de l\u2019activit\u00e9 sous-performance et restructuration d\u2019Eight Advisory depuis 2013, Xavier est sp\u00e9cialis\u00e9 en conseil financier, m\u00e9tier qu\u2019il a exerc\u00e9 depuis 2002, successivement chez PricewaterhouseCoopers et Kroll Talbot Hughes notamment. Son expertise recouvre en particulier l\u2019analyse des business plans et des plans de financement en support de transactions, refinancements et restructurations financi\u00e8res, tant pour le compte de soci\u00e9t\u00e9s que de repreneurs ou de cr\u00e9anciers. Xavier a \u00e9galement d\u00e9velopp\u00e9 une expertise sp\u00e9cifique dans l'accompagnement \u00e9conomique et financier des relations sociales, sp\u00e9cifiquement dans le cadre de transactions complexes ou restructurations.<\/p><\/p><\/div>\n                <\/div><\/div>\t\t<\/div>\n\t\t\t\t<\/div>\n\t\t\t\t\t\t<\/div>\n\t\t\t\t\t<\/div>\n\t\t<\/div>\n\t\t\t\t<div class=\"elementor-column elementor-col-25 elementor-inner-column elementor-element elementor-element-301a707\" data-id=\"301a707\" data-element_type=\"column\" data-settings=\"{&quot;background_background&quot;:&quot;classic&quot;}\">\n\t\t\t<div class=\"elementor-column-wrap elementor-element-populated\">\n\t\t\t\t\t\t\t<div class=\"elementor-widget-wrap\">\n\t\t\t\t\t\t<div class=\"elementor-element elementor-element-4b5368b elementor-widget elementor-widget-image\" data-id=\"4b5368b\" data-element_type=\"widget\" data-widget_type=\"image.default\">\n\t\t\t\t<div class=\"elementor-widget-container\">\n\t\t\t\t\t\t\t\t<div class=\"elementor-image\">\n\t\t\t\t\t\t\t\t\t\t\t\t<img loading=\"lazy\" decoding=\"async\" width=\"690\" height=\"690\" src=\"https:\/\/a-ir.fr\/wp-content\/uploads\/2019\/11\/eric-bauland2.jpg\" class=\"attachment-full size-full\" alt=\"\" srcset=\"https:\/\/a-ir.fr\/wp-content\/uploads\/2019\/11\/eric-bauland2.jpg 690w, https:\/\/a-ir.fr\/wp-content\/uploads\/2019\/11\/eric-bauland2-300x300.jpg 300w, https:\/\/a-ir.fr\/wp-content\/uploads\/2019\/11\/eric-bauland2-150x150.jpg 150w\" sizes=\"auto, (max-width: 690px) 100vw, 690px\" \/>\t\t\t\t\t\t\t\t\t\t\t\t\t\t<\/div>\n\t\t\t\t\t\t<\/div>\n\t\t\t\t<\/div>\n\t\t\t\t<div class=\"elementor-element elementor-element-ef9a2b2 elementor-widget elementor-widget-heading\" data-id=\"ef9a2b2\" data-element_type=\"widget\" data-widget_type=\"heading.default\">\n\t\t\t\t<div class=\"elementor-widget-container\">\n\t\t\t<h2 class=\"elementor-heading-title elementor-size-default\"><br>Eric Bauland<\/h2>\t\t<\/div>\n\t\t\t\t<\/div>\n\t\t\t\t<div class=\"elementor-element elementor-element-f8e1e6b elementor-widget elementor-widget-heading\" data-id=\"f8e1e6b\" data-element_type=\"widget\" data-widget_type=\"heading.default\">\n\t\t\t\t<div class=\"elementor-widget-container\">\n\t\t\t<h2 class=\"elementor-heading-title elementor-size-default\">Administrateur Judiciaire Associ\u00e9 - BCM<\/h2>\t\t<\/div>\n\t\t\t\t<\/div>\n\t\t\t\t<div class=\"elementor-element elementor-element-a7f1876 elementor-widget elementor-widget-image\" data-id=\"a7f1876\" data-element_type=\"widget\" data-widget_type=\"image.default\">\n\t\t\t\t<div class=\"elementor-widget-container\">\n\t\t\t\t\t\t\t\t<div class=\"elementor-image\">\n\t\t\t\t\t\t\t\t\t\t\t\t\t<a href=\"https:\/\/bcm-aj.fr\/\">\n\t\t\t\t\t\t\t<img loading=\"lazy\" decoding=\"async\" width=\"300\" height=\"127\" src=\"https:\/\/a-ir.fr\/wp-content\/uploads\/2019\/10\/logo-BCM-300x127.png\" class=\"attachment-medium size-medium\" alt=\"\" srcset=\"https:\/\/a-ir.fr\/wp-content\/uploads\/2019\/10\/logo-BCM-300x127.png 300w, https:\/\/a-ir.fr\/wp-content\/uploads\/2019\/10\/logo-BCM-768x325.png 768w, https:\/\/a-ir.fr\/wp-content\/uploads\/2019\/10\/logo-BCM-1024x434.png 1024w\" sizes=\"auto, (max-width: 300px) 100vw, 300px\" \/>\t\t\t\t\t\t\t\t<\/a>\n\t\t\t\t\t\t\t\t\t\t\t\t\t\t<\/div>\n\t\t\t\t\t\t<\/div>\n\t\t\t\t<\/div>\n\t\t\t\t<div class=\"elementor-element elementor-element-065916b elementor-widget elementor-widget-eael-adv-accordion\" data-id=\"065916b\" data-element_type=\"widget\" data-widget_type=\"eael-adv-accordion.default\">\n\t\t\t\t<div class=\"elementor-widget-container\">\n\t\t\t        <div class=\"eael-adv-accordion\" id=\"eael-adv-accordion-065916b\" data-accordion-id=\"065916b\" data-accordion-type=\"accordion\" data-toogle-speed=\"300\">\n    <div class=\"eael-accordion-list\">\n                <div id=\"en-savoir-plus\" class=\"elementor-tab-title eael-accordion-header\" tabindex=\"6651\" data-tab=\"1\" role=\"tab\" aria-controls=\"elementor-tab-content-6651\"><span class=\"eael-accordion-tab-title\">En savoir plus<\/span><i aria-hidden=\"true\" class=\"fa-toggle fas fa-arrow-alt-circle-right\"><\/i><\/div><div id=\"elementor-tab-content-6651\" class=\"eael-accordion-content clearfix\" data-tab=\"1\" role=\"tabpanel\" aria-labelledby=\"en-savoir-plus\"><p><p>Eric est associ\u00e9 fondateur du Cabinet BCM qui emploie une quarantaine de collaborateurs implant\u00e9 sur 6 sites nationaux qui offre aux agents \u00e9conomiques et \u00e0 leurs conseils les moyens de traiter les dossiers confi\u00e9s tant dans un cadre amiable que judiciaire.<br \/>Il a \u00e9t\u00e9 dirigeant int\u00e9rimaire d'une entreprise de transport familiale employant une cinquantaine de salari\u00e9s compte-tenu de l\u2018indisponibilit\u00e9 du dirigeant pour raisons m\u00e9dicales (1984-1985).<br \/>Il a \u00e9t\u00e9 par la suite Mandataire Judiciaire du 1er d\u00e9cembre 1993 au 30 novembre 2000, puis Administrateur Judiciaire depuis le 1er d\u00e9cembre 2000 ; sp\u00e9cialiste des situations de crise \u00e9conomique, financi\u00e8re ou de gouvernance, qui intervient au b\u00e9n\u00e9fice d\u2019entreprises ou de structures de toutes tailles dans un cadre pr\u00e9ventif \u2013 Mandat Ad\u2019 Hoc, Conciliation et\/ ou curatif \u2013 Sauvegarde,\u00a0 Redressement judiciaire, dans tout secteur d\u2019activit\u00e9 civile ou commerciale.<\/p><\/p><\/div>\n                <\/div><\/div>\t\t<\/div>\n\t\t\t\t<\/div>\n\t\t\t\t\t\t<\/div>\n\t\t\t\t\t<\/div>\n\t\t<\/div>\n\t\t\t\t<div class=\"elementor-column elementor-col-25 elementor-inner-column elementor-element elementor-element-cc9b974\" data-id=\"cc9b974\" data-element_type=\"column\" data-settings=\"{&quot;background_background&quot;:&quot;classic&quot;}\">\n\t\t\t<div class=\"elementor-column-wrap elementor-element-populated\">\n\t\t\t\t\t\t\t<div class=\"elementor-widget-wrap\">\n\t\t\t\t\t\t<div class=\"elementor-element elementor-element-d08d56d elementor-widget elementor-widget-image\" data-id=\"d08d56d\" data-element_type=\"widget\" data-widget_type=\"image.default\">\n\t\t\t\t<div class=\"elementor-widget-container\">\n\t\t\t\t\t\t\t\t<div class=\"elementor-image\">\n\t\t\t\t\t\t\t\t\t\t\t\t<img loading=\"lazy\" decoding=\"async\" width=\"2000\" height=\"2000\" src=\"https:\/\/a-ir.fr\/wp-content\/uploads\/2023\/12\/DELOITTE-Sandrine-Gril-Prats_XAP_4617_SQ.jpg\" class=\"attachment-full size-full\" alt=\"\" srcset=\"https:\/\/a-ir.fr\/wp-content\/uploads\/2023\/12\/DELOITTE-Sandrine-Gril-Prats_XAP_4617_SQ.jpg 2000w, https:\/\/a-ir.fr\/wp-content\/uploads\/2023\/12\/DELOITTE-Sandrine-Gril-Prats_XAP_4617_SQ-300x300.jpg 300w, https:\/\/a-ir.fr\/wp-content\/uploads\/2023\/12\/DELOITTE-Sandrine-Gril-Prats_XAP_4617_SQ-1024x1024.jpg 1024w, https:\/\/a-ir.fr\/wp-content\/uploads\/2023\/12\/DELOITTE-Sandrine-Gril-Prats_XAP_4617_SQ-150x150.jpg 150w, https:\/\/a-ir.fr\/wp-content\/uploads\/2023\/12\/DELOITTE-Sandrine-Gril-Prats_XAP_4617_SQ-768x768.jpg 768w, https:\/\/a-ir.fr\/wp-content\/uploads\/2023\/12\/DELOITTE-Sandrine-Gril-Prats_XAP_4617_SQ-1536x1536.jpg 1536w\" sizes=\"auto, (max-width: 2000px) 100vw, 2000px\" \/>\t\t\t\t\t\t\t\t\t\t\t\t\t\t<\/div>\n\t\t\t\t\t\t<\/div>\n\t\t\t\t<\/div>\n\t\t\t\t<div class=\"elementor-element elementor-element-1196b61 elementor-widget elementor-widget-heading\" data-id=\"1196b61\" data-element_type=\"widget\" data-widget_type=\"heading.default\">\n\t\t\t\t<div class=\"elementor-widget-container\">\n\t\t\t<h2 class=\"elementor-heading-title elementor-size-default\"><br>Sandrine Gril-Prats<\/h2>\t\t<\/div>\n\t\t\t\t<\/div>\n\t\t\t\t<div class=\"elementor-element elementor-element-34f469e elementor-widget elementor-widget-heading\" data-id=\"34f469e\" data-element_type=\"widget\" data-widget_type=\"heading.default\">\n\t\t\t\t<div class=\"elementor-widget-container\">\n\t\t\t<h2 class=\"elementor-heading-title elementor-size-default\">Associ\u00e9e - Deloitte <\/h2>\t\t<\/div>\n\t\t\t\t<\/div>\n\t\t\t\t<div class=\"elementor-element elementor-element-4049ecc elementor-widget elementor-widget-image\" data-id=\"4049ecc\" data-element_type=\"widget\" data-widget_type=\"image.default\">\n\t\t\t\t<div class=\"elementor-widget-container\">\n\t\t\t\t\t\t\t\t<div class=\"elementor-image\">\n\t\t\t\t\t\t\t\t\t\t\t\t\t<a href=\"https:\/\/www2.deloitte.com\/fr\/fr.html\">\n\t\t\t\t\t\t\t<img loading=\"lazy\" decoding=\"async\" width=\"228\" height=\"173\" src=\"https:\/\/a-ir.fr\/wp-content\/uploads\/2019\/10\/Logo-Neopar-19.png\" class=\"attachment-medium size-medium\" alt=\"\" \/>\t\t\t\t\t\t\t\t<\/a>\n\t\t\t\t\t\t\t\t\t\t\t\t\t\t<\/div>\n\t\t\t\t\t\t<\/div>\n\t\t\t\t<\/div>\n\t\t\t\t<div class=\"elementor-element elementor-element-18a5e38 elementor-widget elementor-widget-eael-adv-accordion\" data-id=\"18a5e38\" data-element_type=\"widget\" data-widget_type=\"eael-adv-accordion.default\">\n\t\t\t\t<div class=\"elementor-widget-container\">\n\t\t\t        <div class=\"eael-adv-accordion\" id=\"eael-adv-accordion-18a5e38\" data-accordion-id=\"18a5e38\" data-accordion-type=\"accordion\" data-toogle-speed=\"300\">\n    <div class=\"eael-accordion-list\">\n                <div id=\"en-savoir-plus\" class=\"elementor-tab-title eael-accordion-header\" tabindex=\"2581\" data-tab=\"1\" role=\"tab\" aria-controls=\"elementor-tab-content-2581\"><span class=\"eael-accordion-tab-title\">En savoir plus<\/span><i aria-hidden=\"true\" class=\"fa-toggle fas fa-arrow-alt-circle-right\"><\/i><\/div><div id=\"elementor-tab-content-2581\" class=\"eael-accordion-content clearfix\" data-tab=\"1\" role=\"tabpanel\" aria-labelledby=\"en-savoir-plus\"><p><p>Sandrine est associ\u00e9e, Managing Partner du d\u00e9partement Deal, Transformation &amp; Turnaround au sein de Deloitte Financial Advisory, et Lead Partner de l\u2019activit\u00e9 Turnaround &amp; Restructuring.<\/p><p>Sandrine a plus de 27 ans d\u2019exp\u00e9rience dans le conseil financier. Elle est sp\u00e9cialis\u00e9e dans l\u2019am\u00e9lioration de la performance op\u00e9rationnelle et de l\u2019information financi\u00e8re, le diagnostic op\u00e9rationnel et financier ind\u00e9pendant \u00e0 destination des cr\u00e9anciers et\/ou actionnaires, et dans l\u2019accompagnement dans le cadre de n\u00e9gociations de restructuration.<\/p><p>Elle a d\u00e9but\u00e9 sa carri\u00e8re en 1996 chez EY en audit et transaction, avant d\u2019\u00eatre promue Associ\u00e9e Restructuring en 2008. Elle rejoint l\u2019activit\u00e9 Restructuring Financier de Deloitte Finance en 2015, pour d\u00e9velopper sa partie op\u00e9rationnelle.<\/p><p>Elle a conseill\u00e9 des entreprises dans de multiples secteurs, notamment dans la distribution, le textile, le mining, la construction, le n\u00e9goce, la sous-traitance automobile, le papier, le bois, l'a\u00e9rien et le sport.<\/p><p>Ses qualifications : Commissaire aux comptes et dipl\u00f4m\u00e9e de l\u2019ESC Reims.<\/p><\/p><\/div>\n                <\/div><\/div>\t\t<\/div>\n\t\t\t\t<\/div>\n\t\t\t\t\t\t<\/div>\n\t\t\t\t\t<\/div>\n\t\t<\/div>\n\t\t\t\t<div class=\"elementor-column elementor-col-25 elementor-inner-column elementor-element elementor-element-cc2910f\" data-id=\"cc2910f\" data-element_type=\"column\" data-settings=\"{&quot;background_background&quot;:&quot;classic&quot;}\">\n\t\t\t<div class=\"elementor-column-wrap elementor-element-populated\">\n\t\t\t\t\t\t\t<div class=\"elementor-widget-wrap\">\n\t\t\t\t\t\t<div class=\"elementor-element elementor-element-7e63bfc elementor-widget elementor-widget-image\" data-id=\"7e63bfc\" data-element_type=\"widget\" data-widget_type=\"image.default\">\n\t\t\t\t<div class=\"elementor-widget-container\">\n\t\t\t\t\t\t\t\t<div class=\"elementor-image\">\n\t\t\t\t\t\t\t\t\t\t\t\t<img loading=\"lazy\" decoding=\"async\" width=\"2000\" height=\"2000\" src=\"https:\/\/a-ir.fr\/wp-content\/uploads\/2019\/11\/Julie-BR.jpg\" class=\"attachment-full size-full\" alt=\"\" srcset=\"https:\/\/a-ir.fr\/wp-content\/uploads\/2019\/11\/Julie-BR.jpg 2000w, https:\/\/a-ir.fr\/wp-content\/uploads\/2019\/11\/Julie-BR-300x300.jpg 300w, https:\/\/a-ir.fr\/wp-content\/uploads\/2019\/11\/Julie-BR-1024x1024.jpg 1024w, https:\/\/a-ir.fr\/wp-content\/uploads\/2019\/11\/Julie-BR-150x150.jpg 150w, https:\/\/a-ir.fr\/wp-content\/uploads\/2019\/11\/Julie-BR-768x768.jpg 768w, https:\/\/a-ir.fr\/wp-content\/uploads\/2019\/11\/Julie-BR-1536x1536.jpg 1536w\" sizes=\"auto, (max-width: 2000px) 100vw, 2000px\" \/>\t\t\t\t\t\t\t\t\t\t\t\t\t\t<\/div>\n\t\t\t\t\t\t<\/div>\n\t\t\t\t<\/div>\n\t\t\t\t<div class=\"elementor-element elementor-element-956f704 elementor-widget elementor-widget-heading\" data-id=\"956f704\" data-element_type=\"widget\" data-widget_type=\"heading.default\">\n\t\t\t\t<div class=\"elementor-widget-container\">\n\t\t\t<h2 class=\"elementor-heading-title elementor-size-default\"><br>Julie B\u00e9ot-Rabiot<\/h2>\t\t<\/div>\n\t\t\t\t<\/div>\n\t\t\t\t<div class=\"elementor-element elementor-element-bc729ea elementor-widget elementor-widget-heading\" data-id=\"bc729ea\" data-element_type=\"widget\" data-widget_type=\"heading.default\">\n\t\t\t\t<div class=\"elementor-widget-container\">\n\t\t\t<h2 class=\"elementor-heading-title elementor-size-default\">Associ\u00e9e - Littler France<\/h2>\t\t<\/div>\n\t\t\t\t<\/div>\n\t\t\t\t<div class=\"elementor-element elementor-element-d559fea elementor-widget elementor-widget-image\" data-id=\"d559fea\" data-element_type=\"widget\" data-widget_type=\"image.default\">\n\t\t\t\t<div class=\"elementor-widget-container\">\n\t\t\t\t\t\t\t\t<div class=\"elementor-image\">\n\t\t\t\t\t\t\t\t\t\t\t\t\t<a href=\"https:\/\/littler.fr\/\">\n\t\t\t\t\t\t\t<img loading=\"lazy\" decoding=\"async\" width=\"300\" height=\"62\" src=\"https:\/\/a-ir.fr\/wp-content\/uploads\/2025\/01\/Littler_France_CMYK_Color-300x62.png\" class=\"attachment-medium size-medium\" alt=\"\" srcset=\"https:\/\/a-ir.fr\/wp-content\/uploads\/2025\/01\/Littler_France_CMYK_Color-300x62.png 300w, https:\/\/a-ir.fr\/wp-content\/uploads\/2025\/01\/Littler_France_CMYK_Color-1024x213.png 1024w, https:\/\/a-ir.fr\/wp-content\/uploads\/2025\/01\/Littler_France_CMYK_Color-768x160.png 768w, https:\/\/a-ir.fr\/wp-content\/uploads\/2025\/01\/Littler_France_CMYK_Color-1536x320.png 1536w, https:\/\/a-ir.fr\/wp-content\/uploads\/2025\/01\/Littler_France_CMYK_Color-2048x426.png 2048w\" sizes=\"auto, (max-width: 300px) 100vw, 300px\" \/>\t\t\t\t\t\t\t\t<\/a>\n\t\t\t\t\t\t\t\t\t\t\t\t\t\t<\/div>\n\t\t\t\t\t\t<\/div>\n\t\t\t\t<\/div>\n\t\t\t\t<div class=\"elementor-element elementor-element-7d04fec elementor-widget elementor-widget-eael-adv-accordion\" data-id=\"7d04fec\" data-element_type=\"widget\" data-widget_type=\"eael-adv-accordion.default\">\n\t\t\t\t<div class=\"elementor-widget-container\">\n\t\t\t        <div class=\"eael-adv-accordion\" id=\"eael-adv-accordion-7d04fec\" data-accordion-id=\"7d04fec\" data-accordion-type=\"accordion\" data-toogle-speed=\"300\">\n    <div class=\"eael-accordion-list\">\n                <div id=\"en-savoir-plus\" class=\"elementor-tab-title eael-accordion-header\" tabindex=\"1311\" data-tab=\"1\" role=\"tab\" aria-controls=\"elementor-tab-content-1311\"><span class=\"eael-accordion-tab-title\">En savoir plus<\/span><i aria-hidden=\"true\" class=\"fa-toggle fas fa-arrow-alt-circle-right\"><\/i><\/div><div id=\"elementor-tab-content-1311\" class=\"eael-accordion-content clearfix\" data-tab=\"1\" role=\"tabpanel\" aria-labelledby=\"en-savoir-plus\"><p><p>Julie est avocate associ\u00e9e au sein du cabinet Littler France depuis 2023. Elle a pr\u00e9alablement occup\u00e9 le poste de g\u00e9rante chez Fromont Briens.<\/p><p>Julie conseille des PME et des grands groupes sur des probl\u00e9matiques li\u00e9 au droit social, dont le droit du travail g\u00e9n\u00e9ral (conseil et contentieux), le droit de la s\u00e9curit\u00e9 sociale (conseil et contentieux), les relations individuelles et collectives, les restructurations, la dur\u00e9e du travail et l\u2019\u00e9pargne salariale. Elle est dipl\u00f4m\u00e9e d\u2019un D.E.S.S. Droit des relations sociales en entreprise.<\/p><\/p><\/div>\n                <\/div><\/div>\t\t<\/div>\n\t\t\t\t<\/div>\n\t\t\t\t\t\t<\/div>\n\t\t\t\t\t<\/div>\n\t\t<\/div>\n\t\t\t\t\t\t\t\t<\/div>\n\t\t\t\t\t<\/div>\n\t\t<\/section>\n\t\t\t\t<section class=\"elementor-section elementor-inner-section elementor-element elementor-element-52e827a elementor-section-boxed elementor-section-height-default elementor-section-height-default\" data-id=\"52e827a\" data-element_type=\"section\" data-settings=\"{&quot;background_background&quot;:&quot;classic&quot;}\">\n\t\t\t\t\t\t<div class=\"elementor-container elementor-column-gap-default\">\n\t\t\t\t\t\t\t<div class=\"elementor-row\">\n\t\t\t\t\t<div class=\"elementor-column elementor-col-25 elementor-inner-column elementor-element elementor-element-850a834\" data-id=\"850a834\" data-element_type=\"column\" data-settings=\"{&quot;background_background&quot;:&quot;classic&quot;}\">\n\t\t\t<div class=\"elementor-column-wrap elementor-element-populated\">\n\t\t\t\t\t\t\t<div class=\"elementor-widget-wrap\">\n\t\t\t\t\t\t<div class=\"elementor-element elementor-element-ca8bd8f elementor-widget elementor-widget-image\" data-id=\"ca8bd8f\" data-element_type=\"widget\" data-widget_type=\"image.default\">\n\t\t\t\t<div class=\"elementor-widget-container\">\n\t\t\t\t\t\t\t\t<div class=\"elementor-image\">\n\t\t\t\t\t\t\t\t\t\t\t\t<img loading=\"lazy\" decoding=\"async\" width=\"1219\" height=\"1219\" src=\"https:\/\/a-ir.fr\/wp-content\/uploads\/2019\/11\/HB.jpg\" class=\"attachment-full size-full\" alt=\"\" srcset=\"https:\/\/a-ir.fr\/wp-content\/uploads\/2019\/11\/HB.jpg 1219w, https:\/\/a-ir.fr\/wp-content\/uploads\/2019\/11\/HB-300x300.jpg 300w, https:\/\/a-ir.fr\/wp-content\/uploads\/2019\/11\/HB-1024x1024.jpg 1024w, https:\/\/a-ir.fr\/wp-content\/uploads\/2019\/11\/HB-150x150.jpg 150w, https:\/\/a-ir.fr\/wp-content\/uploads\/2019\/11\/HB-768x768.jpg 768w\" sizes=\"auto, (max-width: 1219px) 100vw, 1219px\" \/>\t\t\t\t\t\t\t\t\t\t\t\t\t\t<\/div>\n\t\t\t\t\t\t<\/div>\n\t\t\t\t<\/div>\n\t\t\t\t<div class=\"elementor-element elementor-element-21fa32d elementor-widget elementor-widget-heading\" data-id=\"21fa32d\" data-element_type=\"widget\" data-widget_type=\"heading.default\">\n\t\t\t\t<div class=\"elementor-widget-container\">\n\t\t\t<h2 class=\"elementor-heading-title elementor-size-default\"><br>H\u00e9l\u00e8ne Bourbouloux<\/h2>\t\t<\/div>\n\t\t\t\t<\/div>\n\t\t\t\t<div class=\"elementor-element elementor-element-53de5b7 elementor-widget elementor-widget-heading\" data-id=\"53de5b7\" data-element_type=\"widget\" data-widget_type=\"heading.default\">\n\t\t\t\t<div class=\"elementor-widget-container\">\n\t\t\t<h2 class=\"elementor-heading-title elementor-size-default\">Administrateur judiciaire, Associ\u00e9e-g\u00e9rante - FHB<\/h2>\t\t<\/div>\n\t\t\t\t<\/div>\n\t\t\t\t<div class=\"elementor-element elementor-element-2bf1d00 elementor-widget elementor-widget-image\" data-id=\"2bf1d00\" data-element_type=\"widget\" data-widget_type=\"image.default\">\n\t\t\t\t<div class=\"elementor-widget-container\">\n\t\t\t\t\t\t\t\t<div class=\"elementor-image\">\n\t\t\t\t\t\t\t\t\t\t\t\t\t<a href=\"https:\/\/www.fhbx.eu\/\">\n\t\t\t\t\t\t\t<img loading=\"lazy\" decoding=\"async\" width=\"228\" height=\"92\" src=\"https:\/\/a-ir.fr\/wp-content\/uploads\/2019\/10\/Logo-Neopar-20-e1575309183161.png\" class=\"attachment-medium size-medium\" alt=\"\" \/>\t\t\t\t\t\t\t\t<\/a>\n\t\t\t\t\t\t\t\t\t\t\t\t\t\t<\/div>\n\t\t\t\t\t\t<\/div>\n\t\t\t\t<\/div>\n\t\t\t\t<div class=\"elementor-element elementor-element-a9a835b elementor-widget elementor-widget-eael-adv-accordion\" data-id=\"a9a835b\" data-element_type=\"widget\" data-widget_type=\"eael-adv-accordion.default\">\n\t\t\t\t<div class=\"elementor-widget-container\">\n\t\t\t        <div class=\"eael-adv-accordion\" id=\"eael-adv-accordion-a9a835b\" data-accordion-id=\"a9a835b\" data-accordion-type=\"accordion\" data-toogle-speed=\"300\">\n    <div class=\"eael-accordion-list\">\n                <div id=\"en-savoir-plus\" class=\"elementor-tab-title eael-accordion-header\" tabindex=\"1771\" data-tab=\"1\" role=\"tab\" aria-controls=\"elementor-tab-content-1771\"><span class=\"eael-accordion-tab-title\">En savoir plus<\/span><i aria-hidden=\"true\" class=\"fa-toggle fas fa-arrow-alt-circle-right\"><\/i><\/div><div id=\"elementor-tab-content-1771\" class=\"eael-accordion-content clearfix\" data-tab=\"1\" role=\"tabpanel\" aria-labelledby=\"en-savoir-plus\"><p><p>Administrateur judiciaire, H\u00e9l\u00e8ne poss\u00e8de une exp\u00e9rience significative dans le restructuring sous l\u2019angle du mandat de justice. Elle partage ses activit\u00e9s entre le p\u00f4le judiciaire des proc\u00e9dures collectives (sauvegarde, pr\u00e9pack, redressement judiciaire) et le p\u00f4le Pr\u00e9vention. H\u00e9l\u00e8ne a d\u00e9velopp\u00e9 une expertise dans la restructuration financi\u00e8re de groupe sous LBO, la s\u00e9curisation des spin-off de filiales de grand groupe et les dossiers d\u2019envergure supranationale. H\u00e9l\u00e8ne est class\u00e9e \u00abincontournable\u00bb par le Magazine DECIDEURS dans la cat\u00e9gorie des administrateurs judiciaires. FHB a \u00e9t\u00e9 laur\u00e9at en 2012, 2013, 2014 et 2015 du grand prix \u00ab Restructuring \u00bb du Magazine des Affaires. H\u00e9l\u00e8ne a re\u00e7u le Prix Trajectoire d\u2019HEC en 2014, Prix de la Femme d\u2019Influence Economique (2015). Elle est membre des associations Droit et Commerce, International Insolvency Institude (III \u2013 Board Member), AFFIC, IFPPC et Women in Restructuring. Elle est \u00e9galement Chevalier Ordre National du M\u00e9rite (2015).<\/p><p>Qualifications\u2009: HEC, Licence en Droit (Panth\u00e9on-Sorbonne).<\/p><\/p><\/div>\n                <\/div><\/div>\t\t<\/div>\n\t\t\t\t<\/div>\n\t\t\t\t\t\t<\/div>\n\t\t\t\t\t<\/div>\n\t\t<\/div>\n\t\t\t\t<div class=\"elementor-column elementor-col-25 elementor-inner-column elementor-element elementor-element-a64955d\" data-id=\"a64955d\" data-element_type=\"column\" data-settings=\"{&quot;background_background&quot;:&quot;classic&quot;}\">\n\t\t\t<div class=\"elementor-column-wrap elementor-element-populated\">\n\t\t\t\t\t\t\t<div class=\"elementor-widget-wrap\">\n\t\t\t\t\t\t<div class=\"elementor-element elementor-element-b1e4696 elementor-widget elementor-widget-image\" data-id=\"b1e4696\" data-element_type=\"widget\" data-widget_type=\"image.default\">\n\t\t\t\t<div class=\"elementor-widget-container\">\n\t\t\t\t\t\t\t\t<div class=\"elementor-image\">\n\t\t\t\t\t\t\t\t\t\t\t\t<img loading=\"lazy\" decoding=\"async\" width=\"246\" height=\"246\" src=\"https:\/\/a-ir.fr\/wp-content\/uploads\/2019\/11\/1471334610_upme_thumb_cizain-jean-francois.jpg\" class=\"attachment-full size-full\" alt=\"\" srcset=\"https:\/\/a-ir.fr\/wp-content\/uploads\/2019\/11\/1471334610_upme_thumb_cizain-jean-francois.jpg 246w, https:\/\/a-ir.fr\/wp-content\/uploads\/2019\/11\/1471334610_upme_thumb_cizain-jean-francois-150x150.jpg 150w\" sizes=\"auto, (max-width: 246px) 100vw, 246px\" \/>\t\t\t\t\t\t\t\t\t\t\t\t\t\t<\/div>\n\t\t\t\t\t\t<\/div>\n\t\t\t\t<\/div>\n\t\t\t\t<div class=\"elementor-element elementor-element-10da7c0 elementor-widget elementor-widget-heading\" data-id=\"10da7c0\" data-element_type=\"widget\" data-widget_type=\"heading.default\">\n\t\t\t\t<div class=\"elementor-widget-container\">\n\t\t\t<h2 class=\"elementor-heading-title elementor-size-default\"><br>Jean-Fran\u00e7ois Cizain<\/h2>\t\t<\/div>\n\t\t\t\t<\/div>\n\t\t\t\t<div class=\"elementor-element elementor-element-ee9cba9 elementor-widget elementor-widget-heading\" data-id=\"ee9cba9\" data-element_type=\"widget\" data-widget_type=\"heading.default\">\n\t\t\t\t<div class=\"elementor-widget-container\">\n\t\t\t<h2 class=\"elementor-heading-title elementor-size-default\">Associ\u00e9 - Messier Maris &amp; Associ\u00e9s<\/h2>\t\t<\/div>\n\t\t\t\t<\/div>\n\t\t\t\t<div class=\"elementor-element elementor-element-98ef4ce elementor-widget elementor-widget-image\" data-id=\"98ef4ce\" data-element_type=\"widget\" data-widget_type=\"image.default\">\n\t\t\t\t<div class=\"elementor-widget-container\">\n\t\t\t\t\t\t\t\t<div class=\"elementor-image\">\n\t\t\t\t\t\t\t\t\t\t\t\t<img loading=\"lazy\" decoding=\"async\" width=\"300\" height=\"300\" src=\"https:\/\/a-ir.fr\/wp-content\/uploads\/2019\/10\/40000023523-300x300.png\" class=\"attachment-medium size-medium\" alt=\"\" srcset=\"https:\/\/a-ir.fr\/wp-content\/uploads\/2019\/10\/40000023523-300x300.png 300w, https:\/\/a-ir.fr\/wp-content\/uploads\/2019\/10\/40000023523-150x150.png 150w, https:\/\/a-ir.fr\/wp-content\/uploads\/2019\/10\/40000023523.png 480w\" sizes=\"auto, (max-width: 300px) 100vw, 300px\" \/>\t\t\t\t\t\t\t\t\t\t\t\t\t\t<\/div>\n\t\t\t\t\t\t<\/div>\n\t\t\t\t<\/div>\n\t\t\t\t<div class=\"elementor-element elementor-element-8b0b944 elementor-widget elementor-widget-eael-adv-accordion\" data-id=\"8b0b944\" data-element_type=\"widget\" data-widget_type=\"eael-adv-accordion.default\">\n\t\t\t\t<div class=\"elementor-widget-container\">\n\t\t\t        <div class=\"eael-adv-accordion\" id=\"eael-adv-accordion-8b0b944\" data-accordion-id=\"8b0b944\" data-accordion-type=\"accordion\" data-toogle-speed=\"300\">\n    <div class=\"eael-accordion-list\">\n                <div id=\"en-savoir-plus\" class=\"elementor-tab-title eael-accordion-header\" tabindex=\"1451\" data-tab=\"1\" role=\"tab\" aria-controls=\"elementor-tab-content-1451\"><span class=\"eael-accordion-tab-title\">En savoir plus<\/span><i aria-hidden=\"true\" class=\"fa-toggle fas fa-arrow-alt-circle-right\"><\/i><\/div><div id=\"elementor-tab-content-1451\" class=\"eael-accordion-content clearfix\" data-tab=\"1\" role=\"tabpanel\" aria-labelledby=\"en-savoir-plus\"><p><p>Jean-Fran\u00e7ois est associ\u00e9 au sein de Messier Maris &amp; Associ\u00e9s.<br \/>Il est sp\u00e9cialis\u00e9 dans le conseil en financements structur\u00e9s et restructurations. Il a travaill\u00e9 17 ans au sein du Groupe Lazard, \u00e0 Londres (9 ans) et Paris (8 ans) de 1996 \u00e0 2013. En 2013, il fonde Special Debt Situations Ltd \u00e0 Londres. Agissant aussi bien pour le compte des emprunteurs que des pr\u00eateurs, Jean-Fran\u00e7ois a particip\u00e9 \u00e0 de nombreuses restructurations financi\u00e8res de premier plan. En juillet 2015, Jean-Fran\u00e7ois est devenu l\u2019associ\u00e9 responsable des activit\u00e9s de restructuration de Messier Maris &amp; Associ\u00e9s.<br \/>Qualifications : Ing\u00e9nieur ETP, MS Finance HEC.<\/p><\/p><\/div>\n                <\/div><\/div>\t\t<\/div>\n\t\t\t\t<\/div>\n\t\t\t\t\t\t<\/div>\n\t\t\t\t\t<\/div>\n\t\t<\/div>\n\t\t\t\t<div class=\"elementor-column elementor-col-25 elementor-inner-column elementor-element elementor-element-23b9959\" data-id=\"23b9959\" data-element_type=\"column\" data-settings=\"{&quot;background_background&quot;:&quot;classic&quot;}\">\n\t\t\t<div class=\"elementor-column-wrap elementor-element-populated\">\n\t\t\t\t\t\t\t<div class=\"elementor-widget-wrap\">\n\t\t\t\t\t\t<div class=\"elementor-element elementor-element-52f701d elementor-widget elementor-widget-image\" data-id=\"52f701d\" data-element_type=\"widget\" data-widget_type=\"image.default\">\n\t\t\t\t<div class=\"elementor-widget-container\">\n\t\t\t\t\t\t\t\t<div class=\"elementor-image\">\n\t\t\t\t\t\t\t\t\t\t\t\t<img loading=\"lazy\" decoding=\"async\" width=\"255\" height=\"255\" src=\"https:\/\/a-ir.fr\/wp-content\/uploads\/2019\/11\/Daudier_de_Cassini_Jean_Dominique.jpg\" class=\"attachment-full size-full\" alt=\"\" srcset=\"https:\/\/a-ir.fr\/wp-content\/uploads\/2019\/11\/Daudier_de_Cassini_Jean_Dominique.jpg 255w, https:\/\/a-ir.fr\/wp-content\/uploads\/2019\/11\/Daudier_de_Cassini_Jean_Dominique-150x150.jpg 150w\" sizes=\"auto, (max-width: 255px) 100vw, 255px\" \/>\t\t\t\t\t\t\t\t\t\t\t\t\t\t<\/div>\n\t\t\t\t\t\t<\/div>\n\t\t\t\t<\/div>\n\t\t\t\t<div class=\"elementor-element elementor-element-0753e8e elementor-widget elementor-widget-heading\" data-id=\"0753e8e\" data-element_type=\"widget\" data-widget_type=\"heading.default\">\n\t\t\t\t<div class=\"elementor-widget-container\">\n\t\t\t<h2 class=\"elementor-heading-title elementor-size-default\"><br>Jean-Dominique Daudier de Cassini<\/h2>\t\t<\/div>\n\t\t\t\t<\/div>\n\t\t\t\t<div class=\"elementor-element elementor-element-bd0f9fd elementor-widget elementor-widget-heading\" data-id=\"bd0f9fd\" data-element_type=\"widget\" data-widget_type=\"heading.default\">\n\t\t\t\t<div class=\"elementor-widget-container\">\n\t\t\t<h2 class=\"elementor-heading-title elementor-size-default\">Associ\u00e9 - Weil, Gotshal &amp; Manges<\/h2>\t\t<\/div>\n\t\t\t\t<\/div>\n\t\t\t\t<div class=\"elementor-element elementor-element-da6f580 elementor-widget elementor-widget-image\" data-id=\"da6f580\" data-element_type=\"widget\" data-widget_type=\"image.default\">\n\t\t\t\t<div class=\"elementor-widget-container\">\n\t\t\t\t\t\t\t\t<div class=\"elementor-image\">\n\t\t\t\t\t\t\t\t\t\t\t\t\t<a href=\"https:\/\/www.weil.com\/locations\/paris\">\n\t\t\t\t\t\t\t<img loading=\"lazy\" decoding=\"async\" width=\"300\" height=\"144\" src=\"https:\/\/a-ir.fr\/wp-content\/uploads\/2019\/10\/Weil-Gotshal-Manges-LLP_0-300x144.jpg\" class=\"attachment-medium size-medium\" alt=\"\" srcset=\"https:\/\/a-ir.fr\/wp-content\/uploads\/2019\/10\/Weil-Gotshal-Manges-LLP_0-300x144.jpg 300w, https:\/\/a-ir.fr\/wp-content\/uploads\/2019\/10\/Weil-Gotshal-Manges-LLP_0.jpg 520w\" sizes=\"auto, (max-width: 300px) 100vw, 300px\" \/>\t\t\t\t\t\t\t\t<\/a>\n\t\t\t\t\t\t\t\t\t\t\t\t\t\t<\/div>\n\t\t\t\t\t\t<\/div>\n\t\t\t\t<\/div>\n\t\t\t\t<div class=\"elementor-element elementor-element-e6d5b8c elementor-widget elementor-widget-eael-adv-accordion\" data-id=\"e6d5b8c\" data-element_type=\"widget\" data-widget_type=\"eael-adv-accordion.default\">\n\t\t\t\t<div class=\"elementor-widget-container\">\n\t\t\t        <div class=\"eael-adv-accordion\" id=\"eael-adv-accordion-e6d5b8c\" data-accordion-id=\"e6d5b8c\" data-accordion-type=\"accordion\" data-toogle-speed=\"300\">\n    <div class=\"eael-accordion-list\">\n                <div id=\"en-savoir-plus\" class=\"elementor-tab-title eael-accordion-header\" tabindex=\"2421\" data-tab=\"1\" role=\"tab\" aria-controls=\"elementor-tab-content-2421\"><span class=\"eael-accordion-tab-title\">En savoir plus<\/span><i aria-hidden=\"true\" class=\"fa-toggle fas fa-arrow-alt-circle-right\"><\/i><\/div><div id=\"elementor-tab-content-2421\" class=\"eael-accordion-content clearfix\" data-tab=\"1\" role=\"tabpanel\" aria-labelledby=\"en-savoir-plus\"><p><p>Jean-Dominique est un associ\u00e9 au sein de Weil Gotshal &amp; Manges<\/p><p>Il codirige l\u2019\u00e9quipe Restructuring du bureau de Paris, qui est un acteur de r\u00e9f\u00e9rence sur le march\u00e9, en qualit\u00e9 de conseil de clients industriels ou financiers. Avant de rejoindre Weil Gotshal &amp; Manges, Jean-Dominique a dirig\u00e9 l\u2019activit\u00e9 Restructuring des cabinets Willkie Farr &amp; Gallagher, Andersen Legal, et Borloo &amp; Associ\u00e9s.<\/p><p>Qualifications\u2009: Avocat, MBA HEC, HEI G\u00e9nie Civil<\/p><\/p><\/div>\n                <\/div><\/div>\t\t<\/div>\n\t\t\t\t<\/div>\n\t\t\t\t\t\t<\/div>\n\t\t\t\t\t<\/div>\n\t\t<\/div>\n\t\t\t\t<div class=\"elementor-column elementor-col-25 elementor-inner-column elementor-element elementor-element-abf1db0\" data-id=\"abf1db0\" data-element_type=\"column\" data-settings=\"{&quot;background_background&quot;:&quot;classic&quot;}\">\n\t\t\t<div class=\"elementor-column-wrap elementor-element-populated\">\n\t\t\t\t\t\t\t<div class=\"elementor-widget-wrap\">\n\t\t\t\t\t\t<div class=\"elementor-element elementor-element-6b37a0f elementor-widget elementor-widget-image\" data-id=\"6b37a0f\" data-element_type=\"widget\" data-widget_type=\"image.default\">\n\t\t\t\t<div class=\"elementor-widget-container\">\n\t\t\t\t\t\t\t\t<div class=\"elementor-image\">\n\t\t\t\t\t\t\t\t\t\t\t\t<img loading=\"lazy\" decoding=\"async\" width=\"1548\" height=\"1548\" src=\"https:\/\/a-ir.fr\/wp-content\/uploads\/2019\/11\/Photo-Delemazure-Clotilde-.jpg\" class=\"attachment-full size-full\" alt=\"\" srcset=\"https:\/\/a-ir.fr\/wp-content\/uploads\/2019\/11\/Photo-Delemazure-Clotilde-.jpg 1548w, https:\/\/a-ir.fr\/wp-content\/uploads\/2019\/11\/Photo-Delemazure-Clotilde--300x300.jpg 300w, https:\/\/a-ir.fr\/wp-content\/uploads\/2019\/11\/Photo-Delemazure-Clotilde--1024x1024.jpg 1024w, https:\/\/a-ir.fr\/wp-content\/uploads\/2019\/11\/Photo-Delemazure-Clotilde--150x150.jpg 150w, https:\/\/a-ir.fr\/wp-content\/uploads\/2019\/11\/Photo-Delemazure-Clotilde--768x768.jpg 768w, https:\/\/a-ir.fr\/wp-content\/uploads\/2019\/11\/Photo-Delemazure-Clotilde--1536x1536.jpg 1536w\" sizes=\"auto, (max-width: 1548px) 100vw, 1548px\" \/>\t\t\t\t\t\t\t\t\t\t\t\t\t\t<\/div>\n\t\t\t\t\t\t<\/div>\n\t\t\t\t<\/div>\n\t\t\t\t<div class=\"elementor-element elementor-element-5d12c13 elementor-widget elementor-widget-heading\" data-id=\"5d12c13\" data-element_type=\"widget\" data-widget_type=\"heading.default\">\n\t\t\t\t<div class=\"elementor-widget-container\">\n\t\t\t<h2 class=\"elementor-heading-title elementor-size-default\"><br>Clothilde Delemazure<\/h2>\t\t<\/div>\n\t\t\t\t<\/div>\n\t\t\t\t<div class=\"elementor-element elementor-element-a2d3272 elementor-widget elementor-widget-heading\" data-id=\"a2d3272\" data-element_type=\"widget\" data-widget_type=\"heading.default\">\n\t\t\t\t<div class=\"elementor-widget-container\">\n\t\t\t<h2 class=\"elementor-heading-title elementor-size-default\">Associ\u00e9e - Grant Thornton<\/h2>\t\t<\/div>\n\t\t\t\t<\/div>\n\t\t\t\t<div class=\"elementor-element elementor-element-2ae1050 elementor-widget elementor-widget-image\" data-id=\"2ae1050\" data-element_type=\"widget\" data-widget_type=\"image.default\">\n\t\t\t\t<div class=\"elementor-widget-container\">\n\t\t\t\t\t\t\t\t<div class=\"elementor-image\">\n\t\t\t\t\t\t\t\t\t\t\t\t\t<a href=\"https:\/\/www.grantthornton.fr\/fr\/\">\n\t\t\t\t\t\t\t<img loading=\"lazy\" decoding=\"async\" width=\"228\" height=\"173\" src=\"https:\/\/a-ir.fr\/wp-content\/uploads\/2019\/10\/Logo-Neopar-15.png\" class=\"attachment-medium size-medium\" alt=\"\" \/>\t\t\t\t\t\t\t\t<\/a>\n\t\t\t\t\t\t\t\t\t\t\t\t\t\t<\/div>\n\t\t\t\t\t\t<\/div>\n\t\t\t\t<\/div>\n\t\t\t\t<div class=\"elementor-element elementor-element-d8ad8eb elementor-widget elementor-widget-eael-adv-accordion\" data-id=\"d8ad8eb\" data-element_type=\"widget\" data-widget_type=\"eael-adv-accordion.default\">\n\t\t\t\t<div class=\"elementor-widget-container\">\n\t\t\t        <div class=\"eael-adv-accordion\" id=\"eael-adv-accordion-d8ad8eb\" data-accordion-id=\"d8ad8eb\" data-accordion-type=\"accordion\" data-toogle-speed=\"300\">\n    <div class=\"eael-accordion-list\">\n                <div id=\"en-savoir-plus\" class=\"elementor-tab-title eael-accordion-header\" tabindex=\"2271\" data-tab=\"1\" role=\"tab\" aria-controls=\"elementor-tab-content-2271\"><span class=\"eael-accordion-tab-title\">En savoir plus<\/span><i aria-hidden=\"true\" class=\"fa-toggle fas fa-arrow-alt-circle-right\"><\/i><\/div><div id=\"elementor-tab-content-2271\" class=\"eael-accordion-content clearfix\" data-tab=\"1\" role=\"tabpanel\" aria-labelledby=\"en-savoir-plus\"><p><p>Clothilde est une associ\u00e9e de Grant Thornton et est responsable nationale de l\u2019offre restructuring<br \/>Elle est une professionnelle exp\u00e9riment\u00e9e du m\u00e9tier de la restructuration d\u2019entreprises gr\u00e2ce notamment \u00e0 son exp\u00e9rience de plus de 18 ann\u00e9es dans le conseil financier et op\u00e9rationnel au sein de deux grands cabinets d\u2019audit et de conseil, Mazars jusqu\u2019en juillet 2005 puis Grant Thornton. Clotilde Delemazure est sp\u00e9cialis\u00e9e dans le traitement de la situation de sous-performance ou de difficult\u00e9 de l\u2019entreprise, ainsi que dans la transmission\/acquisition d\u2019entreprises en situation de difficult\u00e9 (distressed M&amp;A). Avec ses \u00e9quipes d\u00e9ploy\u00e9es \u00e0 Paris et en r\u00e9gion, elle a particip\u00e9 \u00e0 la restructuration de PME et ETI dans diff\u00e9rents secteurs d\u2019activit\u00e9 : industrie, agroalimentaire, presse, num\u00e9rique, distribution et transports.<br \/>Clotilde est membre du Conseil de Gouvernance de Grant Thornton et active au sein de plusieurs associations dont la WIR- Women in Restructuring, dont elle est co-fondatrice et membre du Board.<\/p><\/p><\/div>\n                <\/div><\/div>\t\t<\/div>\n\t\t\t\t<\/div>\n\t\t\t\t\t\t<\/div>\n\t\t\t\t\t<\/div>\n\t\t<\/div>\n\t\t\t\t\t\t\t\t<\/div>\n\t\t\t\t\t<\/div>\n\t\t<\/section>\n\t\t\t\t<section class=\"elementor-section elementor-inner-section elementor-element elementor-element-901ccef elementor-section-boxed elementor-section-height-default elementor-section-height-default\" data-id=\"901ccef\" data-element_type=\"section\" data-settings=\"{&quot;background_background&quot;:&quot;classic&quot;}\">\n\t\t\t\t\t\t<div class=\"elementor-container elementor-column-gap-default\">\n\t\t\t\t\t\t\t<div class=\"elementor-row\">\n\t\t\t\t\t<div class=\"elementor-column elementor-col-25 elementor-inner-column elementor-element elementor-element-8fe20ce\" data-id=\"8fe20ce\" data-element_type=\"column\" data-settings=\"{&quot;background_background&quot;:&quot;classic&quot;}\">\n\t\t\t<div class=\"elementor-column-wrap elementor-element-populated\">\n\t\t\t\t\t\t\t<div class=\"elementor-widget-wrap\">\n\t\t\t\t\t\t<div class=\"elementor-element elementor-element-69b1688 elementor-widget elementor-widget-image\" data-id=\"69b1688\" data-element_type=\"widget\" data-widget_type=\"image.default\">\n\t\t\t\t<div class=\"elementor-widget-container\">\n\t\t\t\t\t\t\t\t<div class=\"elementor-image\">\n\t\t\t\t\t\t\t\t\t\t\t\t<img loading=\"lazy\" decoding=\"async\" width=\"544\" height=\"544\" src=\"https:\/\/a-ir.fr\/wp-content\/uploads\/2019\/11\/druon_philippe_l85959.jpg\" class=\"attachment-full size-full\" alt=\"\" srcset=\"https:\/\/a-ir.fr\/wp-content\/uploads\/2019\/11\/druon_philippe_l85959.jpg 544w, https:\/\/a-ir.fr\/wp-content\/uploads\/2019\/11\/druon_philippe_l85959-300x300.jpg 300w, https:\/\/a-ir.fr\/wp-content\/uploads\/2019\/11\/druon_philippe_l85959-150x150.jpg 150w\" sizes=\"auto, (max-width: 544px) 100vw, 544px\" \/>\t\t\t\t\t\t\t\t\t\t\t\t\t\t<\/div>\n\t\t\t\t\t\t<\/div>\n\t\t\t\t<\/div>\n\t\t\t\t<div class=\"elementor-element elementor-element-f7466c2 elementor-widget elementor-widget-heading\" data-id=\"f7466c2\" data-element_type=\"widget\" data-widget_type=\"heading.default\">\n\t\t\t\t<div class=\"elementor-widget-container\">\n\t\t\t<h2 class=\"elementor-heading-title elementor-size-default\"><br>Philippe Druon<\/h2>\t\t<\/div>\n\t\t\t\t<\/div>\n\t\t\t\t<div class=\"elementor-element elementor-element-401f13b elementor-widget elementor-widget-heading\" data-id=\"401f13b\" data-element_type=\"widget\" data-widget_type=\"heading.default\">\n\t\t\t\t<div class=\"elementor-widget-container\">\n\t\t\t<h2 class=\"elementor-heading-title elementor-size-default\">Associ\u00e9 - Hogan Lovells LLP<\/h2>\t\t<\/div>\n\t\t\t\t<\/div>\n\t\t\t\t<div class=\"elementor-element elementor-element-643c5fe elementor-widget elementor-widget-image\" data-id=\"643c5fe\" data-element_type=\"widget\" data-widget_type=\"image.default\">\n\t\t\t\t<div class=\"elementor-widget-container\">\n\t\t\t\t\t\t\t\t<div class=\"elementor-image\">\n\t\t\t\t\t\t\t\t\t\t\t\t\t<a href=\"https:\/\/www.hoganlovells.com\/\">\n\t\t\t\t\t\t\t<img loading=\"lazy\" decoding=\"async\" width=\"300\" height=\"300\" src=\"https:\/\/a-ir.fr\/wp-content\/uploads\/2019\/10\/Hogan_Lovells_logo.svg_-300x300.png\" class=\"attachment-medium size-medium\" alt=\"\" srcset=\"https:\/\/a-ir.fr\/wp-content\/uploads\/2019\/10\/Hogan_Lovells_logo.svg_-300x300.png 300w, https:\/\/a-ir.fr\/wp-content\/uploads\/2019\/10\/Hogan_Lovells_logo.svg_-150x150.png 150w, https:\/\/a-ir.fr\/wp-content\/uploads\/2019\/10\/Hogan_Lovells_logo.svg_-768x768.png 768w, https:\/\/a-ir.fr\/wp-content\/uploads\/2019\/10\/Hogan_Lovells_logo.svg_-1024x1024.png 1024w, https:\/\/a-ir.fr\/wp-content\/uploads\/2019\/10\/Hogan_Lovells_logo.svg_.png 1200w\" sizes=\"auto, (max-width: 300px) 100vw, 300px\" \/>\t\t\t\t\t\t\t\t<\/a>\n\t\t\t\t\t\t\t\t\t\t\t\t\t\t<\/div>\n\t\t\t\t\t\t<\/div>\n\t\t\t\t<\/div>\n\t\t\t\t<div class=\"elementor-element elementor-element-8dcf4d0 elementor-widget elementor-widget-eael-adv-accordion\" data-id=\"8dcf4d0\" data-element_type=\"widget\" data-widget_type=\"eael-adv-accordion.default\">\n\t\t\t\t<div class=\"elementor-widget-container\">\n\t\t\t        <div class=\"eael-adv-accordion\" id=\"eael-adv-accordion-8dcf4d0\" data-accordion-id=\"8dcf4d0\" data-accordion-type=\"accordion\" data-toogle-speed=\"300\">\n    <div class=\"eael-accordion-list\">\n                <div id=\"en-savoir-plus\" class=\"elementor-tab-title eael-accordion-header\" tabindex=\"1481\" data-tab=\"1\" role=\"tab\" aria-controls=\"elementor-tab-content-1481\"><span class=\"eael-accordion-tab-title\">En savoir plus<\/span><i aria-hidden=\"true\" class=\"fa-toggle fas fa-arrow-alt-circle-right\"><\/i><\/div><div id=\"elementor-tab-content-1481\" class=\"eael-accordion-content clearfix\" data-tab=\"1\" role=\"tabpanel\" aria-labelledby=\"en-savoir-plus\"><p><p>Philippe est avocat associ\u00e9 et responsable du d\u00e9partement Business Restructuring &amp; Insolvency restructuring d'Hogan Lovells.<\/p><p>Philippe (et l\u2019\u00e9quipe qu\u2019il co-dirige) se distingue par sa capacit\u00e9 d\u2019analyse des dossiers qui lui sont confi\u00e9s au plan non seulement juridique mais aussi \u00e9conomique, financier et op\u00e9rationnel et par son approche dynamique et originale de leur traitement fond\u00e9e essentiellement sur l\u2019exp\u00e9rience, le pragmatisme et la ma\u00eetrise de l\u2019environnement. Philippe enseigne les proc\u00e9dures collectives dans le Master II de proc\u00e9dures collectives de Panth\u00e9on-Sorbonne I.<\/p><p>Qualifications\u2009: Avocat, master I Droit des affaires de Paris II, master II Droit des affaires Sorbonne.<\/p><\/p><\/div>\n                <\/div><\/div>\t\t<\/div>\n\t\t\t\t<\/div>\n\t\t\t\t\t\t<\/div>\n\t\t\t\t\t<\/div>\n\t\t<\/div>\n\t\t\t\t<div class=\"elementor-column elementor-col-25 elementor-inner-column elementor-element elementor-element-0b83b65\" data-id=\"0b83b65\" data-element_type=\"column\" data-settings=\"{&quot;background_background&quot;:&quot;classic&quot;}\">\n\t\t\t<div class=\"elementor-column-wrap elementor-element-populated\">\n\t\t\t\t\t\t\t<div class=\"elementor-widget-wrap\">\n\t\t\t\t\t\t<div class=\"elementor-element elementor-element-e417acf elementor-widget elementor-widget-image\" data-id=\"e417acf\" data-element_type=\"widget\" data-widget_type=\"image.default\">\n\t\t\t\t<div class=\"elementor-widget-container\">\n\t\t\t\t\t\t\t\t<div class=\"elementor-image\">\n\t\t\t\t\t\t\t\t\t\t\t\t<img loading=\"lazy\" decoding=\"async\" width=\"713\" height=\"713\" src=\"https:\/\/a-ir.fr\/wp-content\/uploads\/2019\/11\/philipep-dubois.jpg\" class=\"attachment-full size-full\" alt=\"\" srcset=\"https:\/\/a-ir.fr\/wp-content\/uploads\/2019\/11\/philipep-dubois.jpg 713w, https:\/\/a-ir.fr\/wp-content\/uploads\/2019\/11\/philipep-dubois-300x300.jpg 300w, https:\/\/a-ir.fr\/wp-content\/uploads\/2019\/11\/philipep-dubois-150x150.jpg 150w\" sizes=\"auto, (max-width: 713px) 100vw, 713px\" \/>\t\t\t\t\t\t\t\t\t\t\t\t\t\t<\/div>\n\t\t\t\t\t\t<\/div>\n\t\t\t\t<\/div>\n\t\t\t\t<div class=\"elementor-element elementor-element-8ae906c elementor-widget elementor-widget-heading\" data-id=\"8ae906c\" data-element_type=\"widget\" data-widget_type=\"heading.default\">\n\t\t\t\t<div class=\"elementor-widget-container\">\n\t\t\t<h2 class=\"elementor-heading-title elementor-size-default\"><br>Philippe Dubois<\/h2>\t\t<\/div>\n\t\t\t\t<\/div>\n\t\t\t\t<div class=\"elementor-element elementor-element-b5c915b elementor-widget elementor-widget-heading\" data-id=\"b5c915b\" data-element_type=\"widget\" data-widget_type=\"heading.default\">\n\t\t\t\t<div class=\"elementor-widget-container\">\n\t\t\t<h2 class=\"elementor-heading-title elementor-size-default\">Associ\u00e9 - De Pardieu Brocas Maffei<\/h2>\t\t<\/div>\n\t\t\t\t<\/div>\n\t\t\t\t<div class=\"elementor-element elementor-element-0cb0681 elementor-widget elementor-widget-image\" data-id=\"0cb0681\" data-element_type=\"widget\" data-widget_type=\"image.default\">\n\t\t\t\t<div class=\"elementor-widget-container\">\n\t\t\t\t\t\t\t\t<div class=\"elementor-image\">\n\t\t\t\t\t\t\t\t\t\t\t\t\t<a href=\"http:\/\/www.de-pardieu.com\/\">\n\t\t\t\t\t\t\t<img loading=\"lazy\" decoding=\"async\" width=\"300\" height=\"174\" src=\"https:\/\/a-ir.fr\/wp-content\/uploads\/2019\/11\/De-Pardieu-300x174.png\" class=\"attachment-medium size-medium\" alt=\"\" srcset=\"https:\/\/a-ir.fr\/wp-content\/uploads\/2019\/11\/De-Pardieu-300x174.png 300w, https:\/\/a-ir.fr\/wp-content\/uploads\/2019\/11\/De-Pardieu-1024x594.png 1024w, https:\/\/a-ir.fr\/wp-content\/uploads\/2019\/11\/De-Pardieu-768x446.png 768w, https:\/\/a-ir.fr\/wp-content\/uploads\/2019\/11\/De-Pardieu.png 1034w\" sizes=\"auto, (max-width: 300px) 100vw, 300px\" \/>\t\t\t\t\t\t\t\t<\/a>\n\t\t\t\t\t\t\t\t\t\t\t\t\t\t<\/div>\n\t\t\t\t\t\t<\/div>\n\t\t\t\t<\/div>\n\t\t\t\t<div class=\"elementor-element elementor-element-a2603dc elementor-widget elementor-widget-eael-adv-accordion\" data-id=\"a2603dc\" data-element_type=\"widget\" data-widget_type=\"eael-adv-accordion.default\">\n\t\t\t\t<div class=\"elementor-widget-container\">\n\t\t\t        <div class=\"eael-adv-accordion\" id=\"eael-adv-accordion-a2603dc\" data-accordion-id=\"a2603dc\" data-accordion-type=\"accordion\" data-toogle-speed=\"300\">\n    <div class=\"eael-accordion-list\">\n                <div id=\"en-savoir-plus\" class=\"elementor-tab-title eael-accordion-header\" tabindex=\"1701\" data-tab=\"1\" role=\"tab\" aria-controls=\"elementor-tab-content-1701\"><span class=\"eael-accordion-tab-title\">En savoir plus<\/span><i aria-hidden=\"true\" class=\"fa-toggle fas fa-arrow-alt-circle-right\"><\/i><\/div><div id=\"elementor-tab-content-1701\" class=\"eael-accordion-content clearfix\" data-tab=\"1\" role=\"tabpanel\" aria-labelledby=\"en-savoir-plus\"><p><p>Philippe est avocat associ\u00e9 au sein de De Pardieu Brocas Maffei.<br \/>Il est un expert reconnu des restructurations, est le conseil d\u2019\u00e9tablissements bancaires et financiers fran\u00e7ais et \u00e9trangers. Il conseille \u00e9galement plusieurs grands groupes industriels fran\u00e7ais et \u00e9trangers dans de nombreux secteurs de l\u2019\u00e9conomie. Il est responsable des \u00e9quipes restructuring, contentieux et arbitrage du cabinet. <br \/>Qualifications\u2009: Avocat au barreau de Paris, agr\u00e9g\u00e9 des Facult\u00e9s de Droit, Professeur \u00e0 l'universit\u00e9 de Paris X<\/p><\/p><\/div>\n                <\/div><\/div>\t\t<\/div>\n\t\t\t\t<\/div>\n\t\t\t\t\t\t<\/div>\n\t\t\t\t\t<\/div>\n\t\t<\/div>\n\t\t\t\t<div class=\"elementor-column elementor-col-25 elementor-inner-column elementor-element elementor-element-b8a1d29\" data-id=\"b8a1d29\" data-element_type=\"column\" data-settings=\"{&quot;background_background&quot;:&quot;classic&quot;}\">\n\t\t\t<div class=\"elementor-column-wrap elementor-element-populated\">\n\t\t\t\t\t\t\t<div class=\"elementor-widget-wrap\">\n\t\t\t\t\t\t<div class=\"elementor-element elementor-element-0e20d3f elementor-widget elementor-widget-image\" data-id=\"0e20d3f\" data-element_type=\"widget\" data-widget_type=\"image.default\">\n\t\t\t\t<div class=\"elementor-widget-container\">\n\t\t\t\t\t\t\t\t<div class=\"elementor-image\">\n\t\t\t\t\t\t\t\t\t\t\t\t<img loading=\"lazy\" decoding=\"async\" width=\"1689\" height=\"1651\" src=\"https:\/\/a-ir.fr\/wp-content\/uploads\/2021\/08\/Solve-Jonathan-El-Baze-compressee-scaled-e1627913301986.jpg\" class=\"attachment-full size-full\" alt=\"\" srcset=\"https:\/\/a-ir.fr\/wp-content\/uploads\/2021\/08\/Solve-Jonathan-El-Baze-compressee-scaled-e1627913301986.jpg 1689w, https:\/\/a-ir.fr\/wp-content\/uploads\/2021\/08\/Solve-Jonathan-El-Baze-compressee-scaled-e1627913301986-300x293.jpg 300w, https:\/\/a-ir.fr\/wp-content\/uploads\/2021\/08\/Solve-Jonathan-El-Baze-compressee-scaled-e1627913301986-1024x1001.jpg 1024w, https:\/\/a-ir.fr\/wp-content\/uploads\/2021\/08\/Solve-Jonathan-El-Baze-compressee-scaled-e1627913301986-768x751.jpg 768w, https:\/\/a-ir.fr\/wp-content\/uploads\/2021\/08\/Solve-Jonathan-El-Baze-compressee-scaled-e1627913301986-1536x1501.jpg 1536w\" sizes=\"auto, (max-width: 1689px) 100vw, 1689px\" \/>\t\t\t\t\t\t\t\t\t\t\t\t\t\t<\/div>\n\t\t\t\t\t\t<\/div>\n\t\t\t\t<\/div>\n\t\t\t\t<div class=\"elementor-element elementor-element-260b112 elementor-widget elementor-widget-heading\" data-id=\"260b112\" data-element_type=\"widget\" data-widget_type=\"heading.default\">\n\t\t\t\t<div class=\"elementor-widget-container\">\n\t\t\t<h2 class=\"elementor-heading-title elementor-size-default\"><br>Jonathan El Baze<\/h2>\t\t<\/div>\n\t\t\t\t<\/div>\n\t\t\t\t<div class=\"elementor-element elementor-element-43d63ed elementor-widget elementor-widget-heading\" data-id=\"43d63ed\" data-element_type=\"widget\" data-widget_type=\"heading.default\">\n\t\t\t\t<div class=\"elementor-widget-container\">\n\t\t\t<h2 class=\"elementor-heading-title elementor-size-default\">Administrateur Judiciaire - SOLVE<br><br><\/h2>\t\t<\/div>\n\t\t\t\t<\/div>\n\t\t\t\t<div class=\"elementor-element elementor-element-94b3fbe elementor-widget elementor-widget-image\" data-id=\"94b3fbe\" data-element_type=\"widget\" data-widget_type=\"image.default\">\n\t\t\t\t<div class=\"elementor-widget-container\">\n\t\t\t\t\t\t\t\t<div class=\"elementor-image\">\n\t\t\t\t\t\t\t\t\t\t\t\t\t<a href=\"https:\/\/en.solve-aj.com\/\">\n\t\t\t\t\t\t\t<img decoding=\"async\" src=\"https:\/\/a-ir.fr\/wp-content\/uploads\/2021\/08\/Solve-Logo-3.png\" title=\"Solve &#8211; Logo 3\" alt=\"Solve - Logo 3\" \/>\t\t\t\t\t\t\t\t<\/a>\n\t\t\t\t\t\t\t\t\t\t\t\t\t\t<\/div>\n\t\t\t\t\t\t<\/div>\n\t\t\t\t<\/div>\n\t\t\t\t<div class=\"elementor-element elementor-element-fe87468 elementor-widget elementor-widget-eael-adv-accordion\" data-id=\"fe87468\" data-element_type=\"widget\" data-widget_type=\"eael-adv-accordion.default\">\n\t\t\t\t<div class=\"elementor-widget-container\">\n\t\t\t        <div class=\"eael-adv-accordion\" id=\"eael-adv-accordion-fe87468\" data-accordion-id=\"fe87468\" data-accordion-type=\"accordion\" data-toogle-speed=\"300\">\n    <div class=\"eael-accordion-list\">\n                <div id=\"en-savoir-plus\" class=\"elementor-tab-title eael-accordion-header\" tabindex=\"2661\" data-tab=\"1\" role=\"tab\" aria-controls=\"elementor-tab-content-2661\"><span class=\"eael-accordion-tab-title\">En savoir plus<\/span><i aria-hidden=\"true\" class=\"fa-toggle fas fa-arrow-alt-circle-right\"><\/i><\/div><div id=\"elementor-tab-content-2661\" class=\"eael-accordion-content clearfix\" data-tab=\"1\" role=\"tabpanel\" aria-labelledby=\"en-savoir-plus\"><p><p>Apr\u00e8s quatre ans d\u2019exp\u00e9rience comme avocat d\u2019affaires, Jonathan EL BAZE a exerc\u00e9 pendant sept ans les fonctions de collaborateur d\u2019administrateurs judiciaires au sein d\u2019un cabinet d\u2019administrateurs judiciaires de premier plan, avant d\u2019en devenir associ\u00e9 en 2013.\u00a0<\/p><p>Administrateur judiciaire \u00e0 Paris, il fonde en 2020 le Cabinet SOLVE, au sein duquel il intervient dans les proc\u00e9dures de pr\u00e9vention des difficult\u00e9s des entreprises (mandats ad hoc, conciliations), les sauvegardes et les redressements judiciaires.<\/p><p><strong>FORMATION<\/strong><\/p><p>HEC,\u00a0CAPA, Magist\u00e8re droit des affaires,\u00a0DESS droit bancaire et financier,\u00a0Examen Professionnel d'Administrateur Judiciaire.<\/p><\/p><\/div>\n                <\/div><\/div>\t\t<\/div>\n\t\t\t\t<\/div>\n\t\t\t\t\t\t<\/div>\n\t\t\t\t\t<\/div>\n\t\t<\/div>\n\t\t\t\t<div class=\"elementor-column elementor-col-25 elementor-inner-column elementor-element elementor-element-7744e3d\" data-id=\"7744e3d\" data-element_type=\"column\" data-settings=\"{&quot;background_background&quot;:&quot;classic&quot;}\">\n\t\t\t<div class=\"elementor-column-wrap elementor-element-populated\">\n\t\t\t\t\t\t\t<div class=\"elementor-widget-wrap\">\n\t\t\t\t\t\t<div class=\"elementor-element elementor-element-b4548b4 elementor-widget elementor-widget-image\" data-id=\"b4548b4\" data-element_type=\"widget\" data-widget_type=\"image.default\">\n\t\t\t\t<div class=\"elementor-widget-container\">\n\t\t\t\t\t\t\t\t<div class=\"elementor-image\">\n\t\t\t\t\t\t\t\t\t\t\t\t<img loading=\"lazy\" decoding=\"async\" width=\"400\" height=\"400\" src=\"https:\/\/a-ir.fr\/wp-content\/uploads\/2019\/11\/GuillaumeFoucault.5de584de554834fa860fb099874045bd6-1.jpg\" class=\"attachment-full size-full\" alt=\"\" srcset=\"https:\/\/a-ir.fr\/wp-content\/uploads\/2019\/11\/GuillaumeFoucault.5de584de554834fa860fb099874045bd6-1.jpg 400w, https:\/\/a-ir.fr\/wp-content\/uploads\/2019\/11\/GuillaumeFoucault.5de584de554834fa860fb099874045bd6-1-300x300.jpg 300w, https:\/\/a-ir.fr\/wp-content\/uploads\/2019\/11\/GuillaumeFoucault.5de584de554834fa860fb099874045bd6-1-150x150.jpg 150w\" sizes=\"auto, (max-width: 400px) 100vw, 400px\" \/>\t\t\t\t\t\t\t\t\t\t\t\t\t\t<\/div>\n\t\t\t\t\t\t<\/div>\n\t\t\t\t<\/div>\n\t\t\t\t<div class=\"elementor-element elementor-element-1ce577b elementor-widget elementor-widget-heading\" data-id=\"1ce577b\" data-element_type=\"widget\" data-widget_type=\"heading.default\">\n\t\t\t\t<div class=\"elementor-widget-container\">\n\t\t\t<h2 class=\"elementor-heading-title elementor-size-default\"><br>Guillaume Foucault<\/h2>\t\t<\/div>\n\t\t\t\t<\/div>\n\t\t\t\t<div class=\"elementor-element elementor-element-7f4d4fa elementor-widget elementor-widget-heading\" data-id=\"7f4d4fa\" data-element_type=\"widget\" data-widget_type=\"heading.default\">\n\t\t\t\t<div class=\"elementor-widget-container\">\n\t\t\t<h2 class=\"elementor-heading-title elementor-size-default\">Managing Partner - CorpCom<\/h2>\t\t<\/div>\n\t\t\t\t<\/div>\n\t\t\t\t<div class=\"elementor-element elementor-element-c86e0f5 elementor-widget elementor-widget-image\" data-id=\"c86e0f5\" data-element_type=\"widget\" data-widget_type=\"image.default\">\n\t\t\t\t<div class=\"elementor-widget-container\">\n\t\t\t\t\t\t\t\t<div class=\"elementor-image\">\n\t\t\t\t\t\t\t\t\t\t\t\t\t<a href=\"http:\/\/www.corpcom.fr\/\">\n\t\t\t\t\t\t\t<img loading=\"lazy\" decoding=\"async\" width=\"139\" height=\"139\" src=\"https:\/\/a-ir.fr\/wp-content\/uploads\/2019\/10\/logo-corpcom.png\" class=\"attachment-medium size-medium\" alt=\"\" \/>\t\t\t\t\t\t\t\t<\/a>\n\t\t\t\t\t\t\t\t\t\t\t\t\t\t<\/div>\n\t\t\t\t\t\t<\/div>\n\t\t\t\t<\/div>\n\t\t\t\t<div class=\"elementor-element elementor-element-653dcfa elementor-widget elementor-widget-eael-adv-accordion\" data-id=\"653dcfa\" data-element_type=\"widget\" data-widget_type=\"eael-adv-accordion.default\">\n\t\t\t\t<div class=\"elementor-widget-container\">\n\t\t\t        <div class=\"eael-adv-accordion\" id=\"eael-adv-accordion-653dcfa\" data-accordion-id=\"653dcfa\" data-accordion-type=\"accordion\" data-toogle-speed=\"300\">\n    <div class=\"eael-accordion-list\">\n                <div id=\"en-savoir-plus\" class=\"elementor-tab-title eael-accordion-header\" tabindex=\"1061\" data-tab=\"1\" role=\"tab\" aria-controls=\"elementor-tab-content-1061\"><span class=\"eael-accordion-tab-title\">En savoir plus<\/span><i aria-hidden=\"true\" class=\"fa-toggle fas fa-arrow-alt-circle-right\"><\/i><\/div><div id=\"elementor-tab-content-1061\" class=\"eael-accordion-content clearfix\" data-tab=\"1\" role=\"tabpanel\" aria-labelledby=\"en-savoir-plus\"><p><p>Ancien journaliste au Figaro et ancien analyste financier, Guillaume a fond\u00e9 CORPCOM apr\u00e8s 10 ans \u00e0 la t\u00eate du d\u00e9partement \u00ab crises et restructurations \u00bb de FTI Strategic Communication (ex Financial Dynamics) un des deux r\u00e9seaux internationaux de communication corporate et financi\u00e8re.<br \/>Sa double connaissance du monde des m\u00e9dias et des milieux \u00e9conomiques lui conf\u00e8re une expertise unique, et son exp\u00e9rience de journaliste est un atout pour donner \u00e0 la presse et aux publics concern\u00e9s l\u2019\u00e9clairage sur les faits qui permettra de pr\u00e9server l\u2019image de ses clients.\u00a0 Avec r\u00e9activit\u00e9 et sens tactique, Guillaume sait saisir les opportunit\u00e9s pour faire passer les bons messages au bon moment.<br \/>Dipl\u00f4me en sciences-\u00e9conomiques, certifi\u00e9 \u00e0 Harvard, il a \u00e9crit plus de 2000 articles et publi\u00e9 4 ouvrages dont Communication de crise aux \u00e9ditions T\u00e9l\u00e9maque.<\/p><\/p><\/div>\n                <\/div><\/div>\t\t<\/div>\n\t\t\t\t<\/div>\n\t\t\t\t\t\t<\/div>\n\t\t\t\t\t<\/div>\n\t\t<\/div>\n\t\t\t\t\t\t\t\t<\/div>\n\t\t\t\t\t<\/div>\n\t\t<\/section>\n\t\t\t\t<section class=\"elementor-section elementor-inner-section elementor-element elementor-element-200d59a elementor-section-boxed elementor-section-height-default elementor-section-height-default\" data-id=\"200d59a\" data-element_type=\"section\" data-settings=\"{&quot;background_background&quot;:&quot;classic&quot;}\">\n\t\t\t\t\t\t<div class=\"elementor-container elementor-column-gap-default\">\n\t\t\t\t\t\t\t<div class=\"elementor-row\">\n\t\t\t\t\t<div class=\"elementor-column elementor-col-25 elementor-inner-column elementor-element elementor-element-64c3ada\" data-id=\"64c3ada\" data-element_type=\"column\" data-settings=\"{&quot;background_background&quot;:&quot;classic&quot;}\">\n\t\t\t<div class=\"elementor-column-wrap elementor-element-populated\">\n\t\t\t\t\t\t\t<div class=\"elementor-widget-wrap\">\n\t\t\t\t\t\t<div class=\"elementor-element elementor-element-926b936 elementor-widget elementor-widget-image\" data-id=\"926b936\" data-element_type=\"widget\" data-widget_type=\"image.default\">\n\t\t\t\t<div class=\"elementor-widget-container\">\n\t\t\t\t\t\t\t\t<div class=\"elementor-image\">\n\t\t\t\t\t\t\t\t\t\t\t\t<img loading=\"lazy\" decoding=\"async\" width=\"2500\" height=\"2500\" src=\"https:\/\/a-ir.fr\/wp-content\/uploads\/2019\/11\/TGagnepain.jpg\" class=\"attachment-full size-full\" alt=\"\" srcset=\"https:\/\/a-ir.fr\/wp-content\/uploads\/2019\/11\/TGagnepain.jpg 2500w, https:\/\/a-ir.fr\/wp-content\/uploads\/2019\/11\/TGagnepain-300x300.jpg 300w, https:\/\/a-ir.fr\/wp-content\/uploads\/2019\/11\/TGagnepain-1024x1024.jpg 1024w, https:\/\/a-ir.fr\/wp-content\/uploads\/2019\/11\/TGagnepain-150x150.jpg 150w, https:\/\/a-ir.fr\/wp-content\/uploads\/2019\/11\/TGagnepain-768x768.jpg 768w, https:\/\/a-ir.fr\/wp-content\/uploads\/2019\/11\/TGagnepain-1536x1536.jpg 1536w, https:\/\/a-ir.fr\/wp-content\/uploads\/2019\/11\/TGagnepain-2048x2048.jpg 2048w\" sizes=\"auto, (max-width: 2500px) 100vw, 2500px\" \/>\t\t\t\t\t\t\t\t\t\t\t\t\t\t<\/div>\n\t\t\t\t\t\t<\/div>\n\t\t\t\t<\/div>\n\t\t\t\t<div class=\"elementor-element elementor-element-033e6fe elementor-widget elementor-widget-heading\" data-id=\"033e6fe\" data-element_type=\"widget\" data-widget_type=\"heading.default\">\n\t\t\t\t<div class=\"elementor-widget-container\">\n\t\t\t<h2 class=\"elementor-heading-title elementor-size-default\"><br>Timoth\u00e9e Gagnepain<\/h2>\t\t<\/div>\n\t\t\t\t<\/div>\n\t\t\t\t<div class=\"elementor-element elementor-element-5ba9679 elementor-widget elementor-widget-heading\" data-id=\"5ba9679\" data-element_type=\"widget\" data-widget_type=\"heading.default\">\n\t\t\t\t<div class=\"elementor-widget-container\">\n\t\t\t<h2 class=\"elementor-heading-title elementor-size-default\">Associ\u00e9 - McDermott Will &amp; Emery<\/h2>\t\t<\/div>\n\t\t\t\t<\/div>\n\t\t\t\t<div class=\"elementor-element elementor-element-9268934 elementor-widget elementor-widget-image\" data-id=\"9268934\" data-element_type=\"widget\" data-widget_type=\"image.default\">\n\t\t\t\t<div class=\"elementor-widget-container\">\n\t\t\t\t\t\t\t\t<div class=\"elementor-image\">\n\t\t\t\t\t\t\t\t\t\t\t\t\t<a href=\"https:\/\/www.mwe.com\/\">\n\t\t\t\t\t\t\t<img loading=\"lazy\" decoding=\"async\" width=\"228\" height=\"173\" src=\"https:\/\/a-ir.fr\/wp-content\/uploads\/2019\/10\/Logo-Neopar-17.png\" class=\"attachment-medium size-medium\" alt=\"\" \/>\t\t\t\t\t\t\t\t<\/a>\n\t\t\t\t\t\t\t\t\t\t\t\t\t\t<\/div>\n\t\t\t\t\t\t<\/div>\n\t\t\t\t<\/div>\n\t\t\t\t<div class=\"elementor-element elementor-element-817d21e elementor-widget elementor-widget-eael-adv-accordion\" data-id=\"817d21e\" data-element_type=\"widget\" data-widget_type=\"eael-adv-accordion.default\">\n\t\t\t\t<div class=\"elementor-widget-container\">\n\t\t\t        <div class=\"eael-adv-accordion\" id=\"eael-adv-accordion-817d21e\" data-accordion-id=\"817d21e\" data-accordion-type=\"accordion\" data-toogle-speed=\"300\">\n    <div class=\"eael-accordion-list\">\n                <div id=\"en-savoir-plus\" class=\"elementor-tab-title eael-accordion-header\" tabindex=\"1351\" data-tab=\"1\" role=\"tab\" aria-controls=\"elementor-tab-content-1351\"><span class=\"eael-accordion-tab-title\">En savoir plus<\/span><i aria-hidden=\"true\" class=\"fa-toggle fas fa-arrow-alt-circle-right\"><\/i><\/div><div id=\"elementor-tab-content-1351\" class=\"eael-accordion-content clearfix\" data-tab=\"1\" role=\"tabpanel\" aria-labelledby=\"en-savoir-plus\"><p><p>Timoth\u00e9e est avocat associ\u00e9 au sein de McDermott Will &amp; Emery.<\/p><p>Il a d\u00e9but\u00e9 \u00e0 New York chez Debevoise &amp; Plimpton LLP, avant d\u2019en rejoindre le bureau de Londres, puis celui de Paris. Il travaille principalement sur des op\u00e9rations de LBO et de refinancement, ainsi que sur des op\u00e9rations de restructuration financi\u00e8res et industrielles. En 2006, il rejoint Sonier &amp; Associ\u00e9s o\u00f9 il d\u00e9veloppe une exp\u00e9rience solide sur des dossiers de restructuration complexes nationaux et internationaux. En 2009 il fonde le d\u00e9partement restructuring du cabinet FCRA avant de rejoindre Br\u00e9mond &amp; Associ\u00e9s en 2016. En 2018, il rejoint McDermott Will &amp; Emery pour y cr\u00e9er le d\u00e9partement restructuring.<\/p><p>Qualifications : DESS fiscalit\u00e9 Internationale (Paris II et HEC), LL.M (Columbia Law School), avocat aux barreaux de Paris et New York.<\/p><\/p><\/div>\n                <\/div><\/div>\t\t<\/div>\n\t\t\t\t<\/div>\n\t\t\t\t\t\t<\/div>\n\t\t\t\t\t<\/div>\n\t\t<\/div>\n\t\t\t\t<div class=\"elementor-column elementor-col-25 elementor-inner-column elementor-element elementor-element-72a1194\" data-id=\"72a1194\" data-element_type=\"column\" data-settings=\"{&quot;background_background&quot;:&quot;classic&quot;}\">\n\t\t\t<div class=\"elementor-column-wrap elementor-element-populated\">\n\t\t\t\t\t\t\t<div class=\"elementor-widget-wrap\">\n\t\t\t\t\t\t<div class=\"elementor-element elementor-element-b75ab69 elementor-widget elementor-widget-image\" data-id=\"b75ab69\" data-element_type=\"widget\" data-widget_type=\"image.default\">\n\t\t\t\t<div class=\"elementor-widget-container\">\n\t\t\t\t\t\t\t\t<div class=\"elementor-image\">\n\t\t\t\t\t\t\t\t\t\t\t\t<img loading=\"lazy\" decoding=\"async\" width=\"1129\" height=\"1129\" src=\"https:\/\/a-ir.fr\/wp-content\/uploads\/2019\/11\/arnaud-joubert.jpg\" class=\"attachment-full size-full\" alt=\"\" srcset=\"https:\/\/a-ir.fr\/wp-content\/uploads\/2019\/11\/arnaud-joubert.jpg 1129w, https:\/\/a-ir.fr\/wp-content\/uploads\/2019\/11\/arnaud-joubert-300x300.jpg 300w, https:\/\/a-ir.fr\/wp-content\/uploads\/2019\/11\/arnaud-joubert-1024x1024.jpg 1024w, https:\/\/a-ir.fr\/wp-content\/uploads\/2019\/11\/arnaud-joubert-150x150.jpg 150w, https:\/\/a-ir.fr\/wp-content\/uploads\/2019\/11\/arnaud-joubert-768x768.jpg 768w\" sizes=\"auto, (max-width: 1129px) 100vw, 1129px\" \/>\t\t\t\t\t\t\t\t\t\t\t\t\t\t<\/div>\n\t\t\t\t\t\t<\/div>\n\t\t\t\t<\/div>\n\t\t\t\t<div class=\"elementor-element elementor-element-7dcb497 elementor-widget elementor-widget-heading\" data-id=\"7dcb497\" data-element_type=\"widget\" data-widget_type=\"heading.default\">\n\t\t\t\t<div class=\"elementor-widget-container\">\n\t\t\t<h2 class=\"elementor-heading-title elementor-size-default\"><br>Arnaud Joubert<\/h2>\t\t<\/div>\n\t\t\t\t<\/div>\n\t\t\t\t<div class=\"elementor-element elementor-element-19fc69a elementor-widget elementor-widget-heading\" data-id=\"19fc69a\" data-element_type=\"widget\" data-widget_type=\"heading.default\">\n\t\t\t\t<div class=\"elementor-widget-container\">\n\t\t\t<h2 class=\"elementor-heading-title elementor-size-default\">Associ\u00e9-g\u00e9rant - Rothschild &amp; Co<\/h2>\t\t<\/div>\n\t\t\t\t<\/div>\n\t\t\t\t<div class=\"elementor-element elementor-element-a580574 elementor-widget elementor-widget-image\" data-id=\"a580574\" data-element_type=\"widget\" data-widget_type=\"image.default\">\n\t\t\t\t<div class=\"elementor-widget-container\">\n\t\t\t\t\t\t\t\t<div class=\"elementor-image\">\n\t\t\t\t\t\t\t\t\t\t\t\t\t<a href=\"https:\/\/www.rothschildandco.com\/\">\n\t\t\t\t\t\t\t<img loading=\"lazy\" decoding=\"async\" width=\"300\" height=\"49\" src=\"https:\/\/a-ir.fr\/wp-content\/uploads\/2019\/10\/RothschildCo_Logo-300x49.png\" class=\"attachment-medium size-medium\" alt=\"\" srcset=\"https:\/\/a-ir.fr\/wp-content\/uploads\/2019\/10\/RothschildCo_Logo-300x49.png 300w, https:\/\/a-ir.fr\/wp-content\/uploads\/2019\/10\/RothschildCo_Logo-768x126.png 768w, https:\/\/a-ir.fr\/wp-content\/uploads\/2019\/10\/RothschildCo_Logo.png 984w\" sizes=\"auto, (max-width: 300px) 100vw, 300px\" \/>\t\t\t\t\t\t\t\t<\/a>\n\t\t\t\t\t\t\t\t\t\t\t\t\t\t<\/div>\n\t\t\t\t\t\t<\/div>\n\t\t\t\t<\/div>\n\t\t\t\t<div class=\"elementor-element elementor-element-74962ef elementor-widget elementor-widget-eael-adv-accordion\" data-id=\"74962ef\" data-element_type=\"widget\" data-widget_type=\"eael-adv-accordion.default\">\n\t\t\t\t<div class=\"elementor-widget-container\">\n\t\t\t        <div class=\"eael-adv-accordion\" id=\"eael-adv-accordion-74962ef\" data-accordion-id=\"74962ef\" data-accordion-type=\"accordion\" data-toogle-speed=\"300\">\n    <div class=\"eael-accordion-list\">\n                <div id=\"en-savoir-plus\" class=\"elementor-tab-title eael-accordion-header\" tabindex=\"1221\" data-tab=\"1\" role=\"tab\" aria-controls=\"elementor-tab-content-1221\"><span class=\"eael-accordion-tab-title\">En savoir plus<\/span><i aria-hidden=\"true\" class=\"fa-toggle fas fa-arrow-alt-circle-right\"><\/i><\/div><div id=\"elementor-tab-content-1221\" class=\"eael-accordion-content clearfix\" data-tab=\"1\" role=\"tabpanel\" aria-labelledby=\"en-savoir-plus\"><p><p>Arnaud est Partner et co-head of Debt Advisory &amp; Debt Restructuring de Rothschild &amp; Co <br \/>Il a d\u00e9marr\u00e9 sa carri\u00e8re en fusions-acquisitions chez Goldman Sachs avant de rejoindre Rothschild en 2001 o\u00f9 il a contribu\u00e9 au d\u00e9veloppement de l\u2019activit\u00e9 de conseil en financement et en restructuration de dette qu\u2019il co-dirige \u00e0 Paris. Arnaud poss\u00e8de une exp\u00e9rience de 20 ans dans le domaine de la restructuration et du conseil en financement, acquise tant en France qu\u2019\u00e0 l\u2019\u00e9tranger et sur des dossiers de tailles vari\u00e9es. Il intervient aussi bien pour les d\u00e9biteurs que pour les cr\u00e9anciers, dans un contexte amiable ou judiciaire. <br \/>Qualifications : HEC, DESS fiscalit\u00e9 internationale Paris II Panth\u00e9on-Assas<\/p><\/p><\/div>\n                <\/div><\/div>\t\t<\/div>\n\t\t\t\t<\/div>\n\t\t\t\t\t\t<\/div>\n\t\t\t\t\t<\/div>\n\t\t<\/div>\n\t\t\t\t<div class=\"elementor-column elementor-col-25 elementor-inner-column elementor-element elementor-element-9ed8fd4\" data-id=\"9ed8fd4\" data-element_type=\"column\" data-settings=\"{&quot;background_background&quot;:&quot;classic&quot;}\">\n\t\t\t<div class=\"elementor-column-wrap elementor-element-populated\">\n\t\t\t\t\t\t\t<div class=\"elementor-widget-wrap\">\n\t\t\t\t\t\t<div class=\"elementor-element elementor-element-a6b9cd1 elementor-widget elementor-widget-image\" data-id=\"a6b9cd1\" data-element_type=\"widget\" data-widget_type=\"image.default\">\n\t\t\t\t<div class=\"elementor-widget-container\">\n\t\t\t\t\t\t\t\t<div class=\"elementor-image\">\n\t\t\t\t\t\t\t\t\t\t\t\t<img loading=\"lazy\" decoding=\"async\" width=\"510\" height=\"510\" src=\"https:\/\/a-ir.fr\/wp-content\/uploads\/2019\/11\/Francoi-Kopf.jpg\" class=\"attachment-full size-full\" alt=\"\" srcset=\"https:\/\/a-ir.fr\/wp-content\/uploads\/2019\/11\/Francoi-Kopf.jpg 510w, https:\/\/a-ir.fr\/wp-content\/uploads\/2019\/11\/Francoi-Kopf-300x300.jpg 300w, https:\/\/a-ir.fr\/wp-content\/uploads\/2019\/11\/Francoi-Kopf-150x150.jpg 150w\" sizes=\"auto, (max-width: 510px) 100vw, 510px\" \/>\t\t\t\t\t\t\t\t\t\t\t\t\t\t<\/div>\n\t\t\t\t\t\t<\/div>\n\t\t\t\t<\/div>\n\t\t\t\t<div class=\"elementor-element elementor-element-1be9c44 elementor-widget elementor-widget-heading\" data-id=\"1be9c44\" data-element_type=\"widget\" data-widget_type=\"heading.default\">\n\t\t\t\t<div class=\"elementor-widget-container\">\n\t\t\t<h2 class=\"elementor-heading-title elementor-size-default\"><br>Fran\u00e7ois Kopf<\/h2>\t\t<\/div>\n\t\t\t\t<\/div>\n\t\t\t\t<div class=\"elementor-element elementor-element-71e94b9 elementor-widget elementor-widget-heading\" data-id=\"71e94b9\" data-element_type=\"widget\" data-widget_type=\"heading.default\">\n\t\t\t\t<div class=\"elementor-widget-container\">\n\t\t\t<h2 class=\"elementor-heading-title elementor-size-default\">Associ\u00e9 - Darrois Villey Maillot Brochier<\/h2>\t\t<\/div>\n\t\t\t\t<\/div>\n\t\t\t\t<div class=\"elementor-element elementor-element-41f6cb2 elementor-widget elementor-widget-image\" data-id=\"41f6cb2\" data-element_type=\"widget\" data-widget_type=\"image.default\">\n\t\t\t\t<div class=\"elementor-widget-container\">\n\t\t\t\t\t\t\t\t<div class=\"elementor-image\">\n\t\t\t\t\t\t\t\t\t\t\t\t\t<a href=\"http:\/\/www.darroisvilley.com\/\">\n\t\t\t\t\t\t\t<img loading=\"lazy\" decoding=\"async\" width=\"228\" height=\"173\" src=\"https:\/\/a-ir.fr\/wp-content\/uploads\/2019\/10\/Logo-Neopar-18.png\" class=\"attachment-medium size-medium\" alt=\"\" \/>\t\t\t\t\t\t\t\t<\/a>\n\t\t\t\t\t\t\t\t\t\t\t\t\t\t<\/div>\n\t\t\t\t\t\t<\/div>\n\t\t\t\t<\/div>\n\t\t\t\t<div class=\"elementor-element elementor-element-6d8e16e elementor-widget elementor-widget-eael-adv-accordion\" data-id=\"6d8e16e\" data-element_type=\"widget\" data-widget_type=\"eael-adv-accordion.default\">\n\t\t\t\t<div class=\"elementor-widget-container\">\n\t\t\t        <div class=\"eael-adv-accordion\" id=\"eael-adv-accordion-6d8e16e\" data-accordion-id=\"6d8e16e\" data-accordion-type=\"accordion\" data-toogle-speed=\"300\">\n    <div class=\"eael-accordion-list\">\n                <div id=\"en-savoir-plus\" class=\"elementor-tab-title eael-accordion-header\" tabindex=\"1141\" data-tab=\"1\" role=\"tab\" aria-controls=\"elementor-tab-content-1141\"><span class=\"eael-accordion-tab-title\">En savoir plus<\/span><i aria-hidden=\"true\" class=\"fa-toggle fas fa-arrow-alt-circle-right\"><\/i><\/div><div id=\"elementor-tab-content-1141\" class=\"eael-accordion-content clearfix\" data-tab=\"1\" role=\"tabpanel\" aria-labelledby=\"en-savoir-plus\"><p><p>Fran\u00e7ois est un avocat associ\u00e9 au sein de Darrois Villey Maillot Brochier.<\/p><p>Il est sp\u00e9cialis\u00e9 en restructurations, proc\u00e9dures collectives, et contentieux complexes.<\/p><p>Qualifications : Avocat au barreau de Paris, ancien secr\u00e9taire de la conf\u00e9rence du Stage du barreau de Paris. Membre de l\u2019AFFIC.<\/p><\/p><\/div>\n                <\/div><\/div>\t\t<\/div>\n\t\t\t\t<\/div>\n\t\t\t\t\t\t<\/div>\n\t\t\t\t\t<\/div>\n\t\t<\/div>\n\t\t\t\t<div class=\"elementor-column elementor-col-25 elementor-inner-column elementor-element elementor-element-adb0b8a\" data-id=\"adb0b8a\" data-element_type=\"column\" data-settings=\"{&quot;background_background&quot;:&quot;classic&quot;}\">\n\t\t\t<div class=\"elementor-column-wrap elementor-element-populated\">\n\t\t\t\t\t\t\t<div class=\"elementor-widget-wrap\">\n\t\t\t\t\t\t<div class=\"elementor-element elementor-element-96656ba elementor-widget elementor-widget-image\" data-id=\"96656ba\" data-element_type=\"widget\" data-widget_type=\"image.default\">\n\t\t\t\t<div class=\"elementor-widget-container\">\n\t\t\t\t\t\t\t\t<div class=\"elementor-image\">\n\t\t\t\t\t\t\t\t\t\t\t\t<img loading=\"lazy\" decoding=\"async\" width=\"1027\" height=\"1026\" src=\"https:\/\/a-ir.fr\/wp-content\/uploads\/2021\/08\/Nicolas-Laurent-e1627916766851.jpg\" class=\"attachment-full size-full\" alt=\"\" srcset=\"https:\/\/a-ir.fr\/wp-content\/uploads\/2021\/08\/Nicolas-Laurent-e1627916766851.jpg 1027w, https:\/\/a-ir.fr\/wp-content\/uploads\/2021\/08\/Nicolas-Laurent-e1627916766851-300x300.jpg 300w, https:\/\/a-ir.fr\/wp-content\/uploads\/2021\/08\/Nicolas-Laurent-e1627916766851-1024x1024.jpg 1024w, https:\/\/a-ir.fr\/wp-content\/uploads\/2021\/08\/Nicolas-Laurent-e1627916766851-150x150.jpg 150w, https:\/\/a-ir.fr\/wp-content\/uploads\/2021\/08\/Nicolas-Laurent-e1627916766851-768x767.jpg 768w\" sizes=\"auto, (max-width: 1027px) 100vw, 1027px\" \/>\t\t\t\t\t\t\t\t\t\t\t\t\t\t<\/div>\n\t\t\t\t\t\t<\/div>\n\t\t\t\t<\/div>\n\t\t\t\t<div class=\"elementor-element elementor-element-20949a3 elementor-widget elementor-widget-heading\" data-id=\"20949a3\" data-element_type=\"widget\" data-widget_type=\"heading.default\">\n\t\t\t\t<div class=\"elementor-widget-container\">\n\t\t\t<h2 class=\"elementor-heading-title elementor-size-default\"><br>Nicolas Laurent<\/h2>\t\t<\/div>\n\t\t\t\t<\/div>\n\t\t\t\t<div class=\"elementor-element elementor-element-9206de4 elementor-widget elementor-widget-heading\" data-id=\"9206de4\" data-element_type=\"widget\" data-widget_type=\"heading.default\">\n\t\t\t\t<div class=\"elementor-widget-container\">\n\t\t\t<h2 class=\"elementor-heading-title elementor-size-default\">Associ\u00e9 - Bredin Prat<\/h2>\t\t<\/div>\n\t\t\t\t<\/div>\n\t\t\t\t<div class=\"elementor-element elementor-element-041d386 elementor-widget elementor-widget-image\" data-id=\"041d386\" data-element_type=\"widget\" data-widget_type=\"image.default\">\n\t\t\t\t<div class=\"elementor-widget-container\">\n\t\t\t\t\t\t\t\t<div class=\"elementor-image\">\n\t\t\t\t\t\t\t\t\t\t\t\t\t<a href=\"https:\/\/www.bredinprat.fr\/fr\/\">\n\t\t\t\t\t\t\t<img loading=\"lazy\" decoding=\"async\" width=\"300\" height=\"18\" src=\"https:\/\/a-ir.fr\/wp-content\/uploads\/2019\/10\/Logo_BP-300x18.gif\" class=\"attachment-medium size-medium\" alt=\"\" srcset=\"https:\/\/a-ir.fr\/wp-content\/uploads\/2019\/10\/Logo_BP-300x18.gif 300w, https:\/\/a-ir.fr\/wp-content\/uploads\/2019\/10\/Logo_BP-768x47.gif 768w, https:\/\/a-ir.fr\/wp-content\/uploads\/2019\/10\/Logo_BP-1024x62.gif 1024w\" sizes=\"auto, (max-width: 300px) 100vw, 300px\" \/>\t\t\t\t\t\t\t\t<\/a>\n\t\t\t\t\t\t\t\t\t\t\t\t\t\t<\/div>\n\t\t\t\t\t\t<\/div>\n\t\t\t\t<\/div>\n\t\t\t\t<div class=\"elementor-element elementor-element-ae92d4e elementor-widget elementor-widget-eael-adv-accordion\" data-id=\"ae92d4e\" data-element_type=\"widget\" data-widget_type=\"eael-adv-accordion.default\">\n\t\t\t\t<div class=\"elementor-widget-container\">\n\t\t\t        <div class=\"eael-adv-accordion\" id=\"eael-adv-accordion-ae92d4e\" data-accordion-id=\"ae92d4e\" data-accordion-type=\"accordion\" data-toogle-speed=\"300\">\n    <div class=\"eael-accordion-list\">\n                <div id=\"en-savoir-plus\" class=\"elementor-tab-title eael-accordion-header\" tabindex=\"1831\" data-tab=\"1\" role=\"tab\" aria-controls=\"elementor-tab-content-1831\"><span class=\"eael-accordion-tab-title\">En savoir plus<\/span><i aria-hidden=\"true\" class=\"fa-toggle fas fa-arrow-alt-circle-right\"><\/i><\/div><div id=\"elementor-tab-content-1831\" class=\"eael-accordion-content clearfix\" data-tab=\"1\" role=\"tabpanel\" aria-labelledby=\"en-savoir-plus\"><p><p>Nicolas Laurent, associ\u00e9, codirige l\u2019\u00e9quipe de Bredin Prat sp\u00e9cialis\u00e9e dans la pr\u00e9vention et le traitement des difficult\u00e9s des entreprises. Il intervient aussi bien dans le cadre de proc\u00e9dures amiables de restructurations financi\u00e8res que de proc\u00e9dures collectives aux c\u00f4t\u00e9s du d\u00e9biteur ou de repreneurs. Avant de rejoindre Bredin Prat, Nicolas Laurent a exerc\u00e9 au sein du cabinet am\u00e9ricain, Coudert Brothers LLP, \u00e0 Paris et \u00e0 P\u00e9kin. Il est membre de l'Association pour le Retournement des Entreprises (ARE) et de l'Association des Investisseurs en Retournement (AIR). Inscrit au barreau de Paris depuis 1998, Nicolas Laurent est dipl\u00f4m\u00e9 de l'Universit\u00e9 Paris I Panth\u00e9on-Sorbonne (DEA de droit des affaires et de droit \u00e9conomique) au sein de laquelle il a enseign\u00e9 le droit des proc\u00e9dures collectives.<\/p><\/p><\/div>\n                <\/div><\/div>\t\t<\/div>\n\t\t\t\t<\/div>\n\t\t\t\t\t\t<\/div>\n\t\t\t\t\t<\/div>\n\t\t<\/div>\n\t\t\t\t\t\t\t\t<\/div>\n\t\t\t\t\t<\/div>\n\t\t<\/section>\n\t\t\t\t<section class=\"elementor-section elementor-inner-section elementor-element elementor-element-1c8b4b1 elementor-section-boxed elementor-section-height-default elementor-section-height-default\" data-id=\"1c8b4b1\" data-element_type=\"section\" data-settings=\"{&quot;background_background&quot;:&quot;classic&quot;}\">\n\t\t\t\t\t\t<div class=\"elementor-container elementor-column-gap-default\">\n\t\t\t\t\t\t\t<div class=\"elementor-row\">\n\t\t\t\t\t<div class=\"elementor-column elementor-col-25 elementor-inner-column elementor-element elementor-element-191d698\" data-id=\"191d698\" data-element_type=\"column\" data-settings=\"{&quot;background_background&quot;:&quot;classic&quot;}\">\n\t\t\t<div class=\"elementor-column-wrap elementor-element-populated\">\n\t\t\t\t\t\t\t<div class=\"elementor-widget-wrap\">\n\t\t\t\t\t\t<div class=\"elementor-element elementor-element-94ae554 elementor-widget elementor-widget-image\" data-id=\"94ae554\" data-element_type=\"widget\" data-widget_type=\"image.default\">\n\t\t\t\t<div class=\"elementor-widget-container\">\n\t\t\t\t\t\t\t\t<div class=\"elementor-image\">\n\t\t\t\t\t\t\t\t\t\t\t\t<img loading=\"lazy\" decoding=\"async\" width=\"274\" height=\"274\" src=\"https:\/\/a-ir.fr\/wp-content\/uploads\/2019\/11\/arnaud-marion.jpg\" class=\"attachment-full size-full\" alt=\"\" srcset=\"https:\/\/a-ir.fr\/wp-content\/uploads\/2019\/11\/arnaud-marion.jpg 274w, https:\/\/a-ir.fr\/wp-content\/uploads\/2019\/11\/arnaud-marion-150x150.jpg 150w\" sizes=\"auto, (max-width: 274px) 100vw, 274px\" \/>\t\t\t\t\t\t\t\t\t\t\t\t\t\t<\/div>\n\t\t\t\t\t\t<\/div>\n\t\t\t\t<\/div>\n\t\t\t\t<div class=\"elementor-element elementor-element-736687f elementor-widget elementor-widget-heading\" data-id=\"736687f\" data-element_type=\"widget\" data-widget_type=\"heading.default\">\n\t\t\t\t<div class=\"elementor-widget-container\">\n\t\t\t<h2 class=\"elementor-heading-title elementor-size-default\"><br>Olivier Marion<\/h2>\t\t<\/div>\n\t\t\t\t<\/div>\n\t\t\t\t<div class=\"elementor-element elementor-element-1a5421f elementor-widget elementor-widget-heading\" data-id=\"1a5421f\" data-element_type=\"widget\" data-widget_type=\"heading.default\">\n\t\t\t\t<div class=\"elementor-widget-container\">\n\t\t\t<h2 class=\"elementor-heading-title elementor-size-default\">Associ\u00e9 - PricewaterhouseCoopers Advisory<\/h2>\t\t<\/div>\n\t\t\t\t<\/div>\n\t\t\t\t<div class=\"elementor-element elementor-element-a9964d8 elementor-widget elementor-widget-image\" data-id=\"a9964d8\" data-element_type=\"widget\" data-widget_type=\"image.default\">\n\t\t\t\t<div class=\"elementor-widget-container\">\n\t\t\t\t\t\t\t\t<div class=\"elementor-image\">\n\t\t\t\t\t\t\t\t\t\t\t\t\t<a href=\"https:\/\/www.pwc.fr\/\">\n\t\t\t\t\t\t\t<img loading=\"lazy\" decoding=\"async\" width=\"300\" height=\"228\" src=\"https:\/\/a-ir.fr\/wp-content\/uploads\/2019\/10\/PricewaterhouseCoopers_Logo.svg_-300x228.png\" class=\"attachment-medium size-medium\" alt=\"\" srcset=\"https:\/\/a-ir.fr\/wp-content\/uploads\/2019\/10\/PricewaterhouseCoopers_Logo.svg_-300x228.png 300w, https:\/\/a-ir.fr\/wp-content\/uploads\/2019\/10\/PricewaterhouseCoopers_Logo.svg_-768x583.png 768w, https:\/\/a-ir.fr\/wp-content\/uploads\/2019\/10\/PricewaterhouseCoopers_Logo.svg_.png 790w\" sizes=\"auto, (max-width: 300px) 100vw, 300px\" \/>\t\t\t\t\t\t\t\t<\/a>\n\t\t\t\t\t\t\t\t\t\t\t\t\t\t<\/div>\n\t\t\t\t\t\t<\/div>\n\t\t\t\t<\/div>\n\t\t\t\t<div class=\"elementor-element elementor-element-47fbcfe elementor-widget elementor-widget-eael-adv-accordion\" data-id=\"47fbcfe\" data-element_type=\"widget\" data-widget_type=\"eael-adv-accordion.default\">\n\t\t\t\t<div class=\"elementor-widget-container\">\n\t\t\t        <div class=\"eael-adv-accordion\" id=\"eael-adv-accordion-47fbcfe\" data-accordion-id=\"47fbcfe\" data-accordion-type=\"accordion\" data-toogle-speed=\"300\">\n    <div class=\"eael-accordion-list\">\n                <div id=\"en-savoir-plus\" class=\"elementor-tab-title eael-accordion-header\" tabindex=\"7541\" data-tab=\"1\" role=\"tab\" aria-controls=\"elementor-tab-content-7541\"><span class=\"eael-accordion-tab-title\">En savoir plus<\/span><i aria-hidden=\"true\" class=\"fa-toggle fas fa-arrow-alt-circle-right\"><\/i><\/div><div id=\"elementor-tab-content-7541\" class=\"eael-accordion-content clearfix\" data-tab=\"1\" role=\"tabpanel\" aria-labelledby=\"en-savoir-plus\"><p><p>Olivier est un associ\u00e9 de PricewaterhouseCoopers Advisory et responsable Deals PwC France, une des 4 lignes de services de PwC France. Il est sp\u00e9cialis\u00e9 dans l'accompagnement des entreprises dans le cadre de la pr\u00e9vention et du traitement de leurs situations de tension ou de crise financi\u00e8re, anticip\u00e9e ou av\u00e9r\u00e9e. Ses interventions couvrent les phases de diagnostics financiers, strat\u00e9giques et op\u00e9rationnels permettant de comprendre la situation de l\u2019entreprise, ainsi que les causes de la sous-performance. Elles portent \u00e9galement sur les perspectives d\u2019activit\u00e9, de rentabilit\u00e9 et de g\u00e9n\u00e9ration de tr\u00e9sorerie \u00e0 court et moyen terme, sur la base desquelles se construira le plan de retournement. Olivier accompagne \u00e9galement les investisseurs sur leurs projets d\u2019acquisition de soci\u00e9t\u00e9s en difficult\u00e9.<br \/>Qualifications\u2009: EDHEC, expert-comptable<\/p><\/p><\/div>\n                <\/div><\/div>\t\t<\/div>\n\t\t\t\t<\/div>\n\t\t\t\t\t\t<\/div>\n\t\t\t\t\t<\/div>\n\t\t<\/div>\n\t\t\t\t<div class=\"elementor-column elementor-col-25 elementor-inner-column elementor-element elementor-element-efae1cd\" data-id=\"efae1cd\" data-element_type=\"column\" data-settings=\"{&quot;background_background&quot;:&quot;classic&quot;}\">\n\t\t\t<div class=\"elementor-column-wrap elementor-element-populated\">\n\t\t\t\t\t\t\t<div class=\"elementor-widget-wrap\">\n\t\t\t\t\t\t<div class=\"elementor-element elementor-element-d8b96ae elementor-widget elementor-widget-image\" data-id=\"d8b96ae\" data-element_type=\"widget\" data-widget_type=\"image.default\">\n\t\t\t\t<div class=\"elementor-widget-container\">\n\t\t\t\t\t\t\t\t<div class=\"elementor-image\">\n\t\t\t\t\t\t\t\t\t\t\t\t<img loading=\"lazy\" decoding=\"async\" width=\"900\" height=\"900\" src=\"https:\/\/a-ir.fr\/wp-content\/uploads\/2021\/08\/fabpat2.jpg\" class=\"attachment-full size-full\" alt=\"\" srcset=\"https:\/\/a-ir.fr\/wp-content\/uploads\/2021\/08\/fabpat2.jpg 900w, https:\/\/a-ir.fr\/wp-content\/uploads\/2021\/08\/fabpat2-300x300.jpg 300w, https:\/\/a-ir.fr\/wp-content\/uploads\/2021\/08\/fabpat2-150x150.jpg 150w, https:\/\/a-ir.fr\/wp-content\/uploads\/2021\/08\/fabpat2-768x768.jpg 768w\" sizes=\"auto, (max-width: 900px) 100vw, 900px\" \/>\t\t\t\t\t\t\t\t\t\t\t\t\t\t<\/div>\n\t\t\t\t\t\t<\/div>\n\t\t\t\t<\/div>\n\t\t\t\t<div class=\"elementor-element elementor-element-924fff0 elementor-widget elementor-widget-heading\" data-id=\"924fff0\" data-element_type=\"widget\" data-widget_type=\"heading.default\">\n\t\t\t\t<div class=\"elementor-widget-container\">\n\t\t\t<h2 class=\"elementor-heading-title elementor-size-default\"><br>Fabrice Patrizio<\/h2>\t\t<\/div>\n\t\t\t\t<\/div>\n\t\t\t\t<div class=\"elementor-element elementor-element-c216991 elementor-widget elementor-widget-heading\" data-id=\"c216991\" data-element_type=\"widget\" data-widget_type=\"heading.default\">\n\t\t\t\t<div class=\"elementor-widget-container\">\n\t\t\t<h2 class=\"elementor-heading-title elementor-size-default\">Associ\u00e9 - Archers<\/h2>\t\t<\/div>\n\t\t\t\t<\/div>\n\t\t\t\t<div class=\"elementor-element elementor-element-c35e8d2 elementor-widget elementor-widget-image\" data-id=\"c35e8d2\" data-element_type=\"widget\" data-widget_type=\"image.default\">\n\t\t\t\t<div class=\"elementor-widget-container\">\n\t\t\t\t\t\t\t\t<div class=\"elementor-image\">\n\t\t\t\t\t\t\t\t\t\t\t\t\t<a href=\"https:\/\/www.archers.fr\/\">\n\t\t\t\t\t\t\t<img loading=\"lazy\" decoding=\"async\" width=\"162\" height=\"141\" src=\"https:\/\/a-ir.fr\/wp-content\/uploads\/2021\/08\/Archers-logo2.png\" class=\"attachment-medium size-medium\" alt=\"\" \/>\t\t\t\t\t\t\t\t<\/a>\n\t\t\t\t\t\t\t\t\t\t\t\t\t\t<\/div>\n\t\t\t\t\t\t<\/div>\n\t\t\t\t<\/div>\n\t\t\t\t<div class=\"elementor-element elementor-element-4e3e6fd elementor-widget elementor-widget-eael-adv-accordion\" data-id=\"4e3e6fd\" data-element_type=\"widget\" data-widget_type=\"eael-adv-accordion.default\">\n\t\t\t\t<div class=\"elementor-widget-container\">\n\t\t\t        <div class=\"eael-adv-accordion\" id=\"eael-adv-accordion-4e3e6fd\" data-accordion-id=\"4e3e6fd\" data-accordion-type=\"accordion\" data-toogle-speed=\"300\">\n    <div class=\"eael-accordion-list\">\n                <div id=\"en-savoir-plus\" class=\"elementor-tab-title eael-accordion-header\" tabindex=\"8201\" data-tab=\"1\" role=\"tab\" aria-controls=\"elementor-tab-content-8201\"><span class=\"eael-accordion-tab-title\">En savoir plus<\/span><i aria-hidden=\"true\" class=\"fa-toggle fas fa-arrow-alt-circle-right\"><\/i><\/div><div id=\"elementor-tab-content-8201\" class=\"eael-accordion-content clearfix\" data-tab=\"1\" role=\"tabpanel\" aria-labelledby=\"en-savoir-plus\"><p><p>Fabrice PATRIZIO est sp\u00e9cialis\u00e9 en restructuration, restructuration financi\u00e8re et proc\u00e9dures collectives, tant sur les aspects conseil que contentieux. Il est intervenu au cours de ces derni\u00e8res ann\u00e9es sur de nombreux dossiers de place. Il dispose \u00e9galement d\u2019une solide exp\u00e9rience en mati\u00e8re de fusions &amp; acquisitions, concernant des soci\u00e9t\u00e9s cot\u00e9es et non cot\u00e9es, des soci\u00e9t\u00e9s en difficult\u00e9s, mais aussi des entreprises familiales, fran\u00e7aises ou internationales. Avant de devenir associ\u00e9 du cabinet Archers, Fabrice Patrizio \u00e9tait associ\u00e9 au sein du cabinet Rambaud Martel, devenu Orrick Rambaud Martel. Il avait auparavant exerc\u00e9 pendant deux ans aux Etats-Unis.<\/p><p>Il est r\u00e9f\u00e9renc\u00e9 depuis plusieurs ann\u00e9es comme \u00ab Leading individual \u00bb en restructuration et proc\u00e9dures collectives par Chambers Europe.\u00a0<\/p><\/p><\/div>\n                <\/div><\/div>\t\t<\/div>\n\t\t\t\t<\/div>\n\t\t\t\t\t\t<\/div>\n\t\t\t\t\t<\/div>\n\t\t<\/div>\n\t\t\t\t<div class=\"elementor-column elementor-col-25 elementor-inner-column elementor-element elementor-element-5918808\" data-id=\"5918808\" data-element_type=\"column\" data-settings=\"{&quot;background_background&quot;:&quot;classic&quot;}\">\n\t\t\t<div class=\"elementor-column-wrap elementor-element-populated\">\n\t\t\t\t\t\t\t<div class=\"elementor-widget-wrap\">\n\t\t\t\t\t\t<div class=\"elementor-element elementor-element-3a46202 elementor-widget elementor-widget-image\" data-id=\"3a46202\" data-element_type=\"widget\" data-widget_type=\"image.default\">\n\t\t\t\t<div class=\"elementor-widget-container\">\n\t\t\t\t\t\t\t\t<div class=\"elementor-image\">\n\t\t\t\t\t\t\t\t\t\t\t\t<img loading=\"lazy\" decoding=\"async\" width=\"418\" height=\"418\" src=\"https:\/\/a-ir.fr\/wp-content\/uploads\/2019\/11\/Olivier-Puech3.jpg\" class=\"attachment-full size-full\" alt=\"\" srcset=\"https:\/\/a-ir.fr\/wp-content\/uploads\/2019\/11\/Olivier-Puech3.jpg 418w, https:\/\/a-ir.fr\/wp-content\/uploads\/2019\/11\/Olivier-Puech3-300x300.jpg 300w, https:\/\/a-ir.fr\/wp-content\/uploads\/2019\/11\/Olivier-Puech3-150x150.jpg 150w\" sizes=\"auto, (max-width: 418px) 100vw, 418px\" \/>\t\t\t\t\t\t\t\t\t\t\t\t\t\t<\/div>\n\t\t\t\t\t\t<\/div>\n\t\t\t\t<\/div>\n\t\t\t\t<div class=\"elementor-element elementor-element-6f22961 elementor-widget elementor-widget-heading\" data-id=\"6f22961\" data-element_type=\"widget\" data-widget_type=\"heading.default\">\n\t\t\t\t<div class=\"elementor-widget-container\">\n\t\t\t<h2 class=\"elementor-heading-title elementor-size-default\"><br>Olivier Puech<\/h2>\t\t<\/div>\n\t\t\t\t<\/div>\n\t\t\t\t<div class=\"elementor-element elementor-element-eda3b37 elementor-widget elementor-widget-heading\" data-id=\"eda3b37\" data-element_type=\"widget\" data-widget_type=\"heading.default\">\n\t\t\t\t<div class=\"elementor-widget-container\">\n\t\t\t<h2 class=\"elementor-heading-title elementor-size-default\">Associ\u00e9 - Bredin Prat<\/h2>\t\t<\/div>\n\t\t\t\t<\/div>\n\t\t\t\t<div class=\"elementor-element elementor-element-eab4849 elementor-widget elementor-widget-image\" data-id=\"eab4849\" data-element_type=\"widget\" data-widget_type=\"image.default\">\n\t\t\t\t<div class=\"elementor-widget-container\">\n\t\t\t\t\t\t\t\t<div class=\"elementor-image\">\n\t\t\t\t\t\t\t\t\t\t\t\t\t<a href=\"https:\/\/www.bredinprat.fr\/fr\/\">\n\t\t\t\t\t\t\t<img loading=\"lazy\" decoding=\"async\" width=\"300\" height=\"18\" src=\"https:\/\/a-ir.fr\/wp-content\/uploads\/2019\/10\/Logo_BP-300x18.gif\" class=\"attachment-medium size-medium\" alt=\"\" srcset=\"https:\/\/a-ir.fr\/wp-content\/uploads\/2019\/10\/Logo_BP-300x18.gif 300w, https:\/\/a-ir.fr\/wp-content\/uploads\/2019\/10\/Logo_BP-768x47.gif 768w, https:\/\/a-ir.fr\/wp-content\/uploads\/2019\/10\/Logo_BP-1024x62.gif 1024w\" sizes=\"auto, (max-width: 300px) 100vw, 300px\" \/>\t\t\t\t\t\t\t\t<\/a>\n\t\t\t\t\t\t\t\t\t\t\t\t\t\t<\/div>\n\t\t\t\t\t\t<\/div>\n\t\t\t\t<\/div>\n\t\t\t\t<div class=\"elementor-element elementor-element-71b2c93 elementor-widget elementor-widget-eael-adv-accordion\" data-id=\"71b2c93\" data-element_type=\"widget\" data-widget_type=\"eael-adv-accordion.default\">\n\t\t\t\t<div class=\"elementor-widget-container\">\n\t\t\t        <div class=\"eael-adv-accordion\" id=\"eael-adv-accordion-71b2c93\" data-accordion-id=\"71b2c93\" data-accordion-type=\"accordion\" data-toogle-speed=\"300\">\n    <div class=\"eael-accordion-list\">\n                <div id=\"en-savoir-plus\" class=\"elementor-tab-title eael-accordion-header\" tabindex=\"1191\" data-tab=\"1\" role=\"tab\" aria-controls=\"elementor-tab-content-1191\"><span class=\"eael-accordion-tab-title\">En savoir plus<\/span><i aria-hidden=\"true\" class=\"fa-toggle fas fa-arrow-alt-circle-right\"><\/i><\/div><div id=\"elementor-tab-content-1191\" class=\"eael-accordion-content clearfix\" data-tab=\"1\" role=\"tabpanel\" aria-labelledby=\"en-savoir-plus\"><p><p>Olivier est avocat associ\u00e9 au sein de Bredin Prat.<br \/>Il codirige l\u2019\u00e9quipe sp\u00e9cialis\u00e9e dans le traitement des entreprises en difficult\u00e9. Il intervient tant dans le cadre de proc\u00e9dures amiables (mandats ad\u2019hoc, conciliations) que dans le cadre de proc\u00e9dures collectives judiciaires (sauvegarde, redressement et liquidation judiciaires) et traite \u00e9galement des contentieux relatifs aux entreprises en difficult\u00e9s. Avant de rejoindre Bredin Prat, Olivier Puech animait le d\u00e9partement de droit des entreprises en difficult\u00e9 de Gide Loyrette Nouel dont il \u00e9tait associ\u00e9 depuis 1998. Olivier Puech est membre fondateur de l'Association pour le Retournement des Entreprises (ARE). Inscrit au Barreau de Paris depuis 1987, il est dipl\u00f4m\u00e9 de l'Universit\u00e9 d'Aix-Marseille (DESS de droit des affaires, Dipl\u00f4me de Juriste Conseil d'Entreprise (DJCE), 1985).<\/p><\/p><\/div>\n                <\/div><\/div>\t\t<\/div>\n\t\t\t\t<\/div>\n\t\t\t\t\t\t<\/div>\n\t\t\t\t\t<\/div>\n\t\t<\/div>\n\t\t\t\t<div class=\"elementor-column elementor-col-25 elementor-inner-column elementor-element elementor-element-809d6d4\" data-id=\"809d6d4\" data-element_type=\"column\" data-settings=\"{&quot;background_background&quot;:&quot;classic&quot;}\">\n\t\t\t<div class=\"elementor-column-wrap elementor-element-populated\">\n\t\t\t\t\t\t\t<div class=\"elementor-widget-wrap\">\n\t\t\t\t\t\t<div class=\"elementor-element elementor-element-5b88ff2 elementor-widget elementor-widget-image\" data-id=\"5b88ff2\" data-element_type=\"widget\" data-widget_type=\"image.default\">\n\t\t\t\t<div class=\"elementor-widget-container\">\n\t\t\t\t\t\t\t\t<div class=\"elementor-image\">\n\t\t\t\t\t\t\t\t\t\t\t\t<img loading=\"lazy\" decoding=\"async\" width=\"1440\" height=\"1440\" src=\"https:\/\/a-ir.fr\/wp-content\/uploads\/2019\/11\/spizzichino.jpg\" class=\"attachment-full size-full\" alt=\"\" srcset=\"https:\/\/a-ir.fr\/wp-content\/uploads\/2019\/11\/spizzichino.jpg 1440w, https:\/\/a-ir.fr\/wp-content\/uploads\/2019\/11\/spizzichino-300x300.jpg 300w, https:\/\/a-ir.fr\/wp-content\/uploads\/2019\/11\/spizzichino-1024x1024.jpg 1024w, https:\/\/a-ir.fr\/wp-content\/uploads\/2019\/11\/spizzichino-150x150.jpg 150w, https:\/\/a-ir.fr\/wp-content\/uploads\/2019\/11\/spizzichino-768x768.jpg 768w\" sizes=\"auto, (max-width: 1440px) 100vw, 1440px\" \/>\t\t\t\t\t\t\t\t\t\t\t\t\t\t<\/div>\n\t\t\t\t\t\t<\/div>\n\t\t\t\t<\/div>\n\t\t\t\t<div class=\"elementor-element elementor-element-8ae66ea elementor-widget elementor-widget-heading\" data-id=\"8ae66ea\" data-element_type=\"widget\" data-widget_type=\"heading.default\">\n\t\t\t\t<div class=\"elementor-widget-container\">\n\t\t\t<h2 class=\"elementor-heading-title elementor-size-default\"><br>Lionel Spizzichino<\/h2>\t\t<\/div>\n\t\t\t\t<\/div>\n\t\t\t\t<div class=\"elementor-element elementor-element-dcc66c1 elementor-widget elementor-widget-heading\" data-id=\"dcc66c1\" data-element_type=\"widget\" data-widget_type=\"heading.default\">\n\t\t\t\t<div class=\"elementor-widget-container\">\n\t\t\t<h2 class=\"elementor-heading-title elementor-size-default\">Associ\u00e9 - Wilkie Farr &amp; Gallagher<\/h2>\t\t<\/div>\n\t\t\t\t<\/div>\n\t\t\t\t<div class=\"elementor-element elementor-element-855107a elementor-widget elementor-widget-image\" data-id=\"855107a\" data-element_type=\"widget\" data-widget_type=\"image.default\">\n\t\t\t\t<div class=\"elementor-widget-container\">\n\t\t\t\t\t\t\t\t<div class=\"elementor-image\">\n\t\t\t\t\t\t\t\t\t\t\t\t\t<a href=\"https:\/\/www.willkie.com\/\">\n\t\t\t\t\t\t\t<img loading=\"lazy\" decoding=\"async\" width=\"228\" height=\"173\" src=\"https:\/\/a-ir.fr\/wp-content\/uploads\/2019\/10\/Logo-Neopar-21.png\" class=\"attachment-medium size-medium\" alt=\"\" \/>\t\t\t\t\t\t\t\t<\/a>\n\t\t\t\t\t\t\t\t\t\t\t\t\t\t<\/div>\n\t\t\t\t\t\t<\/div>\n\t\t\t\t<\/div>\n\t\t\t\t<div class=\"elementor-element elementor-element-fb6d494 elementor-widget elementor-widget-eael-adv-accordion\" data-id=\"fb6d494\" data-element_type=\"widget\" data-widget_type=\"eael-adv-accordion.default\">\n\t\t\t\t<div class=\"elementor-widget-container\">\n\t\t\t        <div class=\"eael-adv-accordion\" id=\"eael-adv-accordion-fb6d494\" data-accordion-id=\"fb6d494\" data-accordion-type=\"accordion\" data-toogle-speed=\"300\">\n    <div class=\"eael-accordion-list\">\n                <div id=\"en-savoir-plus\" class=\"elementor-tab-title eael-accordion-header\" tabindex=\"2631\" data-tab=\"1\" role=\"tab\" aria-controls=\"elementor-tab-content-2631\"><span class=\"eael-accordion-tab-title\">En savoir plus<\/span><i aria-hidden=\"true\" class=\"fa-toggle fas fa-arrow-alt-circle-right\"><\/i><\/div><div id=\"elementor-tab-content-2631\" class=\"eael-accordion-content clearfix\" data-tab=\"1\" role=\"tabpanel\" aria-labelledby=\"en-savoir-plus\"><p><p>Lionel est avocat associ\u00e9 au sein de Willkie Farr &amp; Gallagher LLP.<\/p><p>Il est un sp\u00e9cialiste du retournement et de la restructuration d\u2019entreprises en difficult\u00e9 que ce soit dans le cadre de proc\u00e9dures de mandat ad hoc, de conciliation, de sauvegarde ou de redressement judiciaire. Il intervient en tant qu\u2019avocat aux c\u00f4t\u00e9s des entreprises, de leurs dirigeants, de leurs actionnaires ou de repreneurs. Il a \u00e9galement d\u00e9velopp\u00e9 ces derni\u00e8res ann\u00e9es une pratique reconnue aupr\u00e8s de nombreux hedge funds. Lionel enseigne \u00e9galement le droit des entreprises en difficult\u00e9 \u00e0 l\u2019\u00c9cole de Formation professionnelle des Barreaux de la Cour d\u2019Appel de Paris (EFB).<\/p><p>Qualifications\u2009: EM Lyon, LLM Georgetown, \u00e9tudes de droit \u00e0 Paris V.<\/p><\/p><\/div>\n                <\/div><\/div>\t\t<\/div>\n\t\t\t\t<\/div>\n\t\t\t\t\t\t<\/div>\n\t\t\t\t\t<\/div>\n\t\t<\/div>\n\t\t\t\t\t\t\t\t<\/div>\n\t\t\t\t\t<\/div>\n\t\t<\/section>\n\t\t\t\t<section class=\"elementor-section elementor-inner-section elementor-element elementor-element-b245400 elementor-section-boxed elementor-section-height-default elementor-section-height-default\" data-id=\"b245400\" data-element_type=\"section\" data-settings=\"{&quot;background_background&quot;:&quot;classic&quot;}\">\n\t\t\t\t\t\t<div class=\"elementor-container elementor-column-gap-default\">\n\t\t\t\t\t\t\t<div class=\"elementor-row\">\n\t\t\t\t\t<div class=\"elementor-column elementor-col-25 elementor-inner-column elementor-element elementor-element-71599b8\" data-id=\"71599b8\" data-element_type=\"column\" data-settings=\"{&quot;background_background&quot;:&quot;classic&quot;}\">\n\t\t\t<div class=\"elementor-column-wrap\">\n\t\t\t\t\t\t\t<div class=\"elementor-widget-wrap\">\n\t\t\t\t\t\t\t\t<\/div>\n\t\t\t\t\t<\/div>\n\t\t<\/div>\n\t\t\t\t<div class=\"elementor-column elementor-col-25 elementor-inner-column elementor-element elementor-element-ab7decd\" data-id=\"ab7decd\" data-element_type=\"column\" data-settings=\"{&quot;background_background&quot;:&quot;classic&quot;}\">\n\t\t\t<div class=\"elementor-column-wrap\">\n\t\t\t\t\t\t\t<div class=\"elementor-widget-wrap\">\n\t\t\t\t\t\t\t\t<\/div>\n\t\t\t\t\t<\/div>\n\t\t<\/div>\n\t\t\t\t<div class=\"elementor-column elementor-col-25 elementor-inner-column elementor-element elementor-element-a8dbe6e\" data-id=\"a8dbe6e\" data-element_type=\"column\" data-settings=\"{&quot;background_background&quot;:&quot;classic&quot;}\">\n\t\t\t<div class=\"elementor-column-wrap\">\n\t\t\t\t\t\t\t<div class=\"elementor-widget-wrap\">\n\t\t\t\t\t\t\t\t<\/div>\n\t\t\t\t\t<\/div>\n\t\t<\/div>\n\t\t\t\t<div class=\"elementor-column elementor-col-25 elementor-inner-column elementor-element elementor-element-2a6a6e5\" data-id=\"2a6a6e5\" data-element_type=\"column\" data-settings=\"{&quot;background_background&quot;:&quot;classic&quot;}\">\n\t\t\t<div class=\"elementor-column-wrap\">\n\t\t\t\t\t\t\t<div class=\"elementor-widget-wrap\">\n\t\t\t\t\t\t\t\t<\/div>\n\t\t\t\t\t<\/div>\n\t\t<\/div>\n\t\t\t\t\t\t\t\t<\/div>\n\t\t\t\t\t<\/div>\n\t\t<\/section>\n\t\t\t\t<div class=\"elementor-element elementor-element-22db3e8 elementor-widget elementor-widget-spacer\" data-id=\"22db3e8\" data-element_type=\"widget\" data-widget_type=\"spacer.default\">\n\t\t\t\t<div class=\"elementor-widget-container\">\n\t\t\t\t\t<div class=\"elementor-spacer\">\n\t\t\t<div class=\"elementor-spacer-inner\"><\/div>\n\t\t<\/div>\n\t\t\t\t<\/div>\n\t\t\t\t<\/div>\n\t\t\t\t\t\t<\/div>\n\t\t\t\t\t<\/div>\n\t\t<\/div>\n\t\t\t\t\t\t\t\t<\/div>\n\t\t\t\t\t<\/div>\n\t\t<\/section>\n\t\t\t\t<section class=\"elementor-section elementor-top-section elementor-element elementor-element-51e4d2b9 elementor-section-full_width elementor-section-height-default elementor-section-height-default\" data-id=\"51e4d2b9\" data-element_type=\"section\" data-settings=\"{&quot;background_background&quot;:&quot;classic&quot;}\">\n\t\t\t\t\t\t<div class=\"elementor-container elementor-column-gap-default\">\n\t\t\t\t\t\t\t<div class=\"elementor-row\">\n\t\t\t\t\t<div class=\"elementor-column elementor-col-14 elementor-top-column elementor-element elementor-element-4e6f2c05\" data-id=\"4e6f2c05\" data-element_type=\"column\">\n\t\t\t<div class=\"elementor-column-wrap elementor-element-populated\">\n\t\t\t\t\t\t\t<div class=\"elementor-widget-wrap\">\n\t\t\t\t\t\t<div class=\"elementor-element elementor-element-4e9f91d2 elementor-widget elementor-widget-image\" data-id=\"4e9f91d2\" data-element_type=\"widget\" data-widget_type=\"image.default\">\n\t\t\t\t<div class=\"elementor-widget-container\">\n\t\t\t\t\t\t\t\t<div class=\"elementor-image\">\n\t\t\t\t\t\t\t\t\t\t\t\t<img loading=\"lazy\" decoding=\"async\" width=\"800\" height=\"236\" src=\"https:\/\/a-ir.fr\/wp-content\/uploads\/2019\/06\/LOGO-AIR-PNG-e1571231117112.png\" class=\"attachment-large size-large\" alt=\"\" srcset=\"https:\/\/a-ir.fr\/wp-content\/uploads\/2019\/06\/LOGO-AIR-PNG-e1571231117112.png 800w, https:\/\/a-ir.fr\/wp-content\/uploads\/2019\/06\/LOGO-AIR-PNG-e1571231117112-300x89.png 300w, https:\/\/a-ir.fr\/wp-content\/uploads\/2019\/06\/LOGO-AIR-PNG-e1571231117112-768x227.png 768w\" sizes=\"auto, (max-width: 800px) 100vw, 800px\" \/>\t\t\t\t\t\t\t\t\t\t\t\t\t\t<\/div>\n\t\t\t\t\t\t<\/div>\n\t\t\t\t<\/div>\n\t\t\t\t\t\t<\/div>\n\t\t\t\t\t<\/div>\n\t\t<\/div>\n\t\t\t\t<div class=\"elementor-column elementor-col-14 elementor-top-column elementor-element elementor-element-6b5686b1\" data-id=\"6b5686b1\" data-element_type=\"column\">\n\t\t\t<div class=\"elementor-column-wrap elementor-element-populated\">\n\t\t\t\t\t\t\t<div class=\"elementor-widget-wrap\">\n\t\t\t\t\t\t<div class=\"elementor-element elementor-element-64e85f74 elementor-align-center elementor-widget elementor-widget-button\" data-id=\"64e85f74\" data-element_type=\"widget\" data-widget_type=\"button.default\">\n\t\t\t\t<div class=\"elementor-widget-container\">\n\t\t\t\t\t<div class=\"elementor-button-wrapper\">\n\t\t\t<a href=\"http:\/\/a-ir.fr\/\" class=\"elementor-button-link elementor-button elementor-size-sm\" role=\"button\">\n\t\t\t\t\t\t<span class=\"elementor-button-content-wrapper\">\n\t\t\t\t\t\t<span class=\"elementor-button-text\">Accueil<\/span>\n\t\t<\/span>\n\t\t\t\t\t<\/a>\n\t\t<\/div>\n\t\t\t\t<\/div>\n\t\t\t\t<\/div>\n\t\t\t\t\t\t<\/div>\n\t\t\t\t\t<\/div>\n\t\t<\/div>\n\t\t\t\t<div class=\"elementor-column elementor-col-14 elementor-top-column elementor-element elementor-element-491d2363\" data-id=\"491d2363\" data-element_type=\"column\">\n\t\t\t<div class=\"elementor-column-wrap elementor-element-populated\">\n\t\t\t\t\t\t\t<div class=\"elementor-widget-wrap\">\n\t\t\t\t\t\t<div class=\"elementor-element elementor-element-15919dbc elementor-align-center elementor-widget elementor-widget-button\" data-id=\"15919dbc\" data-element_type=\"widget\" data-widget_type=\"button.default\">\n\t\t\t\t<div class=\"elementor-widget-container\">\n\t\t\t\t\t<div class=\"elementor-button-wrapper\">\n\t\t\t<a href=\"http:\/\/a-ir.fr\/index.php\/la-charte\/\" class=\"elementor-button-link elementor-button elementor-size-sm\" role=\"button\">\n\t\t\t\t\t\t<span class=\"elementor-button-content-wrapper\">\n\t\t\t\t\t\t<span class=\"elementor-button-text\">La Charte<\/span>\n\t\t<\/span>\n\t\t\t\t\t<\/a>\n\t\t<\/div>\n\t\t\t\t<\/div>\n\t\t\t\t<\/div>\n\t\t\t\t\t\t<\/div>\n\t\t\t\t\t<\/div>\n\t\t<\/div>\n\t\t\t\t<div class=\"elementor-column elementor-col-14 elementor-top-column elementor-element elementor-element-5488a229\" data-id=\"5488a229\" data-element_type=\"column\">\n\t\t\t<div class=\"elementor-column-wrap elementor-element-populated\">\n\t\t\t\t\t\t\t<div class=\"elementor-widget-wrap\">\n\t\t\t\t\t\t<div class=\"elementor-element elementor-element-5ccc8764 elementor-align-center elementor-widget elementor-widget-button\" data-id=\"5ccc8764\" data-element_type=\"widget\" data-widget_type=\"button.default\">\n\t\t\t\t<div class=\"elementor-widget-container\">\n\t\t\t\t\t<div class=\"elementor-button-wrapper\">\n\t\t\t<a href=\"http:\/\/a-ir.fr\/index.php\/marche-du-retournement\/\" class=\"elementor-button-link elementor-button elementor-size-sm\" role=\"button\">\n\t\t\t\t\t\t<span class=\"elementor-button-content-wrapper\">\n\t\t\t\t\t\t<span class=\"elementor-button-text\">Le march\u00e9 du retournement<\/span>\n\t\t<\/span>\n\t\t\t\t\t<\/a>\n\t\t<\/div>\n\t\t\t\t<\/div>\n\t\t\t\t<\/div>\n\t\t\t\t\t\t<\/div>\n\t\t\t\t\t<\/div>\n\t\t<\/div>\n\t\t\t\t<div class=\"elementor-column elementor-col-14 elementor-top-column elementor-element elementor-element-17a75bb7\" data-id=\"17a75bb7\" data-element_type=\"column\">\n\t\t\t<div class=\"elementor-column-wrap elementor-element-populated\">\n\t\t\t\t\t\t\t<div class=\"elementor-widget-wrap\">\n\t\t\t\t\t\t<div class=\"elementor-element elementor-element-86a7138 elementor-align-center elementor-widget elementor-widget-button\" data-id=\"86a7138\" data-element_type=\"widget\" data-widget_type=\"button.default\">\n\t\t\t\t<div class=\"elementor-widget-container\">\n\t\t\t\t\t<div class=\"elementor-button-wrapper\">\n\t\t\t<a href=\"http:\/\/a-ir.fr\/index.php\/lobservatoire-du-carve-out-2\/\" class=\"elementor-button-link elementor-button elementor-size-sm\" role=\"button\">\n\t\t\t\t\t\t<span class=\"elementor-button-content-wrapper\">\n\t\t\t\t\t\t<span class=\"elementor-button-text\">L'observatoire du carve-out<\/span>\n\t\t<\/span>\n\t\t\t\t\t<\/a>\n\t\t<\/div>\n\t\t\t\t<\/div>\n\t\t\t\t<\/div>\n\t\t\t\t\t\t<\/div>\n\t\t\t\t\t<\/div>\n\t\t<\/div>\n\t\t\t\t<div class=\"elementor-column elementor-col-14 elementor-top-column elementor-element elementor-element-50504a52\" data-id=\"50504a52\" data-element_type=\"column\">\n\t\t\t<div class=\"elementor-column-wrap elementor-element-populated\">\n\t\t\t\t\t\t\t<div class=\"elementor-widget-wrap\">\n\t\t\t\t\t\t<div class=\"elementor-element elementor-element-360e7b7c elementor-align-center elementor-widget elementor-widget-button\" data-id=\"360e7b7c\" data-element_type=\"widget\" data-widget_type=\"button.default\">\n\t\t\t\t<div class=\"elementor-widget-container\">\n\t\t\t\t\t<div class=\"elementor-button-wrapper\">\n\t\t\t<a href=\"http:\/\/a-ir.fr\/index.php\/sommetdesdirigeants\/\" class=\"elementor-button-link elementor-button elementor-size-sm\" role=\"button\">\n\t\t\t\t\t\t<span class=\"elementor-button-content-wrapper\">\n\t\t\t\t\t\t<span class=\"elementor-button-text\"><span style=\"text-decoration-style: initial; text-decoration-color: initial;\">Le sommet Restructuration et Transformation<\/span><span style=\"text-decoration-style: initial; text-decoration-color: initial;\"><\/span><\/span>\n\t\t<\/span>\n\t\t\t\t\t<\/a>\n\t\t<\/div>\n\t\t\t\t<\/div>\n\t\t\t\t<\/div>\n\t\t\t\t\t\t<\/div>\n\t\t\t\t\t<\/div>\n\t\t<\/div>\n\t\t\t\t<div class=\"elementor-column elementor-col-14 elementor-top-column elementor-element elementor-element-3ae6e2e2\" data-id=\"3ae6e2e2\" data-element_type=\"column\">\n\t\t\t<div class=\"elementor-column-wrap elementor-element-populated\">\n\t\t\t\t\t\t\t<div class=\"elementor-widget-wrap\">\n\t\t\t\t\t\t<div class=\"elementor-element elementor-element-69bc3858 elementor-align-center elementor-widget elementor-widget-button\" data-id=\"69bc3858\" data-element_type=\"widget\" data-widget_type=\"button.default\">\n\t\t\t\t<div class=\"elementor-widget-container\">\n\t\t\t\t\t<div class=\"elementor-button-wrapper\">\n\t\t\t<a href=\"http:\/\/a-ir.fr\/index.php\/lannuaire\/\" class=\"elementor-button-link elementor-button elementor-size-sm\" role=\"button\">\n\t\t\t\t\t\t<span class=\"elementor-button-content-wrapper\">\n\t\t\t\t\t\t<span class=\"elementor-button-text\">L'annuaire<\/span>\n\t\t<\/span>\n\t\t\t\t\t<\/a>\n\t\t<\/div>\n\t\t\t\t<\/div>\n\t\t\t\t<\/div>\n\t\t\t\t\t\t<\/div>\n\t\t\t\t\t<\/div>\n\t\t<\/div>\n\t\t\t\t\t\t\t\t<\/div>\n\t\t\t\t\t<\/div>\n\t\t<\/section>\n\t\t\t\t<section class=\"elementor-section elementor-top-section elementor-element elementor-element-396ca0d elementor-section-full_width elementor-section-height-default elementor-section-height-default\" data-id=\"396ca0d\" data-element_type=\"section\" data-settings=\"{&quot;background_background&quot;:&quot;classic&quot;}\">\n\t\t\t\t\t\t<div class=\"elementor-container elementor-column-gap-default\">\n\t\t\t\t\t\t\t<div class=\"elementor-row\">\n\t\t\t\t\t<div class=\"elementor-column elementor-col-100 elementor-top-column elementor-element elementor-element-20c24122\" data-id=\"20c24122\" data-element_type=\"column\">\n\t\t\t<div class=\"elementor-column-wrap elementor-element-populated\">\n\t\t\t\t\t\t\t<div class=\"elementor-widget-wrap\">\n\t\t\t\t\t\t<div class=\"elementor-element elementor-element-3085de07 elementor-widget elementor-widget-text-editor\" data-id=\"3085de07\" data-element_type=\"widget\" data-widget_type=\"text-editor.default\">\n\t\t\t\t<div class=\"elementor-widget-container\">\n\t\t\t\t\t\t\t\t<div class=\"elementor-text-editor elementor-clearfix\">\n\t\t\t\t<p>\u00a9 2022 Association des Investisseurs en Retournement | <a href=\"http:\/\/a-ir.fr\/index.php\/mentions-legales\/\">Mentions L\u00e9gales<\/a> | <a href=\"http:\/\/a-ir.fr\/index.php\/politique-de-confidentialite\/\">Politique de confidentialit\u00e9<\/a><\/p>\t\t\t\t\t<\/div>\n\t\t\t\t\t\t<\/div>\n\t\t\t\t<\/div>\n\t\t\t\t\t\t<\/div>\n\t\t\t\t\t<\/div>\n\t\t<\/div>\n\t\t\t\t\t\t\t\t<\/div>\n\t\t\t\t\t<\/div>\n\t\t<\/section>\n\t\t\t\t\t\t\t\t\t<\/div>\n\t\t\t<\/div>\n\t\t\t\t\t<\/div>\n\t\t","protected":false},"excerpt":{"rendered":"<p>Accueil La Charte Le march\u00e9 du retournement L&rsquo;observatoire du carve-out Le sommet Restructuration et Transformation L&rsquo;annuaire L&rsquo;ANNUAIRE DECOUVRIR LES MEMBRES Membres L\u2019AIR a constitu\u00e9 un cercle d\u2019\u00e9change et de partage d\u2019exp\u00e9riences regroupant des investisseurs \u00ab membres \u00bb. Ces membres sont tous des dirigeants ou des d\u00e9cideurs exp\u00e9riment\u00e9s \u00e0 la t\u00eate de v\u00e9hicules d\u2019investissement dans des [&hellip;]<\/p>\n","protected":false},"author":1,"featured_media":0,"parent":0,"menu_order":0,"comment_status":"closed","ping_status":"closed","template":"","meta":{"footnotes":""},"class_list":["post-448","page","type-page","status-publish","hentry"],"yoast_head":"<!-- This site is optimized with the Yoast SEO plugin v19.8 - https:\/\/yoast.com\/wordpress\/plugins\/seo\/ -->\n<title>L&#039;annuaire - AIR<\/title>\n<meta name=\"description\" content=\"Consultez la liste des membres de l\u2019association des investisseurs en retournement et du cercle du retournement.\" \/>\n<meta name=\"robots\" content=\"index, follow, max-snippet:-1, max-image-preview:large, max-video-preview:-1\" \/>\n<link rel=\"canonical\" href=\"http:\/\/a-ir.fr\/index.php\/lannuaire\/\" \/>\n<meta property=\"og:locale\" content=\"fr_FR\" \/>\n<meta property=\"og:type\" content=\"article\" \/>\n<meta property=\"og:title\" content=\"L&#039;annuaire - AIR\" \/>\n<meta property=\"og:description\" content=\"Consultez la liste des membres de l\u2019association des investisseurs en retournement et du cercle du retournement.\" \/>\n<meta property=\"og:url\" content=\"http:\/\/a-ir.fr\/index.php\/lannuaire\/\" \/>\n<meta property=\"og:site_name\" content=\"AIR\" \/>\n<meta property=\"article:modified_time\" content=\"2025-01-20T16:32:58+00:00\" \/>\n<meta property=\"og:image\" content=\"http:\/\/a-ir.fr\/wp-content\/uploads\/2019\/06\/LOGO-AIR-PNG-e1571231117112.png\" \/>\n<meta name=\"twitter:card\" content=\"summary_large_image\" \/>\n<meta name=\"twitter:label1\" content=\"Dur\u00e9e de lecture estim\u00e9e\" \/>\n\t<meta name=\"twitter:data1\" content=\"39 minutes\" \/>\n<script type=\"application\/ld+json\" class=\"yoast-schema-graph\">{\"@context\":\"https:\/\/schema.org\",\"@graph\":[{\"@type\":\"WebPage\",\"@id\":\"http:\/\/a-ir.fr\/index.php\/lannuaire\/\",\"url\":\"http:\/\/a-ir.fr\/index.php\/lannuaire\/\",\"name\":\"L'annuaire - AIR\",\"isPartOf\":{\"@id\":\"http:\/\/a-ir.fr\/#website\"},\"datePublished\":\"2019-10-11T08:27:14+00:00\",\"dateModified\":\"2025-01-20T16:32:58+00:00\",\"description\":\"Consultez la liste des membres de l\u2019association des investisseurs en retournement et du cercle du retournement.\",\"breadcrumb\":{\"@id\":\"http:\/\/a-ir.fr\/index.php\/lannuaire\/#breadcrumb\"},\"inLanguage\":\"fr-FR\",\"potentialAction\":[{\"@type\":\"ReadAction\",\"target\":[\"http:\/\/a-ir.fr\/index.php\/lannuaire\/\"]}]},{\"@type\":\"BreadcrumbList\",\"@id\":\"http:\/\/a-ir.fr\/index.php\/lannuaire\/#breadcrumb\",\"itemListElement\":[{\"@type\":\"ListItem\",\"position\":1,\"name\":\"Accueil\",\"item\":\"http:\/\/a-ir.fr\/\"},{\"@type\":\"ListItem\",\"position\":2,\"name\":\"L&rsquo;annuaire\"}]},{\"@type\":\"WebSite\",\"@id\":\"http:\/\/a-ir.fr\/#website\",\"url\":\"http:\/\/a-ir.fr\/\",\"name\":\"AIR\",\"description\":\"\",\"potentialAction\":[{\"@type\":\"SearchAction\",\"target\":{\"@type\":\"EntryPoint\",\"urlTemplate\":\"http:\/\/a-ir.fr\/?s={search_term_string}\"},\"query-input\":\"required name=search_term_string\"}],\"inLanguage\":\"fr-FR\"}]}<\/script>\n<!-- \/ Yoast SEO plugin. -->","yoast_head_json":{"title":"L'annuaire - AIR","description":"Consultez la liste des membres de l\u2019association des investisseurs en retournement et du cercle du retournement.","robots":{"index":"index","follow":"follow","max-snippet":"max-snippet:-1","max-image-preview":"max-image-preview:large","max-video-preview":"max-video-preview:-1"},"canonical":"http:\/\/a-ir.fr\/index.php\/lannuaire\/","og_locale":"fr_FR","og_type":"article","og_title":"L'annuaire - AIR","og_description":"Consultez la liste des membres de l\u2019association des investisseurs en retournement et du cercle du retournement.","og_url":"http:\/\/a-ir.fr\/index.php\/lannuaire\/","og_site_name":"AIR","article_modified_time":"2025-01-20T16:32:58+00:00","og_image":[{"url":"http:\/\/a-ir.fr\/wp-content\/uploads\/2019\/06\/LOGO-AIR-PNG-e1571231117112.png"}],"twitter_card":"summary_large_image","twitter_misc":{"Dur\u00e9e de lecture estim\u00e9e":"39 minutes"},"schema":{"@context":"https:\/\/schema.org","@graph":[{"@type":"WebPage","@id":"http:\/\/a-ir.fr\/index.php\/lannuaire\/","url":"http:\/\/a-ir.fr\/index.php\/lannuaire\/","name":"L'annuaire - AIR","isPartOf":{"@id":"http:\/\/a-ir.fr\/#website"},"datePublished":"2019-10-11T08:27:14+00:00","dateModified":"2025-01-20T16:32:58+00:00","description":"Consultez la liste des membres de l\u2019association des investisseurs en retournement et du cercle du retournement.","breadcrumb":{"@id":"http:\/\/a-ir.fr\/index.php\/lannuaire\/#breadcrumb"},"inLanguage":"fr-FR","potentialAction":[{"@type":"ReadAction","target":["http:\/\/a-ir.fr\/index.php\/lannuaire\/"]}]},{"@type":"BreadcrumbList","@id":"http:\/\/a-ir.fr\/index.php\/lannuaire\/#breadcrumb","itemListElement":[{"@type":"ListItem","position":1,"name":"Accueil","item":"http:\/\/a-ir.fr\/"},{"@type":"ListItem","position":2,"name":"L&rsquo;annuaire"}]},{"@type":"WebSite","@id":"http:\/\/a-ir.fr\/#website","url":"http:\/\/a-ir.fr\/","name":"AIR","description":"","potentialAction":[{"@type":"SearchAction","target":{"@type":"EntryPoint","urlTemplate":"http:\/\/a-ir.fr\/?s={search_term_string}"},"query-input":"required name=search_term_string"}],"inLanguage":"fr-FR"}]}},"_links":{"self":[{"href":"https:\/\/a-ir.fr\/index.php\/wp-json\/wp\/v2\/pages\/448","targetHints":{"allow":["GET"]}}],"collection":[{"href":"https:\/\/a-ir.fr\/index.php\/wp-json\/wp\/v2\/pages"}],"about":[{"href":"https:\/\/a-ir.fr\/index.php\/wp-json\/wp\/v2\/types\/page"}],"author":[{"embeddable":true,"href":"https:\/\/a-ir.fr\/index.php\/wp-json\/wp\/v2\/users\/1"}],"replies":[{"embeddable":true,"href":"https:\/\/a-ir.fr\/index.php\/wp-json\/wp\/v2\/comments?post=448"}],"version-history":[{"count":350,"href":"https:\/\/a-ir.fr\/index.php\/wp-json\/wp\/v2\/pages\/448\/revisions"}],"predecessor-version":[{"id":1989,"href":"https:\/\/a-ir.fr\/index.php\/wp-json\/wp\/v2\/pages\/448\/revisions\/1989"}],"wp:attachment":[{"href":"https:\/\/a-ir.fr\/index.php\/wp-json\/wp\/v2\/media?parent=448"}],"curies":[{"name":"wp","href":"https:\/\/api.w.org\/{rel}","templated":true}]}}